{"id":8,"date":"2020-08-15T02:53:18","date_gmt":"2020-08-15T02:53:18","guid":{"rendered":"https:\/\/special-buys-online.com\/news\/?page_id=8"},"modified":"2025-09-21T20:25:30","modified_gmt":"2025-09-21T10:55:30","slug":"news","status":"publish","type":"page","link":"https:\/\/mgreif.com\/news\/","title":{"rendered":"News"},"content":{"rendered":"<div class=\"feedzy-loop-columns-2 wp-block-feedzy-rss-feeds-loop\">\n\n<div class=\"wp-block-group\" style=\"margin-top:var(--wp--preset--spacing--30);margin-bottom:var(--wp--preset--spacing--30);padding-top:var(--wp--preset--spacing--30);padding-right:var(--wp--preset--spacing--30);padding-bottom:var(--wp--preset--spacing--30);padding-left:var(--wp--preset--spacing--30)\"><div class=\"wp-block-group__inner-container is-layout-constrained wp-container-core-group-is-layout-40cadcaa wp-block-group-is-layout-constrained\">\n<figure class=\"wp-block-image\"><a target=\"_blank\" href=\"https:\/\/www.t-online.de\/nachrichten\/ukraine\/id_101230114\/ukraine-krieg-aktuell-deutscher-botschafter-in-russland-einbestellt.html\"><img decoding=\"async\" src=\"https:\/\/images.t-online.de\/2026\/04\/oAeiRtnoO6tB\/0x396:3999x2249\/fit-in\/1200x0\/alexander-graf-lambsdorff-archivbild-seit-2023-ist-er-botschafter-der-bundesrepublik-deutschland-in-der-russischen-foederation.jpg\" alt=\"Ukraine-Krieg aktuell: Deutscher Botschafter in Russland einbestellt\"\/><\/a><\/figure>\n\n\n\n<p><strong><a target=\"_blank\"  href=\"https:\/\/www.t-online.de\/nachrichten\/ukraine\/id_101230114\/ukraine-krieg-aktuell-deutscher-botschafter-in-russland-einbestellt.html\">Ukraine-Krieg aktuell: Deutscher Botschafter in Russland einbestellt<\/a><\/strong><\/p>\n\n\n\n<p class=\"has-medium-font-size\">27.04.2026 at 19:04<\/p>\n\n\n\n<p class=\"has-small-font-size\">Botschafter Lambsdorff muss ins russische Au\u00dfenministerium. Im Bedrohungsfall m\u00fcssen Nato-Streitkr\u00e4fte durch Deutschland an die Ostflanke gelangen. Alle Entwicklungen im Newsblog.<\/p>\n<\/div><\/div>\n\n\n\n<div class=\"wp-block-group\" style=\"margin-top:var(--wp--preset--spacing--30);margin-bottom:var(--wp--preset--spacing--30);padding-top:var(--wp--preset--spacing--30);padding-right:var(--wp--preset--spacing--30);padding-bottom:var(--wp--preset--spacing--30);padding-left:var(--wp--preset--spacing--30)\"><div class=\"wp-block-group__inner-container is-layout-constrained wp-container-core-group-is-layout-40cadcaa wp-block-group-is-layout-constrained\">\n<figure class=\"wp-block-image\"><a target=\"_blank\" href=\"https:\/\/www.t-online.de\/nachrichten\/ausland\/internationale-politik\/id_101230342\/krieg-in-der-ukraine-flugzeug-soll-bald-ukrainische-abfangdrohnen-starten.html\"><img decoding=\"async\" src=\"https:\/\/images.t-online.de\/2026\/04\/DjcbJt6c52ka\/786x556:2843x1599\/fit-in\/1200x0\/eine-ukrainische-abfangdrohne-die-kleinen-drohnen-machen-die-luftverteidigung-kosteneffizient.jpg\" alt=\"Krieg in der Ukraine: Flugzeug soll bald ukrainische Abfangdrohnen starten\"\/><\/a><\/figure>\n\n\n\n<p><strong><a target=\"_blank\"  href=\"https:\/\/www.t-online.de\/nachrichten\/ausland\/internationale-politik\/id_101230342\/krieg-in-der-ukraine-flugzeug-soll-bald-ukrainische-abfangdrohnen-starten.html\">Krieg in der Ukraine: Flugzeug soll bald ukrainische Abfangdrohnen starten<\/a><\/strong><\/p>\n\n\n\n<p class=\"has-medium-font-size\">27.04.2026 at 18:35<\/p>\n\n\n\n<p class=\"has-small-font-size\">Die ukrainische Armee kann ihre Abfangdrohnen nun auch aus der Luft starten. Damit k\u00f6nnten sie noch effektiver gegen russische Geran-Drohnen sein.<\/p>\n<\/div><\/div>\n\n\n\n<div class=\"wp-block-group\" style=\"margin-top:var(--wp--preset--spacing--30);margin-bottom:var(--wp--preset--spacing--30);padding-top:var(--wp--preset--spacing--30);padding-right:var(--wp--preset--spacing--30);padding-bottom:var(--wp--preset--spacing--30);padding-left:var(--wp--preset--spacing--30)\"><div class=\"wp-block-group__inner-container is-layout-constrained wp-container-core-group-is-layout-40cadcaa wp-block-group-is-layout-constrained\">\n<figure class=\"wp-block-image\"><a target=\"_blank\" href=\"https:\/\/www.t-online.de\/nachrichten\/ausland\/usa\/id_101230070\/usa-trumps-gold-stammt-wohl-von-suedamerikanischen-drogenhaendlern.html\"><img decoding=\"async\" src=\"https:\/\/images.t-online.de\/2026\/04\/15oZYDfajzPV\/0x125:4000x2250\/fit-in\/1200x0\/april-23-2026-washington-district-of-columbia-usa-united-states-president-donald-trump-speaks-to-the-media-in-the-oval-office-of-the-white-house-in-washington-dc-usa-23-april-2026-president-trump-met-with-lebanese-and-israeli-envoys-at-the-white-house-for-a-new-round-of-peace-talks-washington-usa-publicationxinxgerxsuixautxonly-zumas152-20260423-faa-s152-080-copyright-xwillxoliverx-xpoolxviaxcnpx.jpg\" alt=\"USA: Trumps Gold stammt wohl von s\u00fcdamerikanischen Drogenh\u00e4ndlern\"\/><\/a><\/figure>\n\n\n\n<p><strong><a target=\"_blank\"  href=\"https:\/\/www.t-online.de\/nachrichten\/ausland\/usa\/id_101230070\/usa-trumps-gold-stammt-wohl-von-suedamerikanischen-drogenhaendlern.html\">USA: Trumps Gold stammt wohl von s\u00fcdamerikanischen Drogenh\u00e4ndlern<\/a><\/strong><\/p>\n\n\n\n<p class=\"has-medium-font-size\">27.04.2026 at 18:29<\/p>\n\n\n\n<p class=\"has-small-font-size\">Eine Recherche bringt die USA in Erkl\u00e4rungsnot: Teile des US-Goldes stammen wohl aus s\u00fcdamerikanischen Drogenhochburgen, gegen die Trump erbittert k\u00e4mpft. Das ist dar\u00fcber bekannt.<\/p>\n<\/div><\/div>\n\n\n\n<div class=\"wp-block-group\" style=\"margin-top:var(--wp--preset--spacing--30);margin-bottom:var(--wp--preset--spacing--30);padding-top:var(--wp--preset--spacing--30);padding-right:var(--wp--preset--spacing--30);padding-bottom:var(--wp--preset--spacing--30);padding-left:var(--wp--preset--spacing--30)\"><div class=\"wp-block-group__inner-container is-layout-constrained wp-container-core-group-is-layout-40cadcaa wp-block-group-is-layout-constrained\">\n<figure class=\"wp-block-image\"><a target=\"_blank\" href=\"https:\/\/www.t-online.de\/nachrichten\/ausland\/usa\/id_101225032\/usa-news-us-militaer-toetet-mutmassliche-drogenschmuggler-im-pazifik.html\"><img decoding=\"async\" src=\"https:\/\/images.t-online.de\/2025\/11\/MPNrLbCip3B1\/0x0:596x335\/fit-in\/1200x0\/standbild-aus-einem-von-der-us-armee-veroeffentlichten-video-das-den-angriff-am-samstag-dokumentieren-soll.jpg\" alt=\"USA-News: US-Milit\u00e4r t\u00f6tet mutma\u00dfliche Drogenschmuggler im Pazifik\"\/><\/a><\/figure>\n\n\n\n<p><strong><a target=\"_blank\"  href=\"https:\/\/www.t-online.de\/nachrichten\/ausland\/usa\/id_101225032\/usa-news-us-militaer-toetet-mutmassliche-drogenschmuggler-im-pazifik.html\">USA-News: US-Milit\u00e4r t\u00f6tet mutma\u00dfliche Drogenschmuggler im Pazifik<\/a><\/strong><\/p>\n\n\n\n<p class=\"has-medium-font-size\">27.04.2026 at 18:24<\/p>\n\n\n\n<p class=\"has-small-font-size\">Der US-Pr\u00e4sident bezeichnet den Sch\u00fctzen von Washington als &#8220;verr\u00fcckten Typen&#8221;. Trump l\u00e4sst das Wasserbecken am Lincoln-Denkmal auskleiden. Alle Entwicklungen im Newsblog.<\/p>\n<\/div><\/div>\n\n\n\n<div class=\"wp-block-group\" style=\"margin-top:var(--wp--preset--spacing--30);margin-bottom:var(--wp--preset--spacing--30);padding-top:var(--wp--preset--spacing--30);padding-right:var(--wp--preset--spacing--30);padding-bottom:var(--wp--preset--spacing--30);padding-left:var(--wp--preset--spacing--30)\"><div class=\"wp-block-group__inner-container is-layout-constrained wp-container-core-group-is-layout-40cadcaa wp-block-group-is-layout-constrained\">\n<figure class=\"wp-block-image\"><a target=\"_blank\" href=\"https:\/\/www.t-online.de\/nachrichten\/deutschland\/aussenpolitik\/id_101230230\/schuesse-beim-gala-dinner-trump-schildert-verhalten-waehrend-evakuierung.html\"><img decoding=\"async\" src=\"https:\/\/images.t-online.de\/2026\/04\/ZuwodKOduoYI\/0x64:2175x1223\/fit-in\/1200x0\/image.jpg\" alt=\"Sch\u00fcsse beim Gala-Dinner: Trump schildert Verhalten w\u00e4hrend Evakuierung\"\/><\/a><\/figure>\n\n\n\n<p><strong><a target=\"_blank\"  href=\"https:\/\/www.t-online.de\/nachrichten\/deutschland\/aussenpolitik\/id_101230230\/schuesse-beim-gala-dinner-trump-schildert-verhalten-waehrend-evakuierung.html\">Sch\u00fcsse beim Gala-Dinner: Trump schildert Verhalten w\u00e4hrend Evakuierung<\/a><\/strong><\/p>\n\n\n\n<p class=\"has-medium-font-size\">27.04.2026 at 18:24<\/p>\n\n\n\n<p class=\"has-small-font-size\">Trump berichtet \u00fcber sein Verhalten w\u00e4hrend der Sch\u00fcsse beim Gala-Dinner. Der Inhalt des mutma\u00dflichen Bekennerschreibens ist ihm sichtlich unangenehm.<\/p>\n<\/div><\/div>\n\n\n\n<div class=\"wp-block-group\" style=\"margin-top:var(--wp--preset--spacing--30);margin-bottom:var(--wp--preset--spacing--30);padding-top:var(--wp--preset--spacing--30);padding-right:var(--wp--preset--spacing--30);padding-bottom:var(--wp--preset--spacing--30);padding-left:var(--wp--preset--spacing--30)\"><div class=\"wp-block-group__inner-container is-layout-constrained wp-container-core-group-is-layout-40cadcaa wp-block-group-is-layout-constrained\">\n<figure class=\"wp-block-image\"><a target=\"_blank\" href=\"https:\/\/www.t-online.de\/nachrichten\/ausland\/krisen\/id_101228740\/iran-krieg-aktuell-israel-schickte-iron-dome-in-die-arabischen-emirate.html\"><img decoding=\"async\" src=\"https:\/\/images.t-online.de\/2025\/03\/FJsP0qgAsGpc\/0x57:2048x1152\/fit-in\/1200x0\/das-iron-dome-raketenabwehrsystem-feuert-eine-abfangrakete-ab.jpg\" alt=\"Iran-Krieg aktuell: Israel schickte Iron Dome in die Arabischen Emirate\"\/><\/a><\/figure>\n\n\n\n<p><strong><a target=\"_blank\"  href=\"https:\/\/www.t-online.de\/nachrichten\/ausland\/krisen\/id_101228740\/iran-krieg-aktuell-israel-schickte-iron-dome-in-die-arabischen-emirate.html\">Iran-Krieg aktuell: Israel schickte Iron Dome in die Arabischen Emirate<\/a><\/strong><\/p>\n\n\n\n<p class=\"has-medium-font-size\">27.04.2026 at 17:57<\/p>\n\n\n\n<p class=\"has-small-font-size\">Israel wagt eine Premiere. Irans Au\u00dfenminister ist \u00fcberraschend wieder in Pakistan eingetroffen. Alle Entwicklungen im Newsblog.<\/p>\n<\/div><\/div>\n\n\n\n<div class=\"wp-block-group\" style=\"margin-top:var(--wp--preset--spacing--30);margin-bottom:var(--wp--preset--spacing--30);padding-top:var(--wp--preset--spacing--30);padding-right:var(--wp--preset--spacing--30);padding-bottom:var(--wp--preset--spacing--30);padding-left:var(--wp--preset--spacing--30)\"><div class=\"wp-block-group__inner-container is-layout-constrained wp-container-core-group-is-layout-40cadcaa wp-block-group-is-layout-constrained\">\n<figure class=\"wp-block-image\"><a target=\"_blank\" href=\"https:\/\/www.t-online.de\/nachrichten\/deutschland\/innenpolitik\/id_101229904\/-caren-miosga-claudia-major-fordert-starke-ruestungsindustrie.html\"><img decoding=\"async\" src=\"https:\/\/images.t-online.de\/2026\/04\/QH9WdmvI1zT6\/0x157:3008x1692\/fit-in\/1200x0\/im-bild-v-l-claudia-major-vizepraesidentin-fuer-transatlantische-sicherheitsinitiativen-german-marshall-fund-ger-berlin-studio-zu-gast-bei-caren-miosga-polittalk-tv-format-mit-moderatorin-das-erste-aus-adlershof-am-studio-20-thema-usa-gegen-iran-nicht-unser-krieg-aber-unser-problem-26-042026-in-the-picture-from-l-claudia-major-vice-president-for-transatlantic-security-initiatives-german-marshall-fund-ger-berlin-studio-guest-of-caren-miosga-polittalk-tv-format-with-presente.jpg\" alt=\"\"Caren Miosga\": Claudia Major fordert starke R\u00fcstungsindustrie\"\/><\/a><\/figure>\n\n\n\n<p><strong><a target=\"_blank\"  href=\"https:\/\/www.t-online.de\/nachrichten\/deutschland\/innenpolitik\/id_101229904\/-caren-miosga-claudia-major-fordert-starke-ruestungsindustrie.html\">&#8220;Caren Miosga&#8221;: Claudia Major fordert starke R\u00fcstungsindustrie<\/a><\/strong><\/p>\n\n\n\n<p class=\"has-medium-font-size\">27.04.2026 at 16:24<\/p>\n\n\n\n<p class=\"has-small-font-size\">Mehr R\u00fcstung oder weniger Verschwendung? Bei &#8220;Caren Miosga&#8221; wurde dar\u00fcber diskutiert, welche Konsequenzen Deutschland und Europa aus dem Iran-Krieg ziehen m\u00fcssen.<\/p>\n<\/div><\/div>\n\n\n\n<div class=\"wp-block-group\" style=\"margin-top:var(--wp--preset--spacing--30);margin-bottom:var(--wp--preset--spacing--30);padding-top:var(--wp--preset--spacing--30);padding-right:var(--wp--preset--spacing--30);padding-bottom:var(--wp--preset--spacing--30);padding-left:var(--wp--preset--spacing--30)\"><div class=\"wp-block-group__inner-container is-layout-constrained wp-container-core-group-is-layout-40cadcaa wp-block-group-is-layout-constrained\">\n<figure class=\"wp-block-image\"><a target=\"_blank\" href=\"https:\/\/www.t-online.de\/nachrichten\/ausland\/internationale-politik\/id_101230146\/ungarn-orbans-verbuendete-schaffen-vermoegen-ins-ausland.html\"><img decoding=\"async\" src=\"https:\/\/images.t-online.de\/2026\/04\/BbYSa886-tv3\/30x46:1858x1045\/fit-in\/1200x0\/viktor-orban-ungarns-abgewaehlter-ministerpraesident-mehrere-oligarchen-sollen-ihr-geld-aus-ungarn-geschafft-haben.jpg\" alt=\"Ungarn: Orb\u00e1ns Verb\u00fcndete schaffen Verm\u00f6gen ins Ausland\"\/><\/a><\/figure>\n\n\n\n<p><strong><a target=\"_blank\"  href=\"https:\/\/www.t-online.de\/nachrichten\/ausland\/internationale-politik\/id_101230146\/ungarn-orbans-verbuendete-schaffen-vermoegen-ins-ausland.html\">Ungarn: Orb\u00e1ns Verb\u00fcndete schaffen Verm\u00f6gen ins Ausland<\/a><\/strong><\/p>\n\n\n\n<p class=\"has-medium-font-size\">27.04.2026 at 16:11<\/p>\n\n\n\n<p class=\"has-small-font-size\">Nach Orb\u00e1ns Wahlniederlage sollen die ersten Oligarchen ihr Verm\u00f6gen ins Ausland schaffen. P\u00e9ter Magyar erhebt schwere Vorw\u00fcrfe gegen Orb\u00e1ns Verb\u00fcndete.<\/p>\n<\/div><\/div>\n\n\n\n<div class=\"wp-block-group\" style=\"margin-top:var(--wp--preset--spacing--30);margin-bottom:var(--wp--preset--spacing--30);padding-top:var(--wp--preset--spacing--30);padding-right:var(--wp--preset--spacing--30);padding-bottom:var(--wp--preset--spacing--30);padding-left:var(--wp--preset--spacing--30)\"><div class=\"wp-block-group__inner-container is-layout-constrained wp-container-core-group-is-layout-40cadcaa wp-block-group-is-layout-constrained\">\n<figure class=\"wp-block-image\"><a target=\"_blank\" href=\"https:\/\/www.t-online.de\/nachrichten\/ausland\/usa\/id_101229876\/schuesse-bei-trump-gala-bericht-ueber-merkwuerdigkeiten-beim-dinner.html\"><img decoding=\"async\" src=\"https:\/\/images.t-online.de\/2026\/04\/sKkTEebH8f3D\/5x0:2037x1146\/fit-in\/1200x0\/polizisten-nehmen-den-mutmasslichen-schuetzen-in-gewahrsam.jpg\" alt=\"Sch\u00fcsse bei Trump-Gala: Bericht \u00fcber Merkw\u00fcrdigkeiten beim Dinner\"\/><\/a><\/figure>\n\n\n\n<p><strong><a target=\"_blank\"  href=\"https:\/\/www.t-online.de\/nachrichten\/ausland\/usa\/id_101229876\/schuesse-bei-trump-gala-bericht-ueber-merkwuerdigkeiten-beim-dinner.html\">Sch\u00fcsse bei Trump-Gala: Bericht \u00fcber Merkw\u00fcrdigkeiten beim Dinner<\/a><\/strong><\/p>\n\n\n\n<p class=\"has-medium-font-size\">27.04.2026 at 14:54<\/p>\n\n\n\n<p class=\"has-small-font-size\">Ein Mann gibt Sch\u00fcsse bei einem Event mit Donald Trump ab. Nun wurde offenbar ein Manifest gefunden. Zudem gibt es einen Bericht \u00fcber Merkw\u00fcrdigkeiten im Vorfeld.<\/p>\n<\/div><\/div>\n\n\n\n<div class=\"wp-block-group\" style=\"margin-top:var(--wp--preset--spacing--30);margin-bottom:var(--wp--preset--spacing--30);padding-top:var(--wp--preset--spacing--30);padding-right:var(--wp--preset--spacing--30);padding-bottom:var(--wp--preset--spacing--30);padding-left:var(--wp--preset--spacing--30)\"><div class=\"wp-block-group__inner-container is-layout-constrained wp-container-core-group-is-layout-40cadcaa wp-block-group-is-layout-constrained\">\n<figure class=\"wp-block-image\"><a target=\"_blank\" href=\"https:\/\/www.t-online.de\/nachrichten\/ausland\/internationale-politik\/id_101229824\/israel-allianz-gegen-netanjahu-bennett-und-lapid-fusionieren-parteien.html\"><img decoding=\"async\" src=\"https:\/\/images.t-online.de\/2021\/07\/90219202v3\/9x49:553x311\/fit-in\/1200x0\/naftali-bennett-r-und-jair-lapid-waehrend-der-ersten-kabinettssitzung-der-neuen-regierung.jpg\" alt=\"Israel: Allianz gegen Netanjahu \u2013 Bennett und Lapid fusionieren Parteien\"\/><\/a><\/figure>\n\n\n\n<p><strong><a target=\"_blank\"  href=\"https:\/\/www.t-online.de\/nachrichten\/ausland\/internationale-politik\/id_101229824\/israel-allianz-gegen-netanjahu-bennett-und-lapid-fusionieren-parteien.html\">Israel: Allianz gegen Netanjahu \u2013 Bennett und Lapid fusionieren Parteien<\/a><\/strong><\/p>\n\n\n\n<p class=\"has-medium-font-size\">27.04.2026 at 14:32<\/p>\n\n\n\n<p class=\"has-small-font-size\">Schon 2021 bildeten Jair Lapid und Naftali Bennett in Israel eine Regierung \u2013 und scheiterten nach 18 Monaten. Nun fusionieren ihre Parteien, um Benjamin Netanjahu den Kampf anzusagen.<\/p>\n<\/div><\/div>\n\n\n\n<div class=\"wp-block-group\" style=\"margin-top:var(--wp--preset--spacing--30);margin-bottom:var(--wp--preset--spacing--30);padding-top:var(--wp--preset--spacing--30);padding-right:var(--wp--preset--spacing--30);padding-bottom:var(--wp--preset--spacing--30);padding-left:var(--wp--preset--spacing--30)\"><div class=\"wp-block-group__inner-container is-layout-constrained wp-container-core-group-is-layout-40cadcaa wp-block-group-is-layout-constrained\">\n<figure class=\"wp-block-image\"><a target=\"_blank\" href=\"https:\/\/www.t-online.de\/nachrichten\/ukraine\/id_101220046\/ukraine-krieg-aktuell-ukraine-greift-russische-flotte-auf-der-krim-an.html\"><img decoding=\"async\" src=\"https:\/\/images.t-online.de\/2026\/04\/jT-UIAdIQ0Fh\/107x10:1053x592\/fit-in\/1200x0\/angriff-auf-ein-russisches-kriegsschiff-auf-der-krim-der-ukrainische-geheimdienst-sbu-teilte-bilder-einer-angeblichen-attacke-auf-die-schwarzmeerflotte.jpg\" alt=\"Ukraine-Krieg aktuell: Ukraine greift russische Flotte auf der Krim an\"\/><\/a><\/figure>\n\n\n\n<p><strong><a target=\"_blank\"  href=\"https:\/\/www.t-online.de\/nachrichten\/ukraine\/id_101220046\/ukraine-krieg-aktuell-ukraine-greift-russische-flotte-auf-der-krim-an.html\">Ukraine-Krieg aktuell: Ukraine greift russische Flotte auf der Krim an<\/a><\/strong><\/p>\n\n\n\n<p class=\"has-medium-font-size\">27.04.2026 at 13:23<\/p>\n\n\n\n<p class=\"has-small-font-size\">Die Ukraine hat die von Russland annektierte ukrainische Halbinsel Krim angegriffen. Selenskyj wirft Russland &#8220;nuklearen Terrorismus&#8221; vor. Alle Entwicklungen im Newsblog.<\/p>\n<\/div><\/div>\n\n\n\n<div class=\"wp-block-group\" style=\"margin-top:var(--wp--preset--spacing--30);margin-bottom:var(--wp--preset--spacing--30);padding-top:var(--wp--preset--spacing--30);padding-right:var(--wp--preset--spacing--30);padding-bottom:var(--wp--preset--spacing--30);padding-left:var(--wp--preset--spacing--30)\"><div class=\"wp-block-group__inner-container is-layout-constrained wp-container-core-group-is-layout-40cadcaa wp-block-group-is-layout-constrained\">\n<figure class=\"wp-block-image\"><a target=\"_blank\" href=\"https:\/\/www.t-online.de\/nachrichten\/deutschland\/id_101115794\/die-weiterbildung-von-arbeitslosen-das-ist-systematischer-betrug-.html\"><img decoding=\"async\" src=\"https:\/\/images.t-online.de\/2026\/02\/OK3le4wJgout\/0x209:4000x2250\/fit-in\/1200x0\/das-gebaeude-gebaeude-mit-logo-und-schriftzug-der-agentur-fuer-fuer-arbeit-in-der-emilienstrasse-emilienstrasse-in-siegen-agentur-fuer-fuer-arbeit-am-14-022026-in-siegen-deutschland-the-building-with-logo-and-lettering-of-the-agentur-fuer-arbeit-in-emilienstrasse-emilienstrasse-in-siegen-agentur-fuer-arbeit-on-14-02-2026-in-siegen-germany.jpg\" alt=\"Die Weiterbildung von Arbeitslosen: \"Das ist systematischer Betrug\"\"\/><\/a><\/figure>\n\n\n\n<p><strong><a target=\"_blank\"  href=\"https:\/\/www.t-online.de\/nachrichten\/deutschland\/id_101115794\/die-weiterbildung-von-arbeitslosen-das-ist-systematischer-betrug-.html\">Die Weiterbildung von Arbeitslosen: &#8220;Das ist systematischer Betrug&#8221;<\/a><\/strong><\/p>\n\n\n\n<p class=\"has-medium-font-size\">27.04.2026 at 11:32<\/p>\n\n\n\n<p class=\"has-small-font-size\">Die Weiterbildung von Arbeitslosen ist ein Milliardengesch\u00e4ft mit systematischen Fehlanreizen. Einige Anbieter betr\u00fcgen den Staat und verdienen dabei viel Geld.<\/p>\n<\/div><\/div>\n\n\n\n<div class=\"wp-block-group\" style=\"margin-top:var(--wp--preset--spacing--30);margin-bottom:var(--wp--preset--spacing--30);padding-top:var(--wp--preset--spacing--30);padding-right:var(--wp--preset--spacing--30);padding-bottom:var(--wp--preset--spacing--30);padding-left:var(--wp--preset--spacing--30)\"><div class=\"wp-block-group__inner-container is-layout-constrained wp-container-core-group-is-layout-40cadcaa wp-block-group-is-layout-constrained\">\n<figure class=\"wp-block-image\"><a target=\"_blank\" href=\"https:\/\/www.t-online.de\/nachrichten\/ausland\/usa\/id_101229912\/us-botschaft-in-luxemburg-ex-botschafterin-aus-bild-wegretuschiert-.html\"><img decoding=\"async\" src=\"https:\/\/images.t-online.de\/2026\/04\/Q-KQugQu3I2Y\/0x173:732x412\/fit-in\/1200x0\/auf-einem-bild-das-die-us-botschaft-in-luxemburg-teilte-fehlt-ploetzlich-eine-person.png\" alt=\"US-Botschaft in Luxemburg: Ex-Botschafterin aus Bild wegretuschiert?\"\/><\/a><\/figure>\n\n\n\n<p><strong><a target=\"_blank\"  href=\"https:\/\/www.t-online.de\/nachrichten\/ausland\/usa\/id_101229912\/us-botschaft-in-luxemburg-ex-botschafterin-aus-bild-wegretuschiert-.html\">US-Botschaft in Luxemburg: Ex-Botschafterin aus Bild wegretuschiert?<\/a><\/strong><\/p>\n\n\n\n<p class=\"has-medium-font-size\">27.04.2026 at 10:16<\/p>\n\n\n\n<p class=\"has-small-font-size\">Ein Foto \u2013 und offene Fragen: Die US-Botschaft in Luxemburg hat ein offizielles Bild eines Empfangs offenbar ver\u00e4ndert \u2013 und dabei eine fr\u00fchere Botschafterin entfernt.<\/p>\n<\/div><\/div>\n\n\n\n<div class=\"wp-block-group\" style=\"margin-top:var(--wp--preset--spacing--30);margin-bottom:var(--wp--preset--spacing--30);padding-top:var(--wp--preset--spacing--30);padding-right:var(--wp--preset--spacing--30);padding-bottom:var(--wp--preset--spacing--30);padding-left:var(--wp--preset--spacing--30)\"><div class=\"wp-block-group__inner-container is-layout-constrained wp-container-core-group-is-layout-40cadcaa wp-block-group-is-layout-constrained\">\n<figure class=\"wp-block-image\"><a target=\"_blank\" href=\"https:\/\/www.t-online.de\/nachrichten\/ausland\/internationale-politik\/id_101227068\/ukraine-krieg-wie-der-krieg-das-volk-der-seto-in-estland-entzweit.html\"><img decoding=\"async\" src=\"https:\/\/images.t-online.de\/2026\/04\/cpSVeGzN4rUp\/418x150:3291x1851\/fit-in\/1200x0\/seto-frauen-in-traditionellen-trachten-bei-einem-fest-das-in-der-grenzregion-zwischen-estland-und-russland-lebende-volk-ist-durch-den-ukraine-krieg-zerrissen.jpg\" alt=\"Ukraine-Krieg: Wie der Krieg das Volk der Seto in Estland entzweit\"\/><\/a><\/figure>\n\n\n\n<p><strong><a target=\"_blank\"  href=\"https:\/\/www.t-online.de\/nachrichten\/ausland\/internationale-politik\/id_101227068\/ukraine-krieg-wie-der-krieg-das-volk-der-seto-in-estland-entzweit.html\">Ukraine-Krieg: Wie der Krieg das Volk der Seto in Estland entzweit<\/a><\/strong><\/p>\n\n\n\n<p class=\"has-medium-font-size\">27.04.2026 at 03:08<\/p>\n\n\n\n<p class=\"has-small-font-size\">Im Grenzgebiet zwischen Estland und Russland trifft der Ukraine-Krieg das Volk der Seto. Seine Angeh\u00f6rigen k\u00e4mpfen um ihre Identit\u00e4t \u2013 und geraten zwischen die Fronten.<\/p>\n<\/div><\/div>\n\n\n\n<div class=\"wp-block-group\" style=\"margin-top:var(--wp--preset--spacing--30);margin-bottom:var(--wp--preset--spacing--30);padding-top:var(--wp--preset--spacing--30);padding-right:var(--wp--preset--spacing--30);padding-bottom:var(--wp--preset--spacing--30);padding-left:var(--wp--preset--spacing--30)\"><div class=\"wp-block-group__inner-container is-layout-constrained wp-container-core-group-is-layout-40cadcaa wp-block-group-is-layout-constrained\">\n<figure class=\"wp-block-image\"><a target=\"_blank\" href=\"https:\/\/www.t-online.de\/nachrichten\/deutschland\/innenpolitik\/id_101226548\/afd-warum-die-partei-trotz-sinkender-asylzahlen-stark-bleibt.html\"><img decoding=\"async\" src=\"https:\/\/images.t-online.de\/2026\/04\/tWl-8X3eGf-Z\/1275x199:2122x1193\/fit-in\/1200x0\/afd-spitzenkandidat-jan-bollinger-mit-den-afd-bundesvorsitzenden-tino-chrupalla-und-alice-weidel-bei-der-bekanntgabe-der-ersten-prognose-um-18-00-uhr-landtagswahl-2026-in-rheinland-pfalz-wahlabend-im-gebaeude-des-landesparlaments-mainz-rheinland-pfalz-deutschland-landtag-afd-top-candidate-jan-bollinger-with-the-afd-federal-chairmen-tino-chrupalla-and-alice-weidel-at-the-announcement-of-the-first-forecast-at-6-p-m-state-election-2026-in-rhineland-palatinate-election-evening-in-the-building-of-the-state.jpg\" alt=\"AfD: Warum die Partei trotz sinkender Asylzahlen stark bleibt\"\/><\/a><\/figure>\n\n\n\n<p><strong><a target=\"_blank\"  href=\"https:\/\/www.t-online.de\/nachrichten\/deutschland\/innenpolitik\/id_101226548\/afd-warum-die-partei-trotz-sinkender-asylzahlen-stark-bleibt.html\">AfD: Warum die Partei trotz sinkender Asylzahlen stark bleibt<\/a><\/strong><\/p>\n\n\n\n<p class=\"has-medium-font-size\">27.04.2026 at 00:25<\/p>\n\n\n\n<p class=\"has-small-font-size\">Die Asylzahlen sinken, doch die AfD bleibt stark. Das liegt auch an der allgemeinen Unzufriedenheit im Land. Denn die Partei punktet l\u00e4ngst nicht mehr allein mit dem Thema Migration.<\/p>\n<\/div><\/div>\n\n\n\n<div class=\"wp-block-group\" style=\"margin-top:var(--wp--preset--spacing--30);margin-bottom:var(--wp--preset--spacing--30);padding-top:var(--wp--preset--spacing--30);padding-right:var(--wp--preset--spacing--30);padding-bottom:var(--wp--preset--spacing--30);padding-left:var(--wp--preset--spacing--30)\"><div class=\"wp-block-group__inner-container is-layout-constrained wp-container-core-group-is-layout-40cadcaa wp-block-group-is-layout-constrained\">\n<figure class=\"wp-block-image\"><a target=\"_blank\" href=\"https:\/\/www.t-online.de\/nachrichten\/deutschland\/innenpolitik\/id_101229206\/spd-kritisiert-warkens-sparpaket-auch-gruene-legen-vorschlaege-vor.html\"><img decoding=\"async\" src=\"https:\/\/images.t-online.de\/2025\/10\/swop-5Hqh3Fd\/0x53:2048x1152\/fit-in\/1200x0\/spd-generalsekretaer-kluessendorf-kritisiert-kanzler-merz-fuer-seine-stadtbild-aeusserung-archivfoto.jpg\" alt=\"SPD kritisiert Warkens Sparpaket: Auch Gr\u00fcne legen Vorschl\u00e4ge vor\"\/><\/a><\/figure>\n\n\n\n<p><strong><a target=\"_blank\"  href=\"https:\/\/www.t-online.de\/nachrichten\/deutschland\/innenpolitik\/id_101229206\/spd-kritisiert-warkens-sparpaket-auch-gruene-legen-vorschlaege-vor.html\">SPD kritisiert Warkens Sparpaket: Auch Gr\u00fcne legen Vorschl\u00e4ge vor<\/a><\/strong><\/p>\n\n\n\n<p class=\"has-medium-font-size\">26.04.2026 at 22:07<\/p>\n\n\n\n<p class=\"has-small-font-size\">Am Mittwoch will das Kabinett die Reformpl\u00e4ne von Gesundheitsministerin Warken beschlie\u00dfen. Doch nicht nur aus der Opposition gibt es weiter Kritik.<\/p>\n<\/div><\/div>\n\n\n\n<div class=\"wp-block-group\" style=\"margin-top:var(--wp--preset--spacing--30);margin-bottom:var(--wp--preset--spacing--30);padding-top:var(--wp--preset--spacing--30);padding-right:var(--wp--preset--spacing--30);padding-bottom:var(--wp--preset--spacing--30);padding-left:var(--wp--preset--spacing--30)\"><div class=\"wp-block-group__inner-container is-layout-constrained wp-container-core-group-is-layout-40cadcaa wp-block-group-is-layout-constrained\">\n<figure class=\"wp-block-image\"><a target=\"_blank\" href=\"https:\/\/www.t-online.de\/nachrichten\/deutschland\/parteien\/id_101229554\/afd-nrw-schliesst-umstrittenes-mitglied-eichwald-nach-hitler-rede-aus.html\"><img decoding=\"async\" src=\"https:\/\/images.t-online.de\/2025\/11\/v6LUsrW0zIiO\/0x0:1024x576\/fit-in\/1200x0\/alexander-eichwald-bizarrer-auftritt-am-samstag.jpg\" alt=\"AfD NRW schlie\u00dft umstrittenes Mitglied Eichwald nach \"Hitler-Rede\" aus\"\/><\/a><\/figure>\n\n\n\n<p><strong><a target=\"_blank\"  href=\"https:\/\/www.t-online.de\/nachrichten\/deutschland\/parteien\/id_101229554\/afd-nrw-schliesst-umstrittenes-mitglied-eichwald-nach-hitler-rede-aus.html\">AfD NRW schlie\u00dft umstrittenes Mitglied Eichwald nach &#8220;Hitler-Rede&#8221; aus<\/a><\/strong><\/p>\n\n\n\n<p class=\"has-medium-font-size\">26.04.2026 at 20:03<\/p>\n\n\n\n<p class=\"has-small-font-size\">Mit einem auff\u00e4llig rollend ausgesprochenen R und einer finsteren Miene machte Alexander Eichwald bei der Gr\u00fcndungsveranstaltung der AfD-Nachwuchsorganisation auf sich aufmerksam. Nun folgt die Konsequenz.<\/p>\n<\/div><\/div>\n\n\n\n<div class=\"wp-block-group\" style=\"margin-top:var(--wp--preset--spacing--30);margin-bottom:var(--wp--preset--spacing--30);padding-top:var(--wp--preset--spacing--30);padding-right:var(--wp--preset--spacing--30);padding-bottom:var(--wp--preset--spacing--30);padding-left:var(--wp--preset--spacing--30)\"><div class=\"wp-block-group__inner-container is-layout-constrained wp-container-core-group-is-layout-40cadcaa wp-block-group-is-layout-constrained\">\n<figure class=\"wp-block-image\"><a target=\"_blank\" href=\"https:\/\/www.t-online.de\/nachrichten\/ukraine\/id_101225612\/ukraine-krieg-kiew-bekommt-90-milliarden-kredit-der-eu-was-das-bedeutet.html\"><img decoding=\"async\" src=\"https:\/\/images.t-online.de\/2026\/04\/gmoQZuGBc2sG\/0x60:4000x2250\/fit-in\/1200x0\/military-training-of-ukrainian-soldiers-in-donetsk-region-donetsk-oblast-ukraine-march-06-ukrainian-soldiers-participate-in-a-military-training-drill-at-an-undisclosed-location-as-the-war-between-russia-and-ukraine-has-been-going-on-for-the-last-2-years-in-donetsk-oblast-ukraine-on-march-06-2024-ukraine-world-editorial-use-only-please-get-in-touch-for-any-other-usage-publicationxnotxinxturxusaxcanxukxjpnxitaxfraxausxespxbelxkorxrsaxhkgxnzl-copyright-x2025xanadoluxjosexcolonx.jpg\" alt=\"Ukraine-Krieg: Kiew bekommt 90-Milliarden-Kredit der EU \u2013 was das bedeutet\"\/><\/a><\/figure>\n\n\n\n<p><strong><a target=\"_blank\"  href=\"https:\/\/www.t-online.de\/nachrichten\/ukraine\/id_101225612\/ukraine-krieg-kiew-bekommt-90-milliarden-kredit-der-eu-was-das-bedeutet.html\">Ukraine-Krieg: Kiew bekommt 90-Milliarden-Kredit der EU \u2013 was das bedeutet<\/a><\/strong><\/p>\n\n\n\n<p class=\"has-medium-font-size\">24.04.2026 at 23:59<\/p>\n\n\n\n<p class=\"has-small-font-size\">Die Ukraine erh\u00e4lt nun 90 Milliarden Euro in Form eines EU-Kredits. Das Geld lindert finanzielle Probleme des Landes \u2013 und ist dennoch nicht\u00a0mehr als ein Rettungsring.<\/p>\n<\/div><\/div>\n\n\n\n<div class=\"wp-block-group\" style=\"margin-top:var(--wp--preset--spacing--30);margin-bottom:var(--wp--preset--spacing--30);padding-top:var(--wp--preset--spacing--30);padding-right:var(--wp--preset--spacing--30);padding-bottom:var(--wp--preset--spacing--30);padding-left:var(--wp--preset--spacing--30)\"><div class=\"wp-block-group__inner-container is-layout-constrained wp-container-core-group-is-layout-40cadcaa wp-block-group-is-layout-constrained\">\n<figure class=\"wp-block-image\"><a target=\"_blank\" href=\"https:\/\/www.t-online.de\/nachrichten\/ukraine\/id_101227964\/ukraine-entlaesst-zwei-wichtige-kommandeure-nach-bekanntwerden-von-bildern.html\"><img decoding=\"async\" src=\"https:\/\/images.t-online.de\/2024\/08\/CYtOEJ0vUXSy\/0x79:3628x2041\/fit-in\/1200x0\/oleksandr-syrskyi-bei-einer-besprechung-archivbild-der-oberbefehlshaber-der-region-kursk-soll-dort-das-oeffentliche-leben-regeln.jpg\" alt=\"Ukraine entl\u00e4sst zwei wichtige Kommandeure nach Bekanntwerden von Bildern\"\/><\/a><\/figure>\n\n\n\n<p><strong><a target=\"_blank\"  href=\"https:\/\/www.t-online.de\/nachrichten\/ukraine\/id_101227964\/ukraine-entlaesst-zwei-wichtige-kommandeure-nach-bekanntwerden-von-bildern.html\">Ukraine entl\u00e4sst zwei wichtige Kommandeure nach Bekanntwerden von Bildern<\/a><\/strong><\/p>\n\n\n\n<p class=\"has-medium-font-size\">24.04.2026 at 22:20<\/p>\n\n\n\n<p class=\"has-small-font-size\">In der Ukraine sind Bilder von abgemagerten Soldaten und Berichte \u00fcber ihre Behandlung aufgetaucht. Das hat offenbar personelle Konsequenzen.<\/p>\n<\/div><\/div>\n\n\n\n<div class=\"wp-block-group\" style=\"margin-top:var(--wp--preset--spacing--30);margin-bottom:var(--wp--preset--spacing--30);padding-top:var(--wp--preset--spacing--30);padding-right:var(--wp--preset--spacing--30);padding-bottom:var(--wp--preset--spacing--30);padding-left:var(--wp--preset--spacing--30)\"><div class=\"wp-block-group__inner-container is-layout-constrained wp-container-core-group-is-layout-40cadcaa wp-block-group-is-layout-constrained\">\n<figure class=\"wp-block-image\"><a target=\"_blank\" href=\"https:\/\/www.t-online.de\/nachrichten\/ukraine\/id_101226974\/putins-russland-zustimmung-sinkt-auf-niedrigsten-wert-seit-jahren.html\"><img decoding=\"async\" src=\"https:\/\/images.t-online.de\/2026\/04\/7SieFVC7eCip\/0x107:2048x1152\/fit-in\/1200x0\/seit-wochen-sinken-die-zustimmungswerte-fuer-kremlchef-wladimir-putin-archivbild.jpg\" alt=\"Putins Russland: Zustimmung sinkt auf niedrigsten Wert seit Jahren\"\/><\/a><\/figure>\n\n\n\n<p><strong><a target=\"_blank\"  href=\"https:\/\/www.t-online.de\/nachrichten\/ukraine\/id_101226974\/putins-russland-zustimmung-sinkt-auf-niedrigsten-wert-seit-jahren.html\">Putins Russland: Zustimmung sinkt auf niedrigsten Wert seit Jahren<\/a><\/strong><\/p>\n\n\n\n<p class=\"has-medium-font-size\">24.04.2026 at 17:05<\/p>\n\n\n\n<p class=\"has-small-font-size\">Bislang konnte sich Wladimir Putin auf konstante Beliebtheitswerte st\u00fctzen. Doch neue Zahlen d\u00fcrften\u00a0Russlands Machthaber zu denken geben.<\/p>\n<\/div><\/div>\n\n<\/div>\n\n<div class=\"feedzy-loop-columns-2 wp-block-feedzy-rss-feeds-loop\">\n\n<div class=\"wp-block-group\" style=\"margin-top:var(--wp--preset--spacing--30);margin-bottom:var(--wp--preset--spacing--30);padding-top:var(--wp--preset--spacing--30);padding-right:var(--wp--preset--spacing--30);padding-bottom:var(--wp--preset--spacing--30);padding-left:var(--wp--preset--spacing--30)\"><div class=\"wp-block-group__inner-container is-layout-constrained wp-container-core-group-is-layout-40cadcaa wp-block-group-is-layout-constrained\">\n<figure class=\"wp-block-image\"><a target=\"_blank\" href=\"https:\/\/www.spiegel.de\/sport\/fussball\/fussball-englische-nationalspielerin-missy-bo-kearns-macht-fehlgeburt-oeffentlich-a-adfeff9d-104d-4eb4-b104-b7ded52b82cd#ref=rss\"><img decoding=\"async\" src=\"https:\/\/cdn.prod.www.spiegel.de\/images\/f547eacd-5e8f-4260-a862-ae475d827ebc_w520_r2.08_fpx59.34_fpy55.01.jpg\" alt=\"Fu\u00dfball: Englische Nationalspielerin Missy Bo Kearns macht Fehlgeburt \u00f6ffentlich\"\/><\/a><\/figure>\n\n\n\n<p><strong><a target=\"_blank\"  href=\"https:\/\/www.spiegel.de\/sport\/fussball\/fussball-englische-nationalspielerin-missy-bo-kearns-macht-fehlgeburt-oeffentlich-a-adfeff9d-104d-4eb4-b104-b7ded52b82cd#ref=rss\">Fu\u00dfball: Englische Nationalspielerin Missy Bo Kearns macht Fehlgeburt \u00f6ffentlich<\/a><\/strong><\/p>\n\n\n\n<p class=\"has-medium-font-size\">27.04.2026 at 19:34<\/p>\n\n\n\n<p class=\"has-small-font-size\">Aston Villas Missy Bo Kearns hat nach einer Fehlgeburt der Team\u00e4rztin ihres Klubs gedankt, weil diese sie mit grippe\u00e4hnlichen Symptomen in die Klinik geschickt hat. \u00bbSie haben mir wahrscheinlich das Leben gerettet\u00ab, sagt sie.<\/p>\n<\/div><\/div>\n\n\n\n<div class=\"wp-block-group\" style=\"margin-top:var(--wp--preset--spacing--30);margin-bottom:var(--wp--preset--spacing--30);padding-top:var(--wp--preset--spacing--30);padding-right:var(--wp--preset--spacing--30);padding-bottom:var(--wp--preset--spacing--30);padding-left:var(--wp--preset--spacing--30)\"><div class=\"wp-block-group__inner-container is-layout-constrained wp-container-core-group-is-layout-40cadcaa wp-block-group-is-layout-constrained\">\n<figure class=\"wp-block-image\"><a target=\"_blank\" href=\"https:\/\/www.spiegel.de\/wirtschaft\/edeka-verbund-steigert-umsatz-auf-77-3-milliarden-euro-a-194d6783-02bc-4dfa-bdc5-2b5a5e94b091#ref=rss\"><img decoding=\"async\" src=\"https:\/\/cdn.prod.www.spiegel.de\/images\/699d8a3a-8be7-4222-96c8-2c315f135cc3_w520_r2.08_fpx52.02_fpy50.jpg\" alt=\"Edeka-Verbund steigert Umsatz auf 77,3 Milliarden Euro\"\/><\/a><\/figure>\n\n\n\n<p><strong><a target=\"_blank\"  href=\"https:\/\/www.spiegel.de\/wirtschaft\/edeka-verbund-steigert-umsatz-auf-77-3-milliarden-euro-a-194d6783-02bc-4dfa-bdc5-2b5a5e94b091#ref=rss\">Edeka-Verbund steigert Umsatz auf 77,3 Milliarden Euro<\/a><\/strong><\/p>\n\n\n\n<p class=\"has-medium-font-size\">27.04.2026 at 19:21<\/p>\n\n\n\n<p class=\"has-small-font-size\">Der Verbund der Edeka-Einkaufsm\u00e4rkte erweist sich als Erfolgsmodell. Der Umsatz im vergangenen Gesch\u00e4ftsjahr stieg auf einen Rekordwert.<\/p>\n<\/div><\/div>\n\n\n\n<div class=\"wp-block-group\" style=\"margin-top:var(--wp--preset--spacing--30);margin-bottom:var(--wp--preset--spacing--30);padding-top:var(--wp--preset--spacing--30);padding-right:var(--wp--preset--spacing--30);padding-bottom:var(--wp--preset--spacing--30);padding-left:var(--wp--preset--spacing--30)\"><div class=\"wp-block-group__inner-container is-layout-constrained wp-container-core-group-is-layout-40cadcaa wp-block-group-is-layout-constrained\">\n<figure class=\"wp-block-image\"><a target=\"_blank\" href=\"https:\/\/www.spiegel.de\/ausland\/donald-trump-schuesse-bei-dinner-in-washington-wer-ist-der-burrata-mann-a-1d00e5af-7a68-4661-8d31-6e13be89d978#ref=rss\"><img decoding=\"async\" src=\"https:\/\/cdn.prod.www.spiegel.de\/images\/0110f9ef-a45d-4d7f-bf28-4d69778f4f52_w520_r2.08_fpx33_fpy61.jpg\" alt=\"Donald Trump: Sch\u00fcsse bei Dinner in Washington - Wer ist der Burrata-Mann?\"\/><\/a><\/figure>\n\n\n\n<p><strong><a target=\"_blank\"  href=\"https:\/\/www.spiegel.de\/ausland\/donald-trump-schuesse-bei-dinner-in-washington-wer-ist-der-burrata-mann-a-1d00e5af-7a68-4661-8d31-6e13be89d978#ref=rss\">Donald Trump: Sch\u00fcsse bei Dinner in Washington &#8211; Wer ist der Burrata-Mann?<\/a><\/strong><\/p>\n\n\n\n<p class=\"has-medium-font-size\">27.04.2026 at 19:10<\/p>\n\n\n\n<p class=\"has-small-font-size\">Umgest\u00fcrzte Tische, Chaos, hektische Secret-Service-Agenten: Nach den Sch\u00fcssen beim Korrespondentendinner in Washington geraten viele G\u00e4ste in Panik. Wer ist der Mann, der unger\u00fchrt sitzen blieb?<\/p>\n<\/div><\/div>\n\n\n\n<div class=\"wp-block-group\" style=\"margin-top:var(--wp--preset--spacing--30);margin-bottom:var(--wp--preset--spacing--30);padding-top:var(--wp--preset--spacing--30);padding-right:var(--wp--preset--spacing--30);padding-bottom:var(--wp--preset--spacing--30);padding-left:var(--wp--preset--spacing--30)\"><div class=\"wp-block-group__inner-container is-layout-constrained wp-container-core-group-is-layout-40cadcaa wp-block-group-is-layout-constrained\">\n<figure class=\"wp-block-image\"><a target=\"_blank\" href=\"https:\/\/www.spiegel.de\/politik\/alexander-graf-lambsdorff-moskau-bestellt-deutschen-botschafter-ein-a-d29c8cc0-eca1-42a9-8620-a51496306860#ref=rss\"><img decoding=\"async\" src=\"https:\/\/cdn.prod.www.spiegel.de\/images\/3b8bf4fd-14f3-40f5-88a6-202fd33320f3_w520_r2.08_fpx58.73_fpy54.98.jpg\" alt=\"Alexander Graf Lambsdorff: Moskau bestellt deutschen Botschafter ein\"\/><\/a><\/figure>\n\n\n\n<p><strong><a target=\"_blank\"  href=\"https:\/\/www.spiegel.de\/politik\/alexander-graf-lambsdorff-moskau-bestellt-deutschen-botschafter-ein-a-d29c8cc0-eca1-42a9-8620-a51496306860#ref=rss\">Alexander Graf Lambsdorff: Moskau bestellt deutschen Botschafter ein<\/a><\/strong><\/p>\n\n\n\n<p class=\"has-medium-font-size\">27.04.2026 at 18:26<\/p>\n\n\n\n<p class=\"has-small-font-size\">Alexander Graf Lambsdorff ist im russischen Au\u00dfenministerium eingetroffen. Dort will Moskau mit ihm \u00fcber angebliche Kontakte von deutschen Politikern zu Terrororganisationen sprechen. Der Botschafter ist skeptisch.<\/p>\n<\/div><\/div>\n\n\n\n<div class=\"wp-block-group\" style=\"margin-top:var(--wp--preset--spacing--30);margin-bottom:var(--wp--preset--spacing--30);padding-top:var(--wp--preset--spacing--30);padding-right:var(--wp--preset--spacing--30);padding-bottom:var(--wp--preset--spacing--30);padding-left:var(--wp--preset--spacing--30)\"><div class=\"wp-block-group__inner-container is-layout-constrained wp-container-core-group-is-layout-40cadcaa wp-block-group-is-layout-constrained\">\n<figure class=\"wp-block-image\"><a target=\"_blank\" href=\"https:\/\/www.spiegel.de\/panorama\/shakira-buehnenarbeiter-stirbt-bei-aufbauarbeiten-vor-konzert-in-rio-de-janeiro-a-c0954282-9325-4a35-beb9-8cf88102270f#ref=rss\"><img decoding=\"async\" src=\"https:\/\/cdn.prod.www.spiegel.de\/images\/4d844aa3-d765-4f95-b99d-722979a9b4bb_w520_r2.08_fpx35.95_fpy55.jpg\" alt=\"Shakira: B\u00fchnenarbeiter stirbt bei Aufbauarbeiten vor Konzert in Rio de Janeiro\"\/><\/a><\/figure>\n\n\n\n<p><strong><a target=\"_blank\"  href=\"https:\/\/www.spiegel.de\/panorama\/shakira-buehnenarbeiter-stirbt-bei-aufbauarbeiten-vor-konzert-in-rio-de-janeiro-a-c0954282-9325-4a35-beb9-8cf88102270f#ref=rss\">Shakira: B\u00fchnenarbeiter stirbt bei Aufbauarbeiten vor Konzert in Rio de Janeiro<\/a><\/strong><\/p>\n\n\n\n<p class=\"has-medium-font-size\">27.04.2026 at 18:26<\/p>\n\n\n\n<p class=\"has-small-font-size\">Popstar Shakira plant f\u00fcr Samstag ein kostenloses Megakonzert in Rio de Janeiro. Bei den Aufbauarbeiten kam es jetzt zu einem tragischen Vorfall.<\/p>\n<\/div><\/div>\n\n\n\n<div class=\"wp-block-group\" style=\"margin-top:var(--wp--preset--spacing--30);margin-bottom:var(--wp--preset--spacing--30);padding-top:var(--wp--preset--spacing--30);padding-right:var(--wp--preset--spacing--30);padding-bottom:var(--wp--preset--spacing--30);padding-left:var(--wp--preset--spacing--30)\"><div class=\"wp-block-group__inner-container is-layout-constrained wp-container-core-group-is-layout-40cadcaa wp-block-group-is-layout-constrained\">\n<figure class=\"wp-block-image\"><a target=\"_blank\" href=\"https:\/\/www.spiegel.de\/wirtschaft\/verbrauchervertrauen-irankrieg-bremst-konsumfreude-a-0bc7cf28-a825-44b2-9be0-ab9b749b292f#ref=rss\"><img decoding=\"async\" src=\"https:\/\/cdn.prod.www.spiegel.de\/images\/1141cf35-11fa-468f-80d3-cea47f4c1f64_w520_r2.08_fpx36.04_fpy44.99.jpg\" alt=\"Verbrauchervertrauen: Irankrieg bremst Konsumfreude\"\/><\/a><\/figure>\n\n\n\n<p><strong><a target=\"_blank\"  href=\"https:\/\/www.spiegel.de\/wirtschaft\/verbrauchervertrauen-irankrieg-bremst-konsumfreude-a-0bc7cf28-a825-44b2-9be0-ab9b749b292f#ref=rss\">Verbrauchervertrauen: Irankrieg bremst Konsumfreude<\/a><\/strong><\/p>\n\n\n\n<p class=\"has-medium-font-size\">27.04.2026 at 18:17<\/p>\n\n\n\n<p class=\"has-small-font-size\">Die Verbraucher in Deutschland halten ihr Geld zusammen. Als Ursache machen Forscher vor allem den Irankrieg aus. Aber auch die Inflation spielt eine gro\u00dfe Rolle.<\/p>\n<\/div><\/div>\n\n\n\n<div class=\"wp-block-group\" style=\"margin-top:var(--wp--preset--spacing--30);margin-bottom:var(--wp--preset--spacing--30);padding-top:var(--wp--preset--spacing--30);padding-right:var(--wp--preset--spacing--30);padding-bottom:var(--wp--preset--spacing--30);padding-left:var(--wp--preset--spacing--30)\"><div class=\"wp-block-group__inner-container is-layout-constrained wp-container-core-group-is-layout-40cadcaa wp-block-group-is-layout-constrained\">\n<figure class=\"wp-block-image\"><a target=\"_blank\" href=\"https:\/\/www.spiegel.de\/mobilitaet\/anlassen-zehntausende-feiern-motorrad-treffen-auf-dem-nuerburgring-a-ee4365e6-54f0-44be-9ff4-d8a224ec302a#ref=rss\"><img decoding=\"async\" src=\"https:\/\/cdn.prod.www.spiegel.de\/images\/c32cc867-0bc6-49f4-aaca-27ee67b18d37_w520_r2.08_fpx52_fpy50.jpg\" alt=\"\u00bbAnlassen\u00ab: Zehntausende feiern Motorrad-Treffen auf dem N\u00fcrburgring\"\/><\/a><\/figure>\n\n\n\n<p><strong><a target=\"_blank\"  href=\"https:\/\/www.spiegel.de\/mobilitaet\/anlassen-zehntausende-feiern-motorrad-treffen-auf-dem-nuerburgring-a-ee4365e6-54f0-44be-9ff4-d8a224ec302a#ref=rss\">\u00bbAnlassen\u00ab: Zehntausende feiern Motorrad-Treffen auf dem N\u00fcrburgring<\/a><\/strong><\/p>\n\n\n\n<p class=\"has-medium-font-size\">27.04.2026 at 18:13<\/p>\n\n\n\n<p class=\"has-small-font-size\">F\u00fcr Motorradfahrer und -fans ist es einer der wichtigsten Termine des Jahres: das Szenetreffen auf dem N\u00fcrburgring. Auch in diesem Fr\u00fchjahr sind wieder Zehntausende gekommen, aller Kritik zum Trotz.<\/p>\n<\/div><\/div>\n\n\n\n<div class=\"wp-block-group\" style=\"margin-top:var(--wp--preset--spacing--30);margin-bottom:var(--wp--preset--spacing--30);padding-top:var(--wp--preset--spacing--30);padding-right:var(--wp--preset--spacing--30);padding-bottom:var(--wp--preset--spacing--30);padding-left:var(--wp--preset--spacing--30)\"><div class=\"wp-block-group__inner-container is-layout-constrained wp-container-core-group-is-layout-40cadcaa wp-block-group-is-layout-constrained\">\n<figure class=\"wp-block-image\"><a target=\"_blank\" href=\"https:\/\/www.spiegel.de\/ausland\/cynthia-stroum-us-botschaft-in-luxemburg-retuschiert-fruehere-botschafterin-aus-foto-a-c5fb5372-c38b-48d3-8c5a-1e106584c1dd#ref=rss\"><img decoding=\"async\" src=\"https:\/\/cdn.prod.www.spiegel.de\/images\/6d9fa0be-5ad6-48c1-9581-f6b3110004bf_w520_r2.08_fpx32.97_fpy44.82.jpg\" alt=\"Cynthia Stroum: US-Botschaft in Luxemburg retuschiert fr\u00fchere Botschafterin aus Foto\"\/><\/a><\/figure>\n\n\n\n<p><strong><a target=\"_blank\"  href=\"https:\/\/www.spiegel.de\/ausland\/cynthia-stroum-us-botschaft-in-luxemburg-retuschiert-fruehere-botschafterin-aus-foto-a-c5fb5372-c38b-48d3-8c5a-1e106584c1dd#ref=rss\">Cynthia Stroum: US-Botschaft in Luxemburg retuschiert fr\u00fchere Botschafterin aus Foto<\/a><\/strong><\/p>\n\n\n\n<p class=\"has-medium-font-size\">27.04.2026 at 18:03<\/p>\n\n\n\n<p class=\"has-small-font-size\">In ihrer kurzen Amtszeit als US-Botschafterin in Luxemburg soll Cynthia Stroum gro\u00dfe Teile des Personals gegen sich aufgebracht haben. Jetzt sorgt ein Foto-Fake um die Frau f\u00fcr Aufsehen.<\/p>\n<\/div><\/div>\n\n\n\n<div class=\"wp-block-group\" style=\"margin-top:var(--wp--preset--spacing--30);margin-bottom:var(--wp--preset--spacing--30);padding-top:var(--wp--preset--spacing--30);padding-right:var(--wp--preset--spacing--30);padding-bottom:var(--wp--preset--spacing--30);padding-left:var(--wp--preset--spacing--30)\"><div class=\"wp-block-group__inner-container is-layout-constrained wp-container-core-group-is-layout-40cadcaa wp-block-group-is-layout-constrained\">\n<figure class=\"wp-block-image\"><a target=\"_blank\" href=\"https:\/\/www.spiegel.de\/panorama\/bildung\/deutsch-lernen-eine-sprachlehrerin-ueber-die-groessten-tuecken-a-77e172b1-a92e-408b-aa63-bc4b375235f0#ref=rss\"><img decoding=\"async\" src=\"https:\/\/cdn.prod.www.spiegel.de\/images\/7ee576cb-a7a5-4291-873f-b6a4eb3633c6_w520_r2.08_fpx30_fpy45.jpg\" alt=\"Deutsch lernen: Eine Sprachlehrerin \u00fcber die gr\u00f6\u00dften T\u00fccken\"\/><\/a><\/figure>\n\n\n\n<p><strong><a target=\"_blank\"  href=\"https:\/\/www.spiegel.de\/panorama\/bildung\/deutsch-lernen-eine-sprachlehrerin-ueber-die-groessten-tuecken-a-77e172b1-a92e-408b-aa63-bc4b375235f0#ref=rss\">Deutsch lernen: Eine Sprachlehrerin \u00fcber die gr\u00f6\u00dften T\u00fccken<\/a><\/strong><\/p>\n\n\n\n<p class=\"has-medium-font-size\">27.04.2026 at 17:54<\/p>\n\n\n\n<p class=\"has-small-font-size\">Sigrid Schl\u00fcter hat Hunderte Deutschlernende unterrichtet. Dativ, Nebens\u00e4tze und dann noch diese Artikel! Hier sagt sie, was die gr\u00f6\u00dften Stolpersteine sind und wie Muttersprachler helfen k\u00f6nnen.<\/p>\n<\/div><\/div>\n\n\n\n<div class=\"wp-block-group\" style=\"margin-top:var(--wp--preset--spacing--30);margin-bottom:var(--wp--preset--spacing--30);padding-top:var(--wp--preset--spacing--30);padding-right:var(--wp--preset--spacing--30);padding-bottom:var(--wp--preset--spacing--30);padding-left:var(--wp--preset--spacing--30)\"><div class=\"wp-block-group__inner-container is-layout-constrained wp-container-core-group-is-layout-40cadcaa wp-block-group-is-layout-constrained\">\n<figure class=\"wp-block-image\"><a target=\"_blank\" href=\"https:\/\/www.spiegel.de\/ausland\/iran-macht-offenbar-neues-angebot-zur-oeffnung-der-strasse-von-hormus-a-59f90e50-9f84-4733-a037-9a6e5f12bb88#ref=rss\"><img decoding=\"async\" src=\"https:\/\/cdn.prod.www.spiegel.de\/images\/a51905c3-379b-4fbc-ab7f-f45473c2b5d3_w520_r2.08_fpx52_fpy54.jpg\" alt=\"Iran macht offenbar neues Angebot zur \u00d6ffnung der Stra\u00dfe von Hormus\"\/><\/a><\/figure>\n\n\n\n<p><strong><a target=\"_blank\"  href=\"https:\/\/www.spiegel.de\/ausland\/iran-macht-offenbar-neues-angebot-zur-oeffnung-der-strasse-von-hormus-a-59f90e50-9f84-4733-a037-9a6e5f12bb88#ref=rss\">Iran macht offenbar neues Angebot zur \u00d6ffnung der Stra\u00dfe von Hormus<\/a><\/strong><\/p>\n\n\n\n<p class=\"has-medium-font-size\">27.04.2026 at 17:33<\/p>\n\n\n\n<p class=\"has-small-font-size\">Am Wochenende haben keine Verhandlungen zwischen den USA und Iran stattgefunden, nun soll Teheran ein Ende der Hormus-Blockade angeboten haben. Doch den USA d\u00fcrfte an dem Vorschlag etwas Zentrales fehlen.<\/p>\n<\/div><\/div>\n\n\n\n<div class=\"wp-block-group\" style=\"margin-top:var(--wp--preset--spacing--30);margin-bottom:var(--wp--preset--spacing--30);padding-top:var(--wp--preset--spacing--30);padding-right:var(--wp--preset--spacing--30);padding-bottom:var(--wp--preset--spacing--30);padding-left:var(--wp--preset--spacing--30)\"><div class=\"wp-block-group__inner-container is-layout-constrained wp-container-core-group-is-layout-40cadcaa wp-block-group-is-layout-constrained\">\n<figure class=\"wp-block-image\"><a target=\"_blank\" href=\"https:\/\/www.spiegel.de\/panorama\/justiz\/australien-fuenfjaehriges-maedchen-womoeglich-aus-eigenem-haus-entfuehrt-a-839940c9-ff76-4bab-b841-0e1621817fd1#ref=rss\"><img decoding=\"async\" src=\"https:\/\/cdn.prod.www.spiegel.de\/images\/7b4c06bc-e96a-4ee8-a093-b1b176fe5af6_w520_r2.08_fpx46.67_fpy50.jpg\" alt=\"Australien: F\u00fcnfj\u00e4hriges M\u00e4dchen wom\u00f6glich aus Haus der Eltern entf\u00fchrt\"\/><\/a><\/figure>\n\n\n\n<p><strong><a target=\"_blank\"  href=\"https:\/\/www.spiegel.de\/panorama\/justiz\/australien-fuenfjaehriges-maedchen-womoeglich-aus-eigenem-haus-entfuehrt-a-839940c9-ff76-4bab-b841-0e1621817fd1#ref=rss\">Australien: F\u00fcnfj\u00e4hriges M\u00e4dchen wom\u00f6glich aus Haus der Eltern entf\u00fchrt<\/a><\/strong><\/p>\n\n\n\n<p class=\"has-medium-font-size\">27.04.2026 at 17:02<\/p>\n\n\n\n<p class=\"has-small-font-size\">Im australischen Alice Springs wird ein f\u00fcnfj\u00e4hriges M\u00e4dchen vermisst. Die \u00f6rtliche Polizei vermutet, dass es aus einer Siedlung der indigenen Bev\u00f6lkerung entf\u00fchrt worden sein k\u00f6nnte.<\/p>\n<\/div><\/div>\n\n\n\n<div class=\"wp-block-group\" style=\"margin-top:var(--wp--preset--spacing--30);margin-bottom:var(--wp--preset--spacing--30);padding-top:var(--wp--preset--spacing--30);padding-right:var(--wp--preset--spacing--30);padding-bottom:var(--wp--preset--spacing--30);padding-left:var(--wp--preset--spacing--30)\"><div class=\"wp-block-group__inner-container is-layout-constrained wp-container-core-group-is-layout-40cadcaa wp-block-group-is-layout-constrained\">\n<figure class=\"wp-block-image\"><a target=\"_blank\" href=\"https:\/\/www.spiegel.de\/politik\/fdp-warum-nur-wolfgang-kubicki-die-liberalen-noch-retten-kann-kommentar-a-393f5710-7e8d-434e-a198-720a82ef055a#ref=rss\"><img decoding=\"async\" src=\"https:\/\/cdn.prod.www.spiegel.de\/images\/81bcf11d-c67c-4cb0-a338-9077875cf75a_w520_r2.08_fpx58_fpy54.97.jpg\" alt=\"FDP: Warum nur Wolfgang Kubicki die Liberalen noch retten kann - Kommentar\"\/><\/a><\/figure>\n\n\n\n<p><strong><a target=\"_blank\"  href=\"https:\/\/www.spiegel.de\/politik\/fdp-warum-nur-wolfgang-kubicki-die-liberalen-noch-retten-kann-kommentar-a-393f5710-7e8d-434e-a198-720a82ef055a#ref=rss\">FDP: Warum nur Wolfgang Kubicki die Liberalen noch retten kann &#8211; Kommentar<\/a><\/strong><\/p>\n\n\n\n<p class=\"has-medium-font-size\">27.04.2026 at 17:01<\/p>\n\n\n\n<p class=\"has-small-font-size\">Er provoziert und polarisiert, dennoch ist Vizeparteichef Wolfgang Kubicki die beste Hoffnung f\u00fcr die Liberalen. Es gibt allerdings ein gro\u00dfes Problem.<\/p>\n<\/div><\/div>\n\n\n\n<div class=\"wp-block-group\" style=\"margin-top:var(--wp--preset--spacing--30);margin-bottom:var(--wp--preset--spacing--30);padding-top:var(--wp--preset--spacing--30);padding-right:var(--wp--preset--spacing--30);padding-bottom:var(--wp--preset--spacing--30);padding-left:var(--wp--preset--spacing--30)\"><div class=\"wp-block-group__inner-container is-layout-constrained wp-container-core-group-is-layout-40cadcaa wp-block-group-is-layout-constrained\">\n<figure class=\"wp-block-image\"><a target=\"_blank\" href=\"https:\/\/www.spiegel.de\/ausland\/donald-trump-bremste-sicherheitskraefte-nach-schuessen-aus-ich-wollte-sehen-was-passiert-a-c237f229-c8a7-4417-91e4-1c6703b0a478#ref=rss\"><img decoding=\"async\" src=\"https:\/\/cdn.prod.www.spiegel.de\/images\/7cddd1e1-5a4f-437c-ad91-53ab82edf243_w520_r2.08_fpx52_fpy55.jpg\" alt=\"Donald Trump bremste Sicherheitskr\u00e4fte nach Sch\u00fcssen aus: \u00bbIch wollte sehen, was passiert\u00ab\"\/><\/a><\/figure>\n\n\n\n<p><strong><a target=\"_blank\"  href=\"https:\/\/www.spiegel.de\/ausland\/donald-trump-bremste-sicherheitskraefte-nach-schuessen-aus-ich-wollte-sehen-was-passiert-a-c237f229-c8a7-4417-91e4-1c6703b0a478#ref=rss\">Donald Trump bremste Sicherheitskr\u00e4fte nach Sch\u00fcssen aus: \u00bbIch wollte sehen, was passiert\u00ab<\/a><\/strong><\/p>\n\n\n\n<p class=\"has-medium-font-size\">27.04.2026 at 16:19<\/p>\n\n\n\n<p class=\"has-small-font-size\">Der US-Pr\u00e4sident gibt sich nach den Sch\u00fcssen in Washington gelassen. Derweil kommen Fragen am Sicherheitskonzept auf. Selbst der Sch\u00fctze soll sich gewundert haben.<\/p>\n<\/div><\/div>\n\n\n\n<div class=\"wp-block-group\" style=\"margin-top:var(--wp--preset--spacing--30);margin-bottom:var(--wp--preset--spacing--30);padding-top:var(--wp--preset--spacing--30);padding-right:var(--wp--preset--spacing--30);padding-bottom:var(--wp--preset--spacing--30);padding-left:var(--wp--preset--spacing--30)\"><div class=\"wp-block-group__inner-container is-layout-constrained wp-container-core-group-is-layout-40cadcaa wp-block-group-is-layout-constrained\">\n<figure class=\"wp-block-image\"><a target=\"_blank\" href=\"https:\/\/www.spiegel.de\/sport\/fussball\/spanischer-fussball-real-saragossas-torhueter-esteban-andrada-schlaegt-gegenspieler-ins-gesicht-a-75b2ccde-4e52-4bbb-80ac-88279e7f6c6b#ref=rss\"><img decoding=\"async\" src=\"https:\/\/cdn.prod.www.spiegel.de\/images\/330e5a7f-2de5-4052-bb60-41bc519b84f4_w520_r2.08_fpx51_fpy49.jpg\" alt=\"Real Saragossa: Torh\u00fcter Esteban Andrada schl\u00e4gt Gegenspieler ins Gesicht\"\/><\/a><\/figure>\n\n\n\n<p><strong><a target=\"_blank\"  href=\"https:\/\/www.spiegel.de\/sport\/fussball\/spanischer-fussball-real-saragossas-torhueter-esteban-andrada-schlaegt-gegenspieler-ins-gesicht-a-75b2ccde-4e52-4bbb-80ac-88279e7f6c6b#ref=rss\">Real Saragossa: Torh\u00fcter Esteban Andrada schl\u00e4gt Gegenspieler ins Gesicht<\/a><\/strong><\/p>\n\n\n\n<p class=\"has-medium-font-size\">27.04.2026 at 16:02<\/p>\n\n\n\n<p class=\"has-small-font-size\">In der zweiten spanischen Fu\u00dfballliga ist es zu einer Rudelbildung gekommen. Zuvor hatte der Keeper von Real Saragossa, Esteban Andrada, die Beherrschung verloren. Der Klub spricht von \u00bbunw\u00fcrdigen Szenen\u00ab.<\/p>\n<\/div><\/div>\n\n\n\n<div class=\"wp-block-group\" style=\"margin-top:var(--wp--preset--spacing--30);margin-bottom:var(--wp--preset--spacing--30);padding-top:var(--wp--preset--spacing--30);padding-right:var(--wp--preset--spacing--30);padding-bottom:var(--wp--preset--spacing--30);padding-left:var(--wp--preset--spacing--30)\"><div class=\"wp-block-group__inner-container is-layout-constrained wp-container-core-group-is-layout-40cadcaa wp-block-group-is-layout-constrained\">\n<figure class=\"wp-block-image\"><a target=\"_blank\" href=\"https:\/\/www.spiegel.de\/wirtschaft\/deutsche-und-briten-suchen-den-schulterschluss-a-4a53cf22-cdc1-4fc8-a5f5-d3424ed78e5c#ref=rss\"><img decoding=\"async\" src=\"https:\/\/cdn.prod.www.spiegel.de\/images\/8e85b0c7-82ef-4df3-91ff-e687dc7ce495_w520_r2.08_fpx29.98_fpy50.98.jpg\" alt=\"Wirtschaft: Deutschland und Gro\u00dfbritannien bem\u00fchen sich um Wiederann\u00e4herung\"\/><\/a><\/figure>\n\n\n\n<p><strong><a target=\"_blank\"  href=\"https:\/\/www.spiegel.de\/wirtschaft\/deutsche-und-briten-suchen-den-schulterschluss-a-4a53cf22-cdc1-4fc8-a5f5-d3424ed78e5c#ref=rss\">Wirtschaft: Deutschland und Gro\u00dfbritannien bem\u00fchen sich um Wiederann\u00e4herung<\/a><\/strong><\/p>\n\n\n\n<p class=\"has-medium-font-size\">27.04.2026 at 15:37<\/p>\n\n\n\n<p class=\"has-small-font-size\">Deutschland und Gro\u00dfbritannien bem\u00fchen sich um eine Wiederann\u00e4herung. Gut sechs Jahre nach dem Brexit geht es heute in Berlin um eine intensivere Kooperation in Wirtschaftsfragen.<\/p>\n<\/div><\/div>\n\n\n\n<div class=\"wp-block-group\" style=\"margin-top:var(--wp--preset--spacing--30);margin-bottom:var(--wp--preset--spacing--30);padding-top:var(--wp--preset--spacing--30);padding-right:var(--wp--preset--spacing--30);padding-bottom:var(--wp--preset--spacing--30);padding-left:var(--wp--preset--spacing--30)\"><div class=\"wp-block-group__inner-container is-layout-constrained wp-container-core-group-is-layout-40cadcaa wp-block-group-is-layout-constrained\">\n<figure class=\"wp-block-image\"><a target=\"_blank\" href=\"https:\/\/www.spiegel.de\/panorama\/leute\/frederic-prinz-von-anhalt-isst-offenbar-friedensschnitzel-mit-kader-loth-a-0c9f57b6-9d58-459d-bd9d-f4eb25971651#ref=rss\"><img decoding=\"async\" src=\"https:\/\/cdn.prod.www.spiegel.de\/images\/8a628a96-c438-4426-b3ad-39ecd435165e_w520_r2.08_fpx54_fpy45.jpg\" alt=\"Fr\u00e9d\u00e9ric von Anhalt: Friedensschnitzel mit Kader Loth nach Eklat im TV\"\/><\/a><\/figure>\n\n\n\n<p><strong><a target=\"_blank\"  href=\"https:\/\/www.spiegel.de\/panorama\/leute\/frederic-prinz-von-anhalt-isst-offenbar-friedensschnitzel-mit-kader-loth-a-0c9f57b6-9d58-459d-bd9d-f4eb25971651#ref=rss\">Fr\u00e9d\u00e9ric von Anhalt: Friedensschnitzel mit Kader Loth nach Eklat im TV<\/a><\/strong><\/p>\n\n\n\n<p class=\"has-medium-font-size\">27.04.2026 at 15:31<\/p>\n\n\n\n<p class=\"has-small-font-size\">Er pinkelte vor laufender Kamera in ihr Badewasser, nun hat sie ihm offenbar verziehen: Nach zwei Jahrzehnten haben sich die Realitystars Fr\u00e9d\u00e9ric Prinz von Anhalt und Kader Loth beim Dinner ausgesprochen \u2013 sagt er.<\/p>\n<\/div><\/div>\n\n\n\n<div class=\"wp-block-group\" style=\"margin-top:var(--wp--preset--spacing--30);margin-bottom:var(--wp--preset--spacing--30);padding-top:var(--wp--preset--spacing--30);padding-right:var(--wp--preset--spacing--30);padding-bottom:var(--wp--preset--spacing--30);padding-left:var(--wp--preset--spacing--30)\"><div class=\"wp-block-group__inner-container is-layout-constrained wp-container-core-group-is-layout-40cadcaa wp-block-group-is-layout-constrained\">\n<figure class=\"wp-block-image\"><a target=\"_blank\" href=\"https:\/\/www.spiegel.de\/panorama\/leute\/blair-underwood-kinder-moegen-nacktszenen-ihres-vaters-nicht-a-60b40d4b-c817-4fa3-8284-ad79000dbe8d#ref=rss\"><img decoding=\"async\" src=\"https:\/\/cdn.prod.www.spiegel.de\/images\/fc733a08-8822-447d-832d-27970619d5d6_w520_r2.08_fpx33.45_fpy55.jpg\" alt=\"Blair Underwood: Schauspieler spricht \u00fcber Reaktion seiner Kinder auf Nacktszenen\"\/><\/a><\/figure>\n\n\n\n<p><strong><a target=\"_blank\"  href=\"https:\/\/www.spiegel.de\/panorama\/leute\/blair-underwood-kinder-moegen-nacktszenen-ihres-vaters-nicht-a-60b40d4b-c817-4fa3-8284-ad79000dbe8d#ref=rss\">Blair Underwood: Schauspieler spricht \u00fcber Reaktion seiner Kinder auf Nacktszenen<\/a><\/strong><\/p>\n\n\n\n<p class=\"has-medium-font-size\">27.04.2026 at 15:08<\/p>\n\n\n\n<p class=\"has-small-font-size\">Papa auf dem Bildschirm? Kein Problem f\u00fcr die Kinder von Blair Underwood. Allerdings nur, solange er seine Kleidung anbeh\u00e4lt.<\/p>\n<\/div><\/div>\n\n\n\n<div class=\"wp-block-group\" style=\"margin-top:var(--wp--preset--spacing--30);margin-bottom:var(--wp--preset--spacing--30);padding-top:var(--wp--preset--spacing--30);padding-right:var(--wp--preset--spacing--30);padding-bottom:var(--wp--preset--spacing--30);padding-left:var(--wp--preset--spacing--30)\"><div class=\"wp-block-group__inner-container is-layout-constrained wp-container-core-group-is-layout-40cadcaa wp-block-group-is-layout-constrained\">\n<figure class=\"wp-block-image\"><a target=\"_blank\" href=\"https:\/\/www.spiegel.de\/wirtschaft\/soziales\/gesundheitsreform-karl-josef-laumann-verlangt-einsparungen-auch-bei-beamten-a-5066f195-6145-4d4f-a0b7-d8733f6251b4#ref=rss\"><img decoding=\"async\" src=\"https:\/\/cdn.prod.www.spiegel.de\/images\/3313cabc-7d0b-4cb5-96a5-9a1eb97c7d33_w520_r2.08_fpx48_fpy38.jpg\" alt=\"Karl-Josef Laumann: NRW-Gesundheitsminister verlangt Einsparungen auch bei Beamten\"\/><\/a><\/figure>\n\n\n\n<p><strong><a target=\"_blank\"  href=\"https:\/\/www.spiegel.de\/wirtschaft\/soziales\/gesundheitsreform-karl-josef-laumann-verlangt-einsparungen-auch-bei-beamten-a-5066f195-6145-4d4f-a0b7-d8733f6251b4#ref=rss\">Karl-Josef Laumann: NRW-Gesundheitsminister verlangt Einsparungen auch bei Beamten<\/a><\/strong><\/p>\n\n\n\n<p class=\"has-medium-font-size\">27.04.2026 at 14:59<\/p>\n\n\n\n<p class=\"has-small-font-size\">Die Kritik an Nina Warkens Gesundheitsreform ebbt nicht ab. Jetzt stellt sich mit NRW-Minister Karl-Josef Laumann ein prominenter CDU-Parteifreund gegen zentrale Elemente des Plans.<\/p>\n<\/div><\/div>\n\n\n\n<div class=\"wp-block-group\" style=\"margin-top:var(--wp--preset--spacing--30);margin-bottom:var(--wp--preset--spacing--30);padding-top:var(--wp--preset--spacing--30);padding-right:var(--wp--preset--spacing--30);padding-bottom:var(--wp--preset--spacing--30);padding-left:var(--wp--preset--spacing--30)\"><div class=\"wp-block-group__inner-container is-layout-constrained wp-container-core-group-is-layout-40cadcaa wp-block-group-is-layout-constrained\">\n<figure class=\"wp-block-image\"><a target=\"_blank\" href=\"https:\/\/www.spiegel.de\/politik\/deutschland\/lars-klingbeil-will-haerter-gegen-steuerbetrug-vorgehen-a-78b62446-7cee-4af3-93dc-75dc12c9e320#ref=rss\"><img decoding=\"async\" src=\"https:\/\/cdn.prod.www.spiegel.de\/images\/171fcb25-13ff-41d1-8779-e9b40d2d5281_w520_r2.08_fpx39_fpy50.jpg\" alt=\"SPD: Lars Klingbeil will h\u00e4rter gegen Steuerbetrug vorgehen\"\/><\/a><\/figure>\n\n\n\n<p><strong><a target=\"_blank\"  href=\"https:\/\/www.spiegel.de\/politik\/deutschland\/lars-klingbeil-will-haerter-gegen-steuerbetrug-vorgehen-a-78b62446-7cee-4af3-93dc-75dc12c9e320#ref=rss\">SPD: Lars Klingbeil will h\u00e4rter gegen Steuerbetrug vorgehen<\/a><\/strong><\/p>\n\n\n\n<p class=\"has-medium-font-size\">27.04.2026 at 14:37<\/p>\n\n\n\n<p class=\"has-small-font-size\">Wer Steuern hinterzieht, kommt oft mit einem einfachen Trick straffrei davon. Das will Finanzminister Klingbeil \u00e4ndern. Die Union hat andere Priorit\u00e4ten.<\/p>\n<\/div><\/div>\n\n\n\n<div class=\"wp-block-group\" style=\"margin-top:var(--wp--preset--spacing--30);margin-bottom:var(--wp--preset--spacing--30);padding-top:var(--wp--preset--spacing--30);padding-right:var(--wp--preset--spacing--30);padding-bottom:var(--wp--preset--spacing--30);padding-left:var(--wp--preset--spacing--30)\"><div class=\"wp-block-group__inner-container is-layout-constrained wp-container-core-group-is-layout-40cadcaa wp-block-group-is-layout-constrained\">\n<figure class=\"wp-block-image\"><a target=\"_blank\" href=\"https:\/\/www.spiegel.de\/wirtschaft\/unternehmen\/capri-sun-kaempft-fuer-rueckkehr-zum-plastikstrohhalm-aber-zu-wenige-machen-mit-a-c44487f5-666d-4a0a-a621-2a4f766a364c#ref=rss\"><img decoding=\"async\" src=\"https:\/\/cdn.prod.www.spiegel.de\/images\/686e406f-4d12-4692-847a-ad3f7293807c_w520_r2.08_fpx51.49_fpy49.99.jpg\" alt=\"EU: Capri-Sun k\u00e4mpft f\u00fcr R\u00fcckkehr zum Plastikstrohhalm\"\/><\/a><\/figure>\n\n\n\n<p><strong><a target=\"_blank\"  href=\"https:\/\/www.spiegel.de\/wirtschaft\/unternehmen\/capri-sun-kaempft-fuer-rueckkehr-zum-plastikstrohhalm-aber-zu-wenige-machen-mit-a-c44487f5-666d-4a0a-a621-2a4f766a364c#ref=rss\">EU: Capri-Sun k\u00e4mpft f\u00fcr R\u00fcckkehr zum Plastikstrohhalm<\/a><\/strong><\/p>\n\n\n\n<p class=\"has-medium-font-size\">27.04.2026 at 14:30<\/p>\n\n\n\n<p class=\"has-small-font-size\">Der Zuckergetr\u00e4nkehersteller Capri-Sun setzt sich seit Jahren daf\u00fcr ein, den Strohhalm aus Papier wieder gegen einen aus Plastik auszutauschen. Mit bemerkenswert wenig Erfolg.<\/p>\n<\/div><\/div>\n\n<\/div>\n\n\n<p><\/p>\n","protected":false},"excerpt":{"rendered":"","protected":false},"author":1,"featured_media":0,"parent":0,"menu_order":0,"comment_status":"closed","ping_status":"closed","template":"","meta":{"footnotes":""},"class_list":["post-8","page","type-page","status-publish","hentry","entry"],"_links":{"self":[{"href":"https:\/\/mgreif.com\/news\/wp-json\/wp\/v2\/pages\/8","targetHints":{"allow":["GET"]}}],"collection":[{"href":"https:\/\/mgreif.com\/news\/wp-json\/wp\/v2\/pages"}],"about":[{"href":"https:\/\/mgreif.com\/news\/wp-json\/wp\/v2\/types\/page"}],"author":[{"embeddable":true,"href":"https:\/\/mgreif.com\/news\/wp-json\/wp\/v2\/users\/1"}],"replies":[{"embeddable":true,"href":"https:\/\/mgreif.com\/news\/wp-json\/wp\/v2\/comments?post=8"}],"version-history":[{"count":56,"href":"https:\/\/mgreif.com\/news\/wp-json\/wp\/v2\/pages\/8\/revisions"}],"predecessor-version":[{"id":1672,"href":"https:\/\/mgreif.com\/news\/wp-json\/wp\/v2\/pages\/8\/revisions\/1672"}],"wp:attachment":[{"href":"https:\/\/mgreif.com\/news\/wp-json\/wp\/v2\/media?parent=8"}],"curies":[{"name":"wp","href":"https:\/\/api.w.org\/{rel}","templated":true}]}}