{"id":76,"date":"2020-08-15T04:45:03","date_gmt":"2020-08-15T04:45:03","guid":{"rendered":"https:\/\/special-buys-online.com\/news\/?page_id=76"},"modified":"2025-09-22T19:30:36","modified_gmt":"2025-09-22T10:00:36","slug":"heim-garten","status":"publish","type":"page","link":"https:\/\/mgreif.com\/news\/heim-garten\/","title":{"rendered":"Heim und Garten"},"content":{"rendered":"<div class=\"feedzy-loop-columns-2 wp-block-feedzy-rss-feeds-loop\">\n\n<div class=\"wp-block-group\" style=\"margin-top:var(--wp--preset--spacing--30);margin-bottom:var(--wp--preset--spacing--30);padding-top:var(--wp--preset--spacing--30);padding-right:var(--wp--preset--spacing--30);padding-bottom:var(--wp--preset--spacing--30);padding-left:var(--wp--preset--spacing--30)\"><div class=\"wp-block-group__inner-container is-layout-constrained wp-container-core-group-is-layout-40cadcaa wp-block-group-is-layout-constrained\">\n<figure class=\"wp-block-image\"><a target=\"_blank\" href=\"https:\/\/www.t-online.de\/heim-garten\/garten\/gartenarbeit\/id_100720142\/cola-als-moosentferner-selbsttest-zeigt-gravierende-nachteile.html\"><img decoding=\"async\" src=\"https:\/\/images.t-online.de\/2025\/05\/2GQjRgVeqcPe\/0x209:4000x2250\/fit-in\/1200x0\/draufsicht-auf-unerwuenschte-und-invasive-pflanzen-darunter-bryophyta-gruenes-moos-das-durch-die-fugen-zwischen-wellenfoermigen-terrakotta-pflastersteinen-in-einem-innenhof-im-sommer-waechst-quebec-kanada-nordamerika-top-view-of-undesirable-and-invasive-plants-including-bryophyta-green-moss-growing-through-the-joints-between-wavy-shaped-terracotta-paving-stones-in-patio-in-summer-quebec-canada-north-america-copyright-imagebroker-perryxmastrovito-ibxpmt11797368-jpg.jpg\" alt=\"Cola als Moosentferner? Selbsttest zeigt gravierende Nachteile\"\/><\/a><\/figure>\n\n\n\n<p><strong><a target=\"_blank\" href=\"https:\/\/www.t-online.de\/heim-garten\/garten\/gartenarbeit\/id_100720142\/cola-als-moosentferner-selbsttest-zeigt-gravierende-nachteile.html\">Cola als Moosentferner? Selbsttest zeigt gravierende Nachteile<\/a><\/strong><\/p>\n\n\n\n<p class=\"has-medium-font-size\">27.04.2026 at 21:09<\/p>\n\n\n\n<p class=\"has-small-font-size\">Die Idee, Cola als Moosentferner zu verwenden, klingt verlockend. Doch der Praxistest zeigt: Ganz so einfach geht es nicht.<\/p>\n<\/div><\/div>\n\n\n\n<div class=\"wp-block-group\" style=\"margin-top:var(--wp--preset--spacing--30);margin-bottom:var(--wp--preset--spacing--30);padding-top:var(--wp--preset--spacing--30);padding-right:var(--wp--preset--spacing--30);padding-bottom:var(--wp--preset--spacing--30);padding-left:var(--wp--preset--spacing--30)\"><div class=\"wp-block-group__inner-container is-layout-constrained wp-container-core-group-is-layout-40cadcaa wp-block-group-is-layout-constrained\">\n<figure class=\"wp-block-image\"><a target=\"_blank\" href=\"https:\/\/www.t-online.de\/heim-garten\/haushaltstipps\/id_100496078\/toilettenpapier-warum-auch-klopapier-schlecht-werden-kann.html\"><img decoding=\"async\" src=\"https:\/\/images.t-online.de\/2023\/06\/K2TmdDLnArZd\/0x110:2121x1193\/fit-in\/1200x0\/toilettenpapier-die-rolle-sollte-frisch-aus-der-verpackung-genommen-werden.jpg\" alt=\"Toilettenpapier: Warum auch Klopapier schlecht werden kann\"\/><\/a><\/figure>\n\n\n\n<p><strong><a target=\"_blank\" href=\"https:\/\/www.t-online.de\/heim-garten\/haushaltstipps\/id_100496078\/toilettenpapier-warum-auch-klopapier-schlecht-werden-kann.html\">Toilettenpapier: Warum auch Klopapier schlecht werden kann<\/a><\/strong><\/p>\n\n\n\n<p class=\"has-medium-font-size\">27.04.2026 at 21:07<\/p>\n\n\n\n<p class=\"has-small-font-size\">In vielen Haushalten wird Klopapier falsch gelagert. Das kann zu einem echten Hygieneproblem werden.<\/p>\n<\/div><\/div>\n\n\n\n<div class=\"wp-block-group\" style=\"margin-top:var(--wp--preset--spacing--30);margin-bottom:var(--wp--preset--spacing--30);padding-top:var(--wp--preset--spacing--30);padding-right:var(--wp--preset--spacing--30);padding-bottom:var(--wp--preset--spacing--30);padding-left:var(--wp--preset--spacing--30)\"><div class=\"wp-block-group__inner-container is-layout-constrained wp-container-core-group-is-layout-40cadcaa wp-block-group-is-layout-constrained\">\n<figure class=\"wp-block-image\"><a target=\"_blank\" href=\"https:\/\/www.t-online.de\/heim-garten\/garten\/gartenarbeit\/id_100044576\/kartoffeln-lagern-mit-diesem-alten-oma-trick-halten-sie-laenger.html\"><img decoding=\"async\" src=\"https:\/\/images.t-online.de\/2022\/08\/L6EfNYVnlbR3\/0x232:4000x2250\/fit-in\/1200x0\/die-kartoffelernte-lagern-so-laeuft-es-direkt-im-garten.jpg\" alt=\"Kartoffeln lagern: Mit diesem alten Oma-Trick halten sie l\u00e4nger\"\/><\/a><\/figure>\n\n\n\n<p><strong><a target=\"_blank\" href=\"https:\/\/www.t-online.de\/heim-garten\/garten\/gartenarbeit\/id_100044576\/kartoffeln-lagern-mit-diesem-alten-oma-trick-halten-sie-laenger.html\">Kartoffeln lagern: Mit diesem alten Oma-Trick halten sie l\u00e4nger<\/a><\/strong><\/p>\n\n\n\n<p class=\"has-medium-font-size\">27.04.2026 at 18:56<\/p>\n\n\n\n<p class=\"has-small-font-size\">Selbst angebautes Obst und Gem\u00fcse nach der Ernte lagern? Das geht auch ohne Keller und Gefrierschrank!<\/p>\n<\/div><\/div>\n\n\n\n<div class=\"wp-block-group\" style=\"margin-top:var(--wp--preset--spacing--30);margin-bottom:var(--wp--preset--spacing--30);padding-top:var(--wp--preset--spacing--30);padding-right:var(--wp--preset--spacing--30);padding-bottom:var(--wp--preset--spacing--30);padding-left:var(--wp--preset--spacing--30)\"><div class=\"wp-block-group__inner-container is-layout-constrained wp-container-core-group-is-layout-40cadcaa wp-block-group-is-layout-constrained\">\n<figure class=\"wp-block-image\"><a target=\"_blank\" href=\"https:\/\/www.t-online.de\/ratgeber\/haus-und-garten\/gartengestaltung\/id_101215184\/haengesessel-im-boho-stil-schafft-gemuetlichen-rueckzugsort-im-garten.html\"><img decoding=\"async\" src=\"https:\/\/images.t-online.de\/2026\/04\/UqG8ilPHA39W\/0x368:712x400\/fit-in\/1200x0\/filters:format(jpeg)\/image.webp\" alt=\"H\u00e4ngesessel im Boho-Stil schafft gem\u00fctlichen R\u00fcckzugsort im Garten\"\/><\/a><\/figure>\n\n\n\n<p><strong><a target=\"_blank\" href=\"https:\/\/www.t-online.de\/ratgeber\/haus-und-garten\/gartengestaltung\/id_101215184\/haengesessel-im-boho-stil-schafft-gemuetlichen-rueckzugsort-im-garten.html\">H\u00e4ngesessel im Boho-Stil schafft gem\u00fctlichen R\u00fcckzugsort im Garten<\/a><\/strong><\/p>\n\n\n\n<p class=\"has-medium-font-size\">27.04.2026 at 17:30<\/p>\n\n\n\n<p class=\"has-small-font-size\">Im Au\u00dfenbereich sollen die Sitzgelegenheiten oftmals praktisch sein, aber auch gem\u00fctlich. Eine gute M\u00f6glichkeit ist zum Beispiel der H\u00e4ngesessel von Bonprix. Dort kann man den Fr\u00fchling genie\u00dfen. Ein \u00dcberblick \u00fcber das M\u00f6bel.<\/p>\n<\/div><\/div>\n\n\n\n<div class=\"wp-block-group\" style=\"margin-top:var(--wp--preset--spacing--30);margin-bottom:var(--wp--preset--spacing--30);padding-top:var(--wp--preset--spacing--30);padding-right:var(--wp--preset--spacing--30);padding-bottom:var(--wp--preset--spacing--30);padding-left:var(--wp--preset--spacing--30)\"><div class=\"wp-block-group__inner-container is-layout-constrained wp-container-core-group-is-layout-40cadcaa wp-block-group-is-layout-constrained\">\n<figure class=\"wp-block-image\"><a target=\"_blank\" href=\"https:\/\/www.t-online.de\/heim-garten\/aktuelles\/id_101150858\/gartentier-des-jahres-2026-eichhoernchen-hat-gewonnen.html\"><img decoding=\"async\" src=\"https:\/\/images.t-online.de\/2025\/10\/89qxU27tq2j6\/0x191:4000x2250\/fit-in\/1200x0\/ein-rotes-eichhoernchen-wird-in-einem-tierheim-gefuettert-der-erloes-dieses-bildes-geht-zu-100-als-spende-an-das-tierheim-suederstrasse-in-hamburg-a-red-squirrel-is-being-fed-in-an-animal-shelter-100-of-the-proceeds-from-this-picture-will-be-donated-to-the-suederstrasse-animal-shelter-in-hamburg-copyright-imagebroker-christopherxkoch-ibxiqx13079497-jpg.jpg\" alt=\"Gartentier des Jahres 2026: Eichh\u00f6rnchen hat gewonnen\"\/><\/a><\/figure>\n\n\n\n<p><strong><a target=\"_blank\" href=\"https:\/\/www.t-online.de\/heim-garten\/aktuelles\/id_101150858\/gartentier-des-jahres-2026-eichhoernchen-hat-gewonnen.html\">Gartentier des Jahres 2026: Eichh\u00f6rnchen hat gewonnen<\/a><\/strong><\/p>\n\n\n\n<p class=\"has-medium-font-size\">27.04.2026 at 15:45<\/p>\n\n\n\n<p class=\"has-small-font-size\">Die Heinz-Sielmann-Stiftung hat das Eichh\u00f6rnchen zum Sieger der diesj\u00e4hrigen Wahl gek\u00fcrt. Insgesamt standen sechs Tierarten zur Auswahl \u2013 alle mit gro\u00dfer Bedeutung f\u00fcr das heimische \u00d6kosystem.<\/p>\n<\/div><\/div>\n\n\n\n<div class=\"wp-block-group\" style=\"margin-top:var(--wp--preset--spacing--30);margin-bottom:var(--wp--preset--spacing--30);padding-top:var(--wp--preset--spacing--30);padding-right:var(--wp--preset--spacing--30);padding-bottom:var(--wp--preset--spacing--30);padding-left:var(--wp--preset--spacing--30)\"><div class=\"wp-block-group__inner-container is-layout-constrained wp-container-core-group-is-layout-40cadcaa wp-block-group-is-layout-constrained\">\n<figure class=\"wp-block-image\"><a target=\"_blank\" href=\"https:\/\/www.t-online.de\/heim-garten\/garten\/tiere\/insekten\/id_70044546\/haus-und-garten-fliegende-ameisen-bekaempfen-die-besten-hausmittel.html\"><img decoding=\"async\" src=\"https:\/\/images.t-online.de\/2021\/07\/70113150v3\/0x0:640x360\/fit-in\/1200x0\/fliegende-ameisen-haben-ihre-fluegel-nur-waehrend-der-paarungszeit.jpg\" alt=\"Haus und Garten: Fliegende Ameisen bek\u00e4mpfen \u2013 die besten Hausmittel\"\/><\/a><\/figure>\n\n\n\n<p><strong><a target=\"_blank\" href=\"https:\/\/www.t-online.de\/heim-garten\/garten\/tiere\/insekten\/id_70044546\/haus-und-garten-fliegende-ameisen-bekaempfen-die-besten-hausmittel.html\">Haus und Garten: Fliegende Ameisen bek\u00e4mpfen \u2013 die besten Hausmittel<\/a><\/strong><\/p>\n\n\n\n<p class=\"has-medium-font-size\">27.04.2026 at 15:18<\/p>\n\n\n\n<p class=\"has-small-font-size\">Fliegende Ameisen sind im Sommer ein l\u00e4stiges Ph\u00e4nomen. Mit einfachen Mitteln lassen sie sich aus Haus und Garten fernhalten.<\/p>\n<\/div><\/div>\n\n\n\n<div class=\"wp-block-group\" style=\"margin-top:var(--wp--preset--spacing--30);margin-bottom:var(--wp--preset--spacing--30);padding-top:var(--wp--preset--spacing--30);padding-right:var(--wp--preset--spacing--30);padding-bottom:var(--wp--preset--spacing--30);padding-left:var(--wp--preset--spacing--30)\"><div class=\"wp-block-group__inner-container is-layout-constrained wp-container-core-group-is-layout-40cadcaa wp-block-group-is-layout-constrained\">\n<figure class=\"wp-block-image\"><a target=\"_blank\" href=\"https:\/\/www.t-online.de\/heim-garten\/haushaltstipps\/id_91899134\/spargel-kartoffeln-karotten-schaelen-mit-einem-trick-geht-es-schneller.html\"><img decoding=\"async\" src=\"https:\/\/images.t-online.de\/2022\/04\/91902732v2\/0x100:1920x1080\/fit-in\/1200x0\/kuechentrick-karotten-koennen-geputzt-oder-geschaelt-werden-letzteres-dauert-oft-lange.jpg\" alt=\"Spargel, Kartoffeln, Karotten sch\u00e4len: Mit einem Trick geht es schneller\"\/><\/a><\/figure>\n\n\n\n<p><strong><a target=\"_blank\" href=\"https:\/\/www.t-online.de\/heim-garten\/haushaltstipps\/id_91899134\/spargel-kartoffeln-karotten-schaelen-mit-einem-trick-geht-es-schneller.html\">Spargel, Kartoffeln, Karotten sch\u00e4len: Mit einem Trick geht es schneller<\/a><\/strong><\/p>\n\n\n\n<p class=\"has-medium-font-size\">27.04.2026 at 14:37<\/p>\n\n\n\n<p class=\"has-small-font-size\">Ein Sparsch\u00e4ler geh\u00f6rt in jede K\u00fcche \u2013 doch die meisten nutzen ihn falsch. Eine versteckte Funktion macht das Sch\u00e4len doppelt so schnell.<\/p>\n<\/div><\/div>\n\n\n\n<div class=\"wp-block-group\" style=\"margin-top:var(--wp--preset--spacing--30);margin-bottom:var(--wp--preset--spacing--30);padding-top:var(--wp--preset--spacing--30);padding-right:var(--wp--preset--spacing--30);padding-bottom:var(--wp--preset--spacing--30);padding-left:var(--wp--preset--spacing--30)\"><div class=\"wp-block-group__inner-container is-layout-constrained wp-container-core-group-is-layout-40cadcaa wp-block-group-is-layout-constrained\">\n<figure class=\"wp-block-image\"><a target=\"_blank\" href=\"https:\/\/www.t-online.de\/heim-garten\/haushaltstipps\/id_100276026\/staub-wischen-ist-eine-staubschicht-in-der-wohnung-gefaehrlich-.html\"><img decoding=\"async\" src=\"https:\/\/images.t-online.de\/2023\/11\/p5umg5NEuBLz\/0x110:2121x1193\/fit-in\/1200x0\/putzen-eine-dicke-staubschicht-moegen-viele-nicht.jpg\" alt=\"Staub wischen: Ist eine Staubschicht in der Wohnung gef\u00e4hrlich?\"\/><\/a><\/figure>\n\n\n\n<p><strong><a target=\"_blank\" href=\"https:\/\/www.t-online.de\/heim-garten\/haushaltstipps\/id_100276026\/staub-wischen-ist-eine-staubschicht-in-der-wohnung-gefaehrlich-.html\">Staub wischen: Ist eine Staubschicht in der Wohnung gef\u00e4hrlich?<\/a><\/strong><\/p>\n\n\n\n<p class=\"has-medium-font-size\">27.04.2026 at 14:36<\/p>\n\n\n\n<p class=\"has-small-font-size\">Einige wischen t\u00e4glich, andere einmal im Monat Staub \u2013 wenn \u00fcberhaupt. Was ist denn nun das richtige Ma\u00df? Und w\u00e4re es gef\u00e4hrlich, nicht Staub zu wischen?<\/p>\n<\/div><\/div>\n\n\n\n<div class=\"wp-block-group\" style=\"margin-top:var(--wp--preset--spacing--30);margin-bottom:var(--wp--preset--spacing--30);padding-top:var(--wp--preset--spacing--30);padding-right:var(--wp--preset--spacing--30);padding-bottom:var(--wp--preset--spacing--30);padding-left:var(--wp--preset--spacing--30)\"><div class=\"wp-block-group__inner-container is-layout-constrained wp-container-core-group-is-layout-40cadcaa wp-block-group-is-layout-constrained\">\n<figure class=\"wp-block-image\"><a target=\"_blank\" href=\"https:\/\/www.t-online.de\/heim-garten\/wohnen\/id_100509416\/ikea-diese-moebel-praegen-unsere-wohnzimmer.html\"><img decoding=\"async\" src=\"https:\/\/images.t-online.de\/2024\/10\/q19d9YAXHsCV\/0x283:900x506\/fit-in\/1200x0\/ein-poeang-sessel-mit-passendem-hocker.avif\" alt=\"Ikea: Diese M\u00f6bel pr\u00e4gen unsere Wohnzimmer\"\/><\/a><\/figure>\n\n\n\n<p><strong><a target=\"_blank\" href=\"https:\/\/www.t-online.de\/heim-garten\/wohnen\/id_100509416\/ikea-diese-moebel-praegen-unsere-wohnzimmer.html\">Ikea: Diese M\u00f6bel pr\u00e4gen unsere Wohnzimmer<\/a><\/strong><\/p>\n\n\n\n<p class=\"has-medium-font-size\">26.04.2026 at 23:10<\/p>\n\n\n\n<p class=\"has-small-font-size\">Seit mehr als 50 Jahren ist Ikea in Deutschland pr\u00e4sent. Einige M\u00f6bel des schwedischen Herstellers sind l\u00e4ngst zu echten Ikonen geworden.<\/p>\n<\/div><\/div>\n\n\n\n<div class=\"wp-block-group\" style=\"margin-top:var(--wp--preset--spacing--30);margin-bottom:var(--wp--preset--spacing--30);padding-top:var(--wp--preset--spacing--30);padding-right:var(--wp--preset--spacing--30);padding-bottom:var(--wp--preset--spacing--30);padding-left:var(--wp--preset--spacing--30)\"><div class=\"wp-block-group__inner-container is-layout-constrained wp-container-core-group-is-layout-40cadcaa wp-block-group-is-layout-constrained\">\n<figure class=\"wp-block-image\"><a target=\"_blank\" href=\"https:\/\/www.t-online.de\/heim-garten\/wohnen\/id_101229606\/waesche-trocknen-auf-dem-balkon-in-diesen-faellen-ist-es-verboten.html\"><img decoding=\"async\" src=\"https:\/\/images.t-online.de\/2026\/04\/3bIVAFB--no8\/0x73:2048x1152\/fit-in\/1200x0\/solange-die-waesche-beim-trocknen-keine-beeintraechtigung-fuer-andere-darstellt-kann-das-mietern-und-wohnungseigentuemern-nicht-untersagt-werden.jpg\" alt=\"W\u00e4sche trocknen auf dem Balkon: In diesen F\u00e4llen ist es verboten\"\/><\/a><\/figure>\n\n\n\n<p><strong><a target=\"_blank\" href=\"https:\/\/www.t-online.de\/heim-garten\/wohnen\/id_101229606\/waesche-trocknen-auf-dem-balkon-in-diesen-faellen-ist-es-verboten.html\">W\u00e4sche trocknen auf dem Balkon: In diesen F\u00e4llen ist es verboten<\/a><\/strong><\/p>\n\n\n\n<p class=\"has-medium-font-size\">26.04.2026 at 20:57<\/p>\n\n\n\n<p class=\"has-small-font-size\">Darf die W\u00e4sche auf dem Balkon trocknen? Manche Mietvertr\u00e4ge und Hausordnungen sehen hier tats\u00e4chlich Einschr\u00e4nkungen vor. Aber sind die auch rechtlich haltbar?<\/p>\n<\/div><\/div>\n\n\n\n<div class=\"wp-block-group\" style=\"margin-top:var(--wp--preset--spacing--30);margin-bottom:var(--wp--preset--spacing--30);padding-top:var(--wp--preset--spacing--30);padding-right:var(--wp--preset--spacing--30);padding-bottom:var(--wp--preset--spacing--30);padding-left:var(--wp--preset--spacing--30)\"><div class=\"wp-block-group__inner-container is-layout-constrained wp-container-core-group-is-layout-40cadcaa wp-block-group-is-layout-constrained\">\n<figure class=\"wp-block-image\"><a target=\"_blank\" href=\"https:\/\/www.t-online.de\/ratgeber\/haus-und-garten\/gartenausstattung\/id_101224774\/gartenschrank-fuer-stauraum-auf-kleinem-raum-im-aussenbereich.html\"><img decoding=\"async\" src=\"https:\/\/images.t-online.de\/2026\/04\/xY3WF95L-jfA\/97x131:576x324\/fit-in\/1200x0\/filters:format(jpeg)\/image.webp\" alt=\"Gartenschrank f\u00fcr Stauraum auf kleinem Raum im Au\u00dfenbereich\"\/><\/a><\/figure>\n\n\n\n<p><strong><a target=\"_blank\" href=\"https:\/\/www.t-online.de\/ratgeber\/haus-und-garten\/gartenausstattung\/id_101224774\/gartenschrank-fuer-stauraum-auf-kleinem-raum-im-aussenbereich.html\">Gartenschrank f\u00fcr Stauraum auf kleinem Raum im Au\u00dfenbereich<\/a><\/strong><\/p>\n\n\n\n<p class=\"has-medium-font-size\">26.04.2026 at 17:30<\/p>\n\n\n\n<p class=\"has-small-font-size\">Gartenutensilien, Werkzeuge oder Grillzubeh\u00f6r liegen oft ungesch\u00fctzt herum oder nehmen unn\u00f6tig Platz ein. Der Habau-Gartenschrank &#8220;Kompakt&#8221; bietet eine platzsparende L\u00f6sung und vereint gesch\u00fctzten Stauraum mit einer robusten Bauweise und vielseitigen Nutzungsm\u00f6glichkeiten. Er ist ideal f\u00fcr Ordnung auf Balkon, Terrasse und im Garten.<\/p>\n<\/div><\/div>\n\n\n\n<div class=\"wp-block-group\" style=\"margin-top:var(--wp--preset--spacing--30);margin-bottom:var(--wp--preset--spacing--30);padding-top:var(--wp--preset--spacing--30);padding-right:var(--wp--preset--spacing--30);padding-bottom:var(--wp--preset--spacing--30);padding-left:var(--wp--preset--spacing--30)\"><div class=\"wp-block-group__inner-container is-layout-constrained wp-container-core-group-is-layout-40cadcaa wp-block-group-is-layout-constrained\">\n<figure class=\"wp-block-image\"><a target=\"_blank\" href=\"https:\/\/www.t-online.de\/ratgeber\/haus-und-garten\/gartenausstattung\/id_101207646\/diese-feuerschale-von-cook-king-eignet-sich-auch-als-grill.html\"><img decoding=\"async\" src=\"https:\/\/images.t-online.de\/2026\/04\/655uG66hEDy4\/0x72:772x434\/fit-in\/1200x0\/filters:format(jpeg)\/image.webp\" alt=\"Diese Feuerschale von Cook King eignet sich auch als Grill\"\/><\/a><\/figure>\n\n\n\n<p><strong><a target=\"_blank\" href=\"https:\/\/www.t-online.de\/ratgeber\/haus-und-garten\/gartenausstattung\/id_101207646\/diese-feuerschale-von-cook-king-eignet-sich-auch-als-grill.html\">Diese Feuerschale von Cook King eignet sich auch als Grill<\/a><\/strong><\/p>\n\n\n\n<p class=\"has-medium-font-size\">26.04.2026 at 13:30<\/p>\n\n\n\n<p class=\"has-small-font-size\">Leckere Grillabende geh\u00f6ren zum Sommer einfach dazu und auch ein abendliches Zusammensitzen am Feuer rundet den Tag gelungen ab. Mit der Feuerschale von Cook King geht beides und zus\u00e4tzlich ist sie ein echter Blickfang im Garten.<\/p>\n<\/div><\/div>\n\n\n\n<div class=\"wp-block-group\" style=\"margin-top:var(--wp--preset--spacing--30);margin-bottom:var(--wp--preset--spacing--30);padding-top:var(--wp--preset--spacing--30);padding-right:var(--wp--preset--spacing--30);padding-bottom:var(--wp--preset--spacing--30);padding-left:var(--wp--preset--spacing--30)\"><div class=\"wp-block-group__inner-container is-layout-constrained wp-container-core-group-is-layout-40cadcaa wp-block-group-is-layout-constrained\">\n<figure class=\"wp-block-image\"><a target=\"_blank\" href=\"https:\/\/www.t-online.de\/heim-garten\/aktuelles\/id_101228922\/mauersegler-kehren-zurueck-nabu-meldet-erste-sichtungen.html\"><img decoding=\"async\" src=\"https:\/\/images.t-online.de\/2021\/09\/81759090v2\/10x100:1741x980\/fit-in\/1200x0\/die-durch-ihre-atemberaubenden-flugmanoever-bekannten-mauersegler-sind-hoehlenbrueter.jpg\" alt=\"Mauersegler kehren zur\u00fcck: Nabu meldet erste Sichtungen\"\/><\/a><\/figure>\n\n\n\n<p><strong><a target=\"_blank\" href=\"https:\/\/www.t-online.de\/heim-garten\/aktuelles\/id_101228922\/mauersegler-kehren-zurueck-nabu-meldet-erste-sichtungen.html\">Mauersegler kehren zur\u00fcck: Nabu meldet erste Sichtungen<\/a><\/strong><\/p>\n\n\n\n<p class=\"has-medium-font-size\">25.04.2026 at 22:51<\/p>\n\n\n\n<p class=\"has-small-font-size\">Seit Wochen warten Vogelbeobachter und Natursch\u00fctzer auf die R\u00fcckkehr eines Langstreckenspezialisten. Nun kommt er endlich in Deutschland an.<\/p>\n<\/div><\/div>\n\n\n\n<div class=\"wp-block-group\" style=\"margin-top:var(--wp--preset--spacing--30);margin-bottom:var(--wp--preset--spacing--30);padding-top:var(--wp--preset--spacing--30);padding-right:var(--wp--preset--spacing--30);padding-bottom:var(--wp--preset--spacing--30);padding-left:var(--wp--preset--spacing--30)\"><div class=\"wp-block-group__inner-container is-layout-constrained wp-container-core-group-is-layout-40cadcaa wp-block-group-is-layout-constrained\">\n<figure class=\"wp-block-image\"><a target=\"_blank\" href=\"https:\/\/www.t-online.de\/heim-garten\/aktuelles\/id_101038826\/eu-energieausweis-mai-2026-das-aendert-sich-fuer-eigentuemer-und-mieter.html\"><img decoding=\"async\" src=\"https:\/\/images.t-online.de\/2021\/09\/64546572v3\/0x0:640x360\/fit-in\/1200x0\/der-energieausweis-fuer-den-bereich-klimafreundlichen-neubau-gibt-es-qualifizierte-fachkraefte.jpg\" alt=\"EU-Energieausweis Mai 2026: Das \u00e4ndert sich f\u00fcr Eigent\u00fcmer und Mieter\"\/><\/a><\/figure>\n\n\n\n<p><strong><a target=\"_blank\" href=\"https:\/\/www.t-online.de\/heim-garten\/aktuelles\/id_101038826\/eu-energieausweis-mai-2026-das-aendert-sich-fuer-eigentuemer-und-mieter.html\">EU-Energieausweis Mai 2026: Das \u00e4ndert sich f\u00fcr Eigent\u00fcmer und Mieter<\/a><\/strong><\/p>\n\n\n\n<p class=\"has-medium-font-size\">25.04.2026 at 16:30<\/p>\n\n\n\n<p class=\"has-small-font-size\">Ab Mai 2026 kommt der neue EU-Energieausweis \u2013 und der ver\u00e4ndert f\u00fcr Eigent\u00fcmer und Mieter einiges. Was jetzt wichtig wird und welche Ausweise ihre G\u00fcltigkeit verlieren.<\/p>\n<\/div><\/div>\n\n\n\n<div class=\"wp-block-group\" style=\"margin-top:var(--wp--preset--spacing--30);margin-bottom:var(--wp--preset--spacing--30);padding-top:var(--wp--preset--spacing--30);padding-right:var(--wp--preset--spacing--30);padding-bottom:var(--wp--preset--spacing--30);padding-left:var(--wp--preset--spacing--30)\"><div class=\"wp-block-group__inner-container is-layout-constrained wp-container-core-group-is-layout-40cadcaa wp-block-group-is-layout-constrained\">\n<figure class=\"wp-block-image\"><a target=\"_blank\" href=\"https:\/\/www.t-online.de\/heim-garten\/energie\/strom\/id_101187032\/brownout-was-im-stromnetz-passiert-und-was-das-fuer-sie-bedeutet.html\"><img decoding=\"async\" src=\"https:\/\/images.t-online.de\/2026\/03\/4qAdvALQ0X-G\/0x110:2121x1193\/fit-in\/1200x0\/image.jpg\" alt=\"Brownout: Was im Stromnetz passiert  \u2013 und was das f\u00fcr Sie bedeutet\"\/><\/a><\/figure>\n\n\n\n<p><strong><a target=\"_blank\" href=\"https:\/\/www.t-online.de\/heim-garten\/energie\/strom\/id_101187032\/brownout-was-im-stromnetz-passiert-und-was-das-fuer-sie-bedeutet.html\">Brownout: Was im Stromnetz passiert  \u2013 und was das f\u00fcr Sie bedeutet<\/a><\/strong><\/p>\n\n\n\n<p class=\"has-medium-font-size\">24.04.2026 at 23:19<\/p>\n\n\n\n<p class=\"has-small-font-size\">Wenn das Licht flackert, muss das kein Blackout sein. Hinter solchen St\u00f6rungen steckt oft ein sogenannter Brownout \u2013 und der hat es in sich.<\/p>\n<\/div><\/div>\n\n\n\n<div class=\"wp-block-group\" style=\"margin-top:var(--wp--preset--spacing--30);margin-bottom:var(--wp--preset--spacing--30);padding-top:var(--wp--preset--spacing--30);padding-right:var(--wp--preset--spacing--30);padding-bottom:var(--wp--preset--spacing--30);padding-left:var(--wp--preset--spacing--30)\"><div class=\"wp-block-group__inner-container is-layout-constrained wp-container-core-group-is-layout-40cadcaa wp-block-group-is-layout-constrained\">\n<figure class=\"wp-block-image\"><a target=\"_blank\" href=\"https:\/\/www.t-online.de\/heim-garten\/bauen\/renovieren\/id_100857350\/welche-wandfarbe-fuers-schlafzimmer-tipps-und-ideen.html\"><img decoding=\"async\" src=\"https:\/\/images.t-online.de\/2025\/08\/RK9oLyllfq9M\/0x209:4000x2250\/fit-in\/1200x0\/pr-id17574-5375-antonverheijstraat9-jpg-a-modern-bedroom-featuring-an-arch-headboard-crisp-white-linens-and-warm-color-accents-showcasing-contemporary-interior-design-property-released-model-released-procreators-id17574-532122-022-copyright-xproxcreatorsx-record-date-not-stated.jpg\" alt=\"Welche Wandfarbe f\u00fcrs Schlafzimmer? Tipps und Ideen\"\/><\/a><\/figure>\n\n\n\n<p><strong><a target=\"_blank\" href=\"https:\/\/www.t-online.de\/heim-garten\/bauen\/renovieren\/id_100857350\/welche-wandfarbe-fuers-schlafzimmer-tipps-und-ideen.html\">Welche Wandfarbe f\u00fcrs Schlafzimmer? Tipps und Ideen<\/a><\/strong><\/p>\n\n\n\n<p class=\"has-medium-font-size\">24.04.2026 at 00:16<\/p>\n\n\n\n<p class=\"has-small-font-size\">Im Schlafzimmer ist die Wandfarbe f\u00fcr gute Erholung wichtig. Welche Farben geeignet sind und welche nicht, wird hier genauer berichtet.<\/p>\n<\/div><\/div>\n\n\n\n<div class=\"wp-block-group\" style=\"margin-top:var(--wp--preset--spacing--30);margin-bottom:var(--wp--preset--spacing--30);padding-top:var(--wp--preset--spacing--30);padding-right:var(--wp--preset--spacing--30);padding-bottom:var(--wp--preset--spacing--30);padding-left:var(--wp--preset--spacing--30)\"><div class=\"wp-block-group__inner-container is-layout-constrained wp-container-core-group-is-layout-40cadcaa wp-block-group-is-layout-constrained\">\n<figure class=\"wp-block-image\"><a target=\"_blank\" href=\"https:\/\/www.t-online.de\/heim-garten\/energie\/id_81045484\/eco-programm-darum-dauert-waschen-und-spuelen-oft-mehrere-stunden.html\"><img decoding=\"async\" src=\"https:\/\/images.t-online.de\/2021\/05\/85177294v2\/0x153:1920x1078\/fit-in\/1200x0\/spuelmaschine-das-eco-programm-dauert-zwar-laenger-das-geschirr-wird-aber-trotzdem-sauber.jpg\" alt=\"Eco-Programm: Darum dauert Waschen und Sp\u00fclen oft mehrere Stunden\"\/><\/a><\/figure>\n\n\n\n<p><strong><a target=\"_blank\" href=\"https:\/\/www.t-online.de\/heim-garten\/energie\/id_81045484\/eco-programm-darum-dauert-waschen-und-spuelen-oft-mehrere-stunden.html\">Eco-Programm: Darum dauert Waschen und Sp\u00fclen oft mehrere Stunden<\/a><\/strong><\/p>\n\n\n\n<p class=\"has-medium-font-size\">23.04.2026 at 20:45<\/p>\n\n\n\n<p class=\"has-small-font-size\">Das Eco-Programm l\u00e4uft stundenlang \u2013 und soll dabei die Umwelt schonen. Dahinter steckt ein cleveres Prinzip, das zudem bares Geld spart.<\/p>\n<\/div><\/div>\n\n\n\n<div class=\"wp-block-group\" style=\"margin-top:var(--wp--preset--spacing--30);margin-bottom:var(--wp--preset--spacing--30);padding-top:var(--wp--preset--spacing--30);padding-right:var(--wp--preset--spacing--30);padding-bottom:var(--wp--preset--spacing--30);padding-left:var(--wp--preset--spacing--30)\"><div class=\"wp-block-group__inner-container is-layout-constrained wp-container-core-group-is-layout-40cadcaa wp-block-group-is-layout-constrained\">\n<figure class=\"wp-block-image\"><a target=\"_blank\" href=\"https:\/\/www.t-online.de\/heim-garten\/aktuelles\/id_101225120\/kameras-zu-hause-was-sie-bei-der-videoueberwachung-alles-duerfen.html\"><img decoding=\"async\" src=\"https:\/\/images.t-online.de\/2026\/04\/GRMcAgmH44VR\/0x107:2048x1152\/fit-in\/1200x0\/sieht-alles-eine-ueberwachungskamera-schwenkfunktion-fuer-den-innenbereich-aber-darf-sie-das-auch.jpg\" alt=\"Kameras zu Hause: Was Sie bei der Video\u00fcberwachung alles d\u00fcrfen\"\/><\/a><\/figure>\n\n\n\n<p><strong><a target=\"_blank\" href=\"https:\/\/www.t-online.de\/heim-garten\/aktuelles\/id_101225120\/kameras-zu-hause-was-sie-bei-der-videoueberwachung-alles-duerfen.html\">Kameras zu Hause: Was Sie bei der Video\u00fcberwachung alles d\u00fcrfen<\/a><\/strong><\/p>\n\n\n\n<p class=\"has-medium-font-size\">23.04.2026 at 18:13<\/p>\n\n\n\n<p class=\"has-small-font-size\">Ohne Ton und schon gar nicht im Bad oder Schlafzimmer: Auch in den eigenen vier W\u00e4nden sind einer Video\u00fcberwachung in der Regel strenge Grenzen gesetzt. Wo genau sie liegen.<\/p>\n<\/div><\/div>\n\n\n\n<div class=\"wp-block-group\" style=\"margin-top:var(--wp--preset--spacing--30);margin-bottom:var(--wp--preset--spacing--30);padding-top:var(--wp--preset--spacing--30);padding-right:var(--wp--preset--spacing--30);padding-bottom:var(--wp--preset--spacing--30);padding-left:var(--wp--preset--spacing--30)\"><div class=\"wp-block-group__inner-container is-layout-constrained wp-container-core-group-is-layout-40cadcaa wp-block-group-is-layout-constrained\">\n<figure class=\"wp-block-image\"><a target=\"_blank\" href=\"https:\/\/www.t-online.de\/heim-garten\/energie\/id_92333368\/gasgrill-mit-diesen-tipps-sparen-sie-bares-geld-beim-grillen.html\"><img decoding=\"async\" src=\"https:\/\/images.t-online.de\/2022\/06\/92333406v2\/0x56:1920x1078\/fit-in\/1200x0\/sparsamer-spass-noch-mehr-freude-am-grillen-gibt-es-wenn-der-gasvorrat-laenger-haelt.jpg\" alt=\"Gasgrill: Mit diesen Tipps sparen Sie bares Geld beim Grillen\"\/><\/a><\/figure>\n\n\n\n<p><strong><a target=\"_blank\" href=\"https:\/\/www.t-online.de\/heim-garten\/energie\/id_92333368\/gasgrill-mit-diesen-tipps-sparen-sie-bares-geld-beim-grillen.html\">Gasgrill: Mit diesen Tipps sparen Sie bares Geld beim Grillen<\/a><\/strong><\/p>\n\n\n\n<p class=\"has-medium-font-size\">23.04.2026 at 06:02<\/p>\n\n\n\n<p class=\"has-small-font-size\">Auch beim Grillen kann man Energie verschwenden. Mit einfachen Tipps, k\u00f6nnen Sie die Gasflasche m\u00f6glichst effizient nutzen.<\/p>\n<\/div><\/div>\n\n\n\n<div class=\"wp-block-group\" style=\"margin-top:var(--wp--preset--spacing--30);margin-bottom:var(--wp--preset--spacing--30);padding-top:var(--wp--preset--spacing--30);padding-right:var(--wp--preset--spacing--30);padding-bottom:var(--wp--preset--spacing--30);padding-left:var(--wp--preset--spacing--30)\"><div class=\"wp-block-group__inner-container is-layout-constrained wp-container-core-group-is-layout-40cadcaa wp-block-group-is-layout-constrained\">\n<figure class=\"wp-block-image\"><a target=\"_blank\" href=\"https:\/\/www.t-online.de\/heim-garten\/bauen\/do-it-yourself\/id_54723628\/rost-warum-hausmittel-oft-besser-sind-als-traditionelle-entferner.html\"><img decoding=\"async\" src=\"https:\/\/images.t-online.de\/2021\/09\/83412032v2\/0x180:1920x1080\/fit-in\/1200x0\/metallanstrich-lasuren-und-lacke-koennen-rost-verhindern.jpg\" alt=\"Rost: Warum Hausmittel oft besser sind als traditionelle Entferner\"\/><\/a><\/figure>\n\n\n\n<p><strong><a target=\"_blank\" href=\"https:\/\/www.t-online.de\/heim-garten\/bauen\/do-it-yourself\/id_54723628\/rost-warum-hausmittel-oft-besser-sind-als-traditionelle-entferner.html\">Rost: Warum Hausmittel oft besser sind als traditionelle Entferner<\/a><\/strong><\/p>\n\n\n\n<p class=\"has-medium-font-size\">23.04.2026 at 03:59<\/p>\n\n\n\n<p class=\"has-small-font-size\">Rost kann die Stabilit\u00e4t von Metall nachhaltig beeintr\u00e4chtigen. Traditionelle Rostentferner versagen oft im Kampf gegen Korrosion.<\/p>\n<\/div><\/div>\n\n<\/div>","protected":false},"excerpt":{"rendered":"","protected":false},"author":1,"featured_media":0,"parent":0,"menu_order":0,"comment_status":"closed","ping_status":"closed","template":"","meta":{"footnotes":""},"class_list":["post-76","page","type-page","status-publish","hentry","entry"],"_links":{"self":[{"href":"https:\/\/mgreif.com\/news\/wp-json\/wp\/v2\/pages\/76","targetHints":{"allow":["GET"]}}],"collection":[{"href":"https:\/\/mgreif.com\/news\/wp-json\/wp\/v2\/pages"}],"about":[{"href":"https:\/\/mgreif.com\/news\/wp-json\/wp\/v2\/types\/page"}],"author":[{"embeddable":true,"href":"https:\/\/mgreif.com\/news\/wp-json\/wp\/v2\/users\/1"}],"replies":[{"embeddable":true,"href":"https:\/\/mgreif.com\/news\/wp-json\/wp\/v2\/comments?post=76"}],"version-history":[{"count":6,"href":"https:\/\/mgreif.com\/news\/wp-json\/wp\/v2\/pages\/76\/revisions"}],"predecessor-version":[{"id":1681,"href":"https:\/\/mgreif.com\/news\/wp-json\/wp\/v2\/pages\/76\/revisions\/1681"}],"wp:attachment":[{"href":"https:\/\/mgreif.com\/news\/wp-json\/wp\/v2\/media?parent=76"}],"curies":[{"name":"wp","href":"https:\/\/api.w.org\/{rel}","templated":true}]}}