{"id":72,"date":"2020-08-15T04:43:06","date_gmt":"2020-08-15T04:43:06","guid":{"rendered":"https:\/\/special-buys-online.com\/news\/?page_id=72"},"modified":"2025-09-22T19:35:43","modified_gmt":"2025-09-22T10:05:43","slug":"wirtschaft","status":"publish","type":"page","link":"https:\/\/mgreif.com\/news\/wirtschaft\/","title":{"rendered":"Wirtschaft"},"content":{"rendered":"<div class=\"feedzy-loop-columns-2 wp-block-feedzy-rss-feeds-loop\">\n\n<div class=\"wp-block-group\" style=\"margin-top:var(--wp--preset--spacing--30);margin-bottom:var(--wp--preset--spacing--30);padding-top:var(--wp--preset--spacing--30);padding-right:var(--wp--preset--spacing--30);padding-bottom:var(--wp--preset--spacing--30);padding-left:var(--wp--preset--spacing--30)\"><div class=\"wp-block-group__inner-container is-layout-constrained wp-container-core-group-is-layout-40cadcaa wp-block-group-is-layout-constrained\">\n<figure class=\"wp-block-image\"><a target=\"_blank\" href=\"https:\/\/www.t-online.de\/finanzen\/aktuelles\/id_101230914\/iw-iran-krieg-zeigt-erste-auswirkungen-auf-wohnungsmarkt.html\"><img decoding=\"async\" src=\"https:\/\/images.t-online.de\/2026\/04\/VVohg58XrfA5\/0x106:2048x1152\/fit-in\/1200x0\/wohnungen-in-hamburg-die-mieten-in-deutschland-stehen-unter-druck-archivbild.jpg\" alt=\"IW: Iran-Krieg zeigt erste Auswirkungen auf Wohnungsmarkt\"\/><\/a><\/figure>\n\n\n\n<p><strong><a target=\"_blank\" href=\"https:\/\/www.t-online.de\/finanzen\/aktuelles\/id_101230914\/iw-iran-krieg-zeigt-erste-auswirkungen-auf-wohnungsmarkt.html\">IW: Iran-Krieg zeigt erste Auswirkungen auf Wohnungsmarkt<\/a><\/strong><\/p>\n\n\n\n<p class=\"has-medium-font-size\">27.04.2026 at 21:15<\/p>\n\n\n\n<p class=\"has-small-font-size\">Gestiegene Zinsen und h\u00f6here Baukosten belasten K\u00e4ufer und Bauherren &#8211; die Immobilienpreise steigen aus Sicht des Instituts der deutschen Wirtschaft kaum noch.<\/p>\n<\/div><\/div>\n\n\n\n<div class=\"wp-block-group\" style=\"margin-top:var(--wp--preset--spacing--30);margin-bottom:var(--wp--preset--spacing--30);padding-top:var(--wp--preset--spacing--30);padding-right:var(--wp--preset--spacing--30);padding-bottom:var(--wp--preset--spacing--30);padding-left:var(--wp--preset--spacing--30)\"><div class=\"wp-block-group__inner-container is-layout-constrained wp-container-core-group-is-layout-40cadcaa wp-block-group-is-layout-constrained\">\n<figure class=\"wp-block-image\"><a target=\"_blank\" href=\"https:\/\/www.t-online.de\/finanzen\/ratgeber\/versicherungen\/krankenversicherung\/id_101230692\/krankenkassen-zahl-sinkt-weiter-weitere-kassen-pruefen-fusion.html\"><img decoding=\"async\" src=\"https:\/\/images.t-online.de\/2026\/04\/Jswe4nAe4ZMH\/0x210:4000x2250\/fit-in\/1200x0\/die-zahl-der-krankenkassen-koennte-bald-weiter-sinken.jpg\" alt=\"Krankenkassen: Zahl sinkt weiter \u2013 weitere Kassen pr\u00fcfen Fusion\"\/><\/a><\/figure>\n\n\n\n<p><strong><a target=\"_blank\" href=\"https:\/\/www.t-online.de\/finanzen\/ratgeber\/versicherungen\/krankenversicherung\/id_101230692\/krankenkassen-zahl-sinkt-weiter-weitere-kassen-pruefen-fusion.html\">Krankenkassen: Zahl sinkt weiter \u2013 weitere Kassen pr\u00fcfen Fusion<\/a><\/strong><\/p>\n\n\n\n<p class=\"has-medium-font-size\">27.04.2026 at 21:09<\/p>\n\n\n\n<p class=\"has-small-font-size\">Bisweilen ruft die Anzahl der Krankenkassen in Deutschland Kritik hervor. Zum Jahreswechsel k\u00f6nnte deren Bestand jedoch weiter sinken.<\/p>\n<\/div><\/div>\n\n\n\n<div class=\"wp-block-group\" style=\"margin-top:var(--wp--preset--spacing--30);margin-bottom:var(--wp--preset--spacing--30);padding-top:var(--wp--preset--spacing--30);padding-right:var(--wp--preset--spacing--30);padding-bottom:var(--wp--preset--spacing--30);padding-left:var(--wp--preset--spacing--30)\"><div class=\"wp-block-group__inner-container is-layout-constrained wp-container-core-group-is-layout-40cadcaa wp-block-group-is-layout-constrained\">\n<figure class=\"wp-block-image\"><a target=\"_blank\" href=\"https:\/\/www.t-online.de\/finanzen\/aktuelles\/wirtschaft\/id_101230834\/insolvenz-schlote-und-bohai-autozulieferer-aus-dem-harz-sind-insolvent.html\"><img decoding=\"async\" src=\"https:\/\/images.t-online.de\/2026\/04\/HtXLCZZGo5vs\/0x94:2048x1152\/fit-in\/1200x0\/ein-giesser-arbeitet-mit-dem-rohling-eines-motorblocks-symbolbild-der-bohai-trimet-konzern-mit-sitz-in-harzgerode-sachsen-anhalt-musste-im-sommer-insolvenz-anmelden.jpg\" alt=\"Insolvenz | Schlote und Bohai: Autozulieferer aus dem Harz sind insolvent\"\/><\/a><\/figure>\n\n\n\n<p><strong><a target=\"_blank\" href=\"https:\/\/www.t-online.de\/finanzen\/aktuelles\/wirtschaft\/id_101230834\/insolvenz-schlote-und-bohai-autozulieferer-aus-dem-harz-sind-insolvent.html\">Insolvenz | Schlote und Bohai: Autozulieferer aus dem Harz sind insolvent<\/a><\/strong><\/p>\n\n\n\n<p class=\"has-medium-font-size\">27.04.2026 at 21:08<\/p>\n\n\n\n<p class=\"has-small-font-size\">Bittere Nachrichten aus Harzgerode und Wernigerode: Hauptauftraggeber ziehen sich zur\u00fcck, Rettungsversuche scheitern \u2013 jetzt droht bei Bohai und der Schlote-Gruppe das endg\u00fcltige Aus.<\/p>\n<\/div><\/div>\n\n\n\n<div class=\"wp-block-group\" style=\"margin-top:var(--wp--preset--spacing--30);margin-bottom:var(--wp--preset--spacing--30);padding-top:var(--wp--preset--spacing--30);padding-right:var(--wp--preset--spacing--30);padding-bottom:var(--wp--preset--spacing--30);padding-left:var(--wp--preset--spacing--30)\"><div class=\"wp-block-group__inner-container is-layout-constrained wp-container-core-group-is-layout-40cadcaa wp-block-group-is-layout-constrained\">\n<figure class=\"wp-block-image\"><a target=\"_blank\" href=\"https:\/\/www.t-online.de\/finanzen\/aktuelles\/id_101230880\/tuerkei-will-firmen-mit-steuersenkungen-anlocken.html\"><img decoding=\"async\" src=\"https:\/\/images.t-online.de\/2026\/04\/D2kFT7v4sUN5\/0x95:2048x1152\/fit-in\/1200x0\/die-tuerkische-regierung-hat-umfassende-steuersenkungen-angekuendigt-symbolbild.jpg\" alt=\"T\u00fcrkei will Firmen mit Steuersenkungen anlocken\"\/><\/a><\/figure>\n\n\n\n<p><strong><a target=\"_blank\" href=\"https:\/\/www.t-online.de\/finanzen\/aktuelles\/id_101230880\/tuerkei-will-firmen-mit-steuersenkungen-anlocken.html\">T\u00fcrkei will Firmen mit Steuersenkungen anlocken<\/a><\/strong><\/p>\n\n\n\n<p class=\"has-medium-font-size\">27.04.2026 at 21:02<\/p>\n\n\n\n<p class=\"has-small-font-size\">Pr\u00e4sident Erdogan hat R\u00fcckkehrer und Investoren im Blick.<\/p>\n<\/div><\/div>\n\n\n\n<div class=\"wp-block-group\" style=\"margin-top:var(--wp--preset--spacing--30);margin-bottom:var(--wp--preset--spacing--30);padding-top:var(--wp--preset--spacing--30);padding-right:var(--wp--preset--spacing--30);padding-bottom:var(--wp--preset--spacing--30);padding-left:var(--wp--preset--spacing--30)\"><div class=\"wp-block-group__inner-container is-layout-constrained wp-container-core-group-is-layout-40cadcaa wp-block-group-is-layout-constrained\">\n<figure class=\"wp-block-image\"><a target=\"_blank\" href=\"https:\/\/www.t-online.de\/finanzen\/aktuelles\/verbraucher\/id_101230730\/digitale-brieftasche-daran-scheitert-die-vision-eudi-wallet-noch.html\"><img decoding=\"async\" src=\"https:\/\/images.t-online.de\/2024\/02\/GiadXdShZRoV\/0x145:2048x1152\/fit-in\/1200x0\/der-elektronische-personalausweis-eperso-spielt-bei-der-digitalisierung-der-verwaltung-eine-entscheidende-rolle.jpg\" alt=\"Digitale Brieftasche: Daran scheitert die Vision EUDI-Wallet noch\"\/><\/a><\/figure>\n\n\n\n<p><strong><a target=\"_blank\" href=\"https:\/\/www.t-online.de\/finanzen\/aktuelles\/verbraucher\/id_101230730\/digitale-brieftasche-daran-scheitert-die-vision-eudi-wallet-noch.html\">Digitale Brieftasche: Daran scheitert die Vision EUDI-Wallet noch<\/a><\/strong><\/p>\n\n\n\n<p class=\"has-medium-font-size\">27.04.2026 at 20:44<\/p>\n\n\n\n<p class=\"has-small-font-size\">Ausweis, F\u00fchrerschein, Vertr\u00e4ge: Haben B\u00fcrger bald alles auf dem Smartphone? Eine neue Umfrage zeigt, woran die gro\u00dfe Vision noch scheitert.<\/p>\n<\/div><\/div>\n\n\n\n<div class=\"wp-block-group\" style=\"margin-top:var(--wp--preset--spacing--30);margin-bottom:var(--wp--preset--spacing--30);padding-top:var(--wp--preset--spacing--30);padding-right:var(--wp--preset--spacing--30);padding-bottom:var(--wp--preset--spacing--30);padding-left:var(--wp--preset--spacing--30)\"><div class=\"wp-block-group__inner-container is-layout-constrained wp-container-core-group-is-layout-40cadcaa wp-block-group-is-layout-constrained\">\n<figure class=\"wp-block-image\"><a target=\"_blank\" href=\"https:\/\/www.t-online.de\/finanzen\/aktuelles\/id_101230626\/christian-lindner-wird-konzernchef-der-autoland-ag.html\"><img decoding=\"async\" src=\"https:\/\/images.t-online.de\/2026\/04\/xb5WgiOnoA0x\/0x74:2048x1152\/fit-in\/1200x0\/der-fruehere-bundesfinanzminister-und-fdp-chef-christian-lindner-archivbild.jpg\" alt=\"Christian Lindner wird Konzernchef der Autoland AG\"\/><\/a><\/figure>\n\n\n\n<p><strong><a target=\"_blank\" href=\"https:\/\/www.t-online.de\/finanzen\/aktuelles\/id_101230626\/christian-lindner-wird-konzernchef-der-autoland-ag.html\">Christian Lindner wird Konzernchef der Autoland AG<\/a><\/strong><\/p>\n\n\n\n<p class=\"has-medium-font-size\">27.04.2026 at 19:20<\/p>\n\n\n\n<p class=\"has-small-font-size\">Der fr\u00fchere Bundesfinanzminister Christian Lindner soll an die Spitze des gr\u00f6\u00dften markenunabh\u00e4ngigen Autoh\u00e4ndlers im Land.<\/p>\n<\/div><\/div>\n\n\n\n<div class=\"wp-block-group\" style=\"margin-top:var(--wp--preset--spacing--30);margin-bottom:var(--wp--preset--spacing--30);padding-top:var(--wp--preset--spacing--30);padding-right:var(--wp--preset--spacing--30);padding-bottom:var(--wp--preset--spacing--30);padding-left:var(--wp--preset--spacing--30)\"><div class=\"wp-block-group__inner-container is-layout-constrained wp-container-core-group-is-layout-40cadcaa wp-block-group-is-layout-constrained\">\n<figure class=\"wp-block-image\"><a target=\"_blank\" href=\"https:\/\/www.t-online.de\/finanzen\/aktuelles\/id_101230586\/bundeswehr-bestellt-infanterie-ausruestung-bei-rheinmetall.html\"><img decoding=\"async\" src=\"https:\/\/images.t-online.de\/2026\/04\/2SZ9ZPukuKr3\/0x107:2048x1152\/fit-in\/1200x0\/die-gladius-genannte-kampfausruestung-von-rheinmetall-auf-der-nuernberger-sicherheitstechnik-messe-enforce-tac-2025-aehnlich-sieht-die-nun-bestellte-bundeswehr-ausruestung-aus-archivbild.jpg\" alt=\"Bundeswehr bestellt Infanterie-Ausr\u00fcstung bei Rheinmetall\"\/><\/a><\/figure>\n\n\n\n<p><strong><a target=\"_blank\" href=\"https:\/\/www.t-online.de\/finanzen\/aktuelles\/id_101230586\/bundeswehr-bestellt-infanterie-ausruestung-bei-rheinmetall.html\">Bundeswehr bestellt Infanterie-Ausr\u00fcstung bei Rheinmetall<\/a><\/strong><\/p>\n\n\n\n<p class=\"has-medium-font-size\">27.04.2026 at 19:00<\/p>\n\n\n\n<p class=\"has-small-font-size\">Die Digitalisierung hat l\u00e4ngst auch in der Kriegsf\u00fchrung Einzug gehalten, die Infanterie wird vernetzt mit anderen Truppenteilen.<\/p>\n<\/div><\/div>\n\n\n\n<div class=\"wp-block-group\" style=\"margin-top:var(--wp--preset--spacing--30);margin-bottom:var(--wp--preset--spacing--30);padding-top:var(--wp--preset--spacing--30);padding-right:var(--wp--preset--spacing--30);padding-bottom:var(--wp--preset--spacing--30);padding-left:var(--wp--preset--spacing--30)\"><div class=\"wp-block-group__inner-container is-layout-constrained wp-container-core-group-is-layout-40cadcaa wp-block-group-is-layout-constrained\">\n<figure class=\"wp-block-image\"><a target=\"_blank\" href=\"https:\/\/www.t-online.de\/finanzen\/aktuelles\/verbraucher\/id_101214158\/beamtenbesoldung-steuern-rente-diese-aenderungen-gelten-ab-mai-2026.html\"><img decoding=\"async\" src=\"https:\/\/images.t-online.de\/2026\/04\/TRuwwkv9LN4s\/0x0:2120x1192\/fit-in\/1200x0\/entlastung-in-sicht-steigende-preise-setzen-viele-haushalte-unter-druck-doch-im-mai-greifen-erste-massnahmen.jpg\" alt=\"Beamtenbesoldung, Steuern, Rente: Diese \u00c4nderungen gelten ab Mai 2026\"\/><\/a><\/figure>\n\n\n\n<p><strong><a target=\"_blank\" href=\"https:\/\/www.t-online.de\/finanzen\/aktuelles\/verbraucher\/id_101214158\/beamtenbesoldung-steuern-rente-diese-aenderungen-gelten-ab-mai-2026.html\">Beamtenbesoldung, Steuern, Rente: Diese \u00c4nderungen gelten ab Mai 2026<\/a><\/strong><\/p>\n\n\n\n<p class=\"has-medium-font-size\">27.04.2026 at 18:40<\/p>\n\n\n\n<p class=\"has-small-font-size\">Vom Gehalt bis zur Rente: Auch im Mai treten wieder mehrere Neuerungen in Kraft. Was Verbraucher jetzt wissen sollten.<\/p>\n<\/div><\/div>\n\n\n\n<div class=\"wp-block-group\" style=\"margin-top:var(--wp--preset--spacing--30);margin-bottom:var(--wp--preset--spacing--30);padding-top:var(--wp--preset--spacing--30);padding-right:var(--wp--preset--spacing--30);padding-bottom:var(--wp--preset--spacing--30);padding-left:var(--wp--preset--spacing--30)\"><div class=\"wp-block-group__inner-container is-layout-constrained wp-container-core-group-is-layout-40cadcaa wp-block-group-is-layout-constrained\">\n<figure class=\"wp-block-image\"><a target=\"_blank\" href=\"https:\/\/www.t-online.de\/finanzen\/aktuelles\/id_101230532\/iran-krieg-drueckt-kauflaune-angst-vor-preissteigerungen.html\"><img decoding=\"async\" src=\"https:\/\/images.t-online.de\/2026\/04\/2TbYAdxCFy6E\/0x162:2048x1152\/fit-in\/1200x0\/die-stimmung-der-deutschen-verbraucher-wird-wegen-des-krieges-im-iran-und-seiner-folgen-immer-schlechter-symbolbild.jpg\" alt=\"Iran-Krieg dr\u00fcckt Kauflaune \u2013 Angst vor Preissteigerungen\"\/><\/a><\/figure>\n\n\n\n<p><strong><a target=\"_blank\" href=\"https:\/\/www.t-online.de\/finanzen\/aktuelles\/id_101230532\/iran-krieg-drueckt-kauflaune-angst-vor-preissteigerungen.html\">Iran-Krieg dr\u00fcckt Kauflaune \u2013 Angst vor Preissteigerungen<\/a><\/strong><\/p>\n\n\n\n<p class=\"has-medium-font-size\">27.04.2026 at 18:36<\/p>\n\n\n\n<p class=\"has-small-font-size\">Die Stimmung der deutschen Verbraucher ist vor allem wegen der Folgen des Iran-Krieges schlecht.<\/p>\n<\/div><\/div>\n\n\n\n<div class=\"wp-block-group\" style=\"margin-top:var(--wp--preset--spacing--30);margin-bottom:var(--wp--preset--spacing--30);padding-top:var(--wp--preset--spacing--30);padding-right:var(--wp--preset--spacing--30);padding-bottom:var(--wp--preset--spacing--30);padding-left:var(--wp--preset--spacing--30)\"><div class=\"wp-block-group__inner-container is-layout-constrained wp-container-core-group-is-layout-40cadcaa wp-block-group-is-layout-constrained\">\n<figure class=\"wp-block-image\"><a target=\"_blank\" href=\"https:\/\/www.t-online.de\/finanzen\/aktuelles\/id_101230152\/iran-krieg-drueckt-kauflaune-konsumklima-immer-schlechter.html\"><img decoding=\"async\" src=\"https:\/\/images.t-online.de\/2026\/04\/sR7-rVZrRVta\/0x162:2048x1152\/fit-in\/1200x0\/die-stimmung-der-deutschen-verbraucher-wird-wegen-des-krieges-im-iran-und-seiner-folgen-immer-schlechter-symbolbild.jpg\" alt=\"Iran-Krieg dr\u00fcckt Kauflaune \u2013 Konsumklima immer schlechter\"\/><\/a><\/figure>\n\n\n\n<p><strong><a target=\"_blank\" href=\"https:\/\/www.t-online.de\/finanzen\/aktuelles\/id_101230152\/iran-krieg-drueckt-kauflaune-konsumklima-immer-schlechter.html\">Iran-Krieg dr\u00fcckt Kauflaune \u2013 Konsumklima immer schlechter<\/a><\/strong><\/p>\n\n\n\n<p class=\"has-medium-font-size\">27.04.2026 at 15:30<\/p>\n\n\n\n<p class=\"has-small-font-size\">Die Stimmung der deutschen Verbraucher ist vor allem wegen der Folgen des Iran-Krieges schlecht.<\/p>\n<\/div><\/div>\n\n\n\n<div class=\"wp-block-group\" style=\"margin-top:var(--wp--preset--spacing--30);margin-bottom:var(--wp--preset--spacing--30);padding-top:var(--wp--preset--spacing--30);padding-right:var(--wp--preset--spacing--30);padding-bottom:var(--wp--preset--spacing--30);padding-left:var(--wp--preset--spacing--30)\"><div class=\"wp-block-group__inner-container is-layout-constrained wp-container-core-group-is-layout-40cadcaa wp-block-group-is-layout-constrained\">\n<figure class=\"wp-block-image\"><a target=\"_blank\" href=\"https:\/\/www.t-online.de\/finanzen\/ratgeber\/steuern-recht\/id_100174036\/was-ist-die-mehrwertsteuer-einfach-erklaert-definition.html\"><img decoding=\"async\" src=\"https:\/\/images.t-online.de\/2023\/05\/I0YB4Uatgy9a\/0x209:4000x2250\/fit-in\/1200x0\/kassenbon-vor-lebensmitteln-symbolbild-zusaetzlich-zum-nettopreis-muessen-sie-beim-einkauf-in-der-regel-auch-mehrwertsteuer-zahlen.jpg\" alt=\"Was ist die Mehrwertsteuer? Einfach erkl\u00e4rt | Definition\"\/><\/a><\/figure>\n\n\n\n<p><strong><a target=\"_blank\" href=\"https:\/\/www.t-online.de\/finanzen\/ratgeber\/steuern-recht\/id_100174036\/was-ist-die-mehrwertsteuer-einfach-erklaert-definition.html\">Was ist die Mehrwertsteuer? Einfach erkl\u00e4rt | Definition<\/a><\/strong><\/p>\n\n\n\n<p class=\"has-medium-font-size\">27.04.2026 at 14:27<\/p>\n\n\n\n<p class=\"has-small-font-size\">Man zahlt sie bei fast jedem Einkauf und doch ist es einem oft nicht bewusst: die Mehrwertsteuer. Aber was hat es mit der Steuer \u00fcberhaupt auf sich?<\/p>\n<\/div><\/div>\n\n\n\n<div class=\"wp-block-group\" style=\"margin-top:var(--wp--preset--spacing--30);margin-bottom:var(--wp--preset--spacing--30);padding-top:var(--wp--preset--spacing--30);padding-right:var(--wp--preset--spacing--30);padding-bottom:var(--wp--preset--spacing--30);padding-left:var(--wp--preset--spacing--30)\"><div class=\"wp-block-group__inner-container is-layout-constrained wp-container-core-group-is-layout-40cadcaa wp-block-group-is-layout-constrained\">\n<figure class=\"wp-block-image\"><a target=\"_blank\" href=\"https:\/\/www.t-online.de\/finanzen\/aktuelles\/wirtschaft\/id_101229924\/bayern-deutsches-bier-in-der-krise-neue-zahlen-bereiten-sorgen.html\"><img decoding=\"async\" src=\"https:\/\/images.t-online.de\/2026\/04\/I9a05wJQnPQe\/0x209:4000x2250\/fit-in\/1200x0\/zwei-helle-im-biergarten-symbolfoto-selbst-bayerische-brauer-muessen-nun-schlechte-absatzzahlen-quittieren.jpg\" alt=\"Bayern: Deutsches Bier in der Krise? Neue Zahlen bereiten Sorgen\"\/><\/a><\/figure>\n\n\n\n<p><strong><a target=\"_blank\" href=\"https:\/\/www.t-online.de\/finanzen\/aktuelles\/wirtschaft\/id_101229924\/bayern-deutsches-bier-in-der-krise-neue-zahlen-bereiten-sorgen.html\">Bayern: Deutsches Bier in der Krise? Neue Zahlen bereiten Sorgen<\/a><\/strong><\/p>\n\n\n\n<p class=\"has-medium-font-size\">27.04.2026 at 14:05<\/p>\n\n\n\n<p class=\"has-small-font-size\">Deutsches Bier ist nach wie vor beliebt \u2013 auch im Ausland. Doch neueste Zahlen d\u00fcrften die deutschen Brauerei aufschrecken. Sogar in Bayern geht der Absatz zur\u00fcck.<\/p>\n<\/div><\/div>\n\n\n\n<div class=\"wp-block-group\" style=\"margin-top:var(--wp--preset--spacing--30);margin-bottom:var(--wp--preset--spacing--30);padding-top:var(--wp--preset--spacing--30);padding-right:var(--wp--preset--spacing--30);padding-bottom:var(--wp--preset--spacing--30);padding-left:var(--wp--preset--spacing--30)\"><div class=\"wp-block-group__inner-container is-layout-constrained wp-container-core-group-is-layout-40cadcaa wp-block-group-is-layout-constrained\">\n<figure class=\"wp-block-image\"><a target=\"_blank\" href=\"https:\/\/www.t-online.de\/finanzen\/aktuelles\/wirtschaft\/id_101229988\/capri-sun-getraenkehersteller-scheitert-mit-petition-zum-plastikstrohhalm-.html\"><img decoding=\"async\" src=\"https:\/\/images.t-online.de\/2026\/04\/ZHaQCqMNj53F\/0x75:800x450\/fit-in\/1200x0\/bekanntes-bild-auf-deutschen-schulhoefen-ein-trinkpaeckchen-von-capri-sun-mit-einem-papierstrohhalm-symbolbild.jpg\" alt=\"Capri-Sun: Getr\u00e4nkehersteller scheitert mit Petition zum Plastikstrohhalm\"\/><\/a><\/figure>\n\n\n\n<p><strong><a target=\"_blank\" href=\"https:\/\/www.t-online.de\/finanzen\/aktuelles\/wirtschaft\/id_101229988\/capri-sun-getraenkehersteller-scheitert-mit-petition-zum-plastikstrohhalm-.html\">Capri-Sun: Getr\u00e4nkehersteller scheitert mit Petition zum Plastikstrohhalm<\/a><\/strong><\/p>\n\n\n\n<p class=\"has-medium-font-size\">27.04.2026 at 14:02<\/p>\n\n\n\n<p class=\"has-small-font-size\">Seit 2024 k\u00e4mpft Capri-Sun daf\u00fcr, den Papier- wieder gegen einen Plastikstrohhalm zu tauschen. Eine Petition daf\u00fcr ist nun gescheitert. Doch die Firma gibt nicht auf.<\/p>\n<\/div><\/div>\n\n\n\n<div class=\"wp-block-group\" style=\"margin-top:var(--wp--preset--spacing--30);margin-bottom:var(--wp--preset--spacing--30);padding-top:var(--wp--preset--spacing--30);padding-right:var(--wp--preset--spacing--30);padding-bottom:var(--wp--preset--spacing--30);padding-left:var(--wp--preset--spacing--30)\"><div class=\"wp-block-group__inner-container is-layout-constrained wp-container-core-group-is-layout-40cadcaa wp-block-group-is-layout-constrained\">\n<figure class=\"wp-block-image\"><a target=\"_blank\" href=\"https:\/\/www.t-online.de\/finanzen\/ratgeber\/beruf-karriere\/kuendigung\/id_68654290\/kuendigungsfrist-arbeitgeber-das-sagt-das-gesetz.html\"><img decoding=\"async\" src=\"https:\/\/images.t-online.de\/2025\/12\/7GAMsT-fruNM\/0x110:2121x1193\/fit-in\/1200x0\/angestellte-in-einem-meeting-symbolbild-mit-zunehmender-beschaeftigungsdauer-verlaengern-sich-die-kuendigungsfristen-von-arbeitnehmern.jpg\" alt=\"K\u00fcndigungsfrist Arbeitgeber: Das sagt das Gesetz\"\/><\/a><\/figure>\n\n\n\n<p><strong><a target=\"_blank\" href=\"https:\/\/www.t-online.de\/finanzen\/ratgeber\/beruf-karriere\/kuendigung\/id_68654290\/kuendigungsfrist-arbeitgeber-das-sagt-das-gesetz.html\">K\u00fcndigungsfrist Arbeitgeber: Das sagt das Gesetz<\/a><\/strong><\/p>\n\n\n\n<p class=\"has-medium-font-size\">27.04.2026 at 13:43<\/p>\n\n\n\n<p class=\"has-small-font-size\">Wenn ein Arbeitsverh\u00e4ltnis beenden werden soll, m\u00fcssen daf\u00fcr entsprechende K\u00fcndigungsfristen beachtet werden. Wie diese im Detail geregelt sind, erfahren Sie hier.<\/p>\n<\/div><\/div>\n\n\n\n<div class=\"wp-block-group\" style=\"margin-top:var(--wp--preset--spacing--30);margin-bottom:var(--wp--preset--spacing--30);padding-top:var(--wp--preset--spacing--30);padding-right:var(--wp--preset--spacing--30);padding-bottom:var(--wp--preset--spacing--30);padding-left:var(--wp--preset--spacing--30)\"><div class=\"wp-block-group__inner-container is-layout-constrained wp-container-core-group-is-layout-40cadcaa wp-block-group-is-layout-constrained\">\n<figure class=\"wp-block-image\"><a target=\"_blank\" href=\"https:\/\/www.t-online.de\/finanzen\/frag-t-online-ihr-geld\/id_101210488\/rente-kann-ich-riester-guthaben-ins-altersvorsorgedepot-uebertragen-.html\"><img decoding=\"async\" src=\"https:\/\/images.t-online.de\/2026\/04\/MuP7WUWnH8Rh\/0x39:2120x1192\/fit-in\/1200x0\/neue-foerderung-ab-2027-die-riester-rente-bekommt-mit-dem-altersvorsorgedepot-ein-update.jpg\" alt=\"Rente: Kann ich Riester-Guthaben ins Altersvorsorgedepot \u00fcbertragen?\"\/><\/a><\/figure>\n\n\n\n<p><strong><a target=\"_blank\" href=\"https:\/\/www.t-online.de\/finanzen\/frag-t-online-ihr-geld\/id_101210488\/rente-kann-ich-riester-guthaben-ins-altersvorsorgedepot-uebertragen-.html\">Rente: Kann ich Riester-Guthaben ins Altersvorsorgedepot \u00fcbertragen?<\/a><\/strong><\/p>\n\n\n\n<p class=\"has-medium-font-size\">27.04.2026 at 13:30<\/p>\n\n\n\n<p class=\"has-small-font-size\">Jeden Tag beantwortet ein Experte aus der t-online-Ratgeberredaktion eine Leserfrage rund ums Geld. Heute geht es um das neue Altersvorsorgedepot.<\/p>\n<\/div><\/div>\n\n\n\n<div class=\"wp-block-group\" style=\"margin-top:var(--wp--preset--spacing--30);margin-bottom:var(--wp--preset--spacing--30);padding-top:var(--wp--preset--spacing--30);padding-right:var(--wp--preset--spacing--30);padding-bottom:var(--wp--preset--spacing--30);padding-left:var(--wp--preset--spacing--30)\"><div class=\"wp-block-group__inner-container is-layout-constrained wp-container-core-group-is-layout-40cadcaa wp-block-group-is-layout-constrained\">\n<figure class=\"wp-block-image\"><a target=\"_blank\" href=\"https:\/\/www.t-online.de\/finanzen\/ratgeber\/altersvorsorge\/rententipps\/id_100084858\/rente-wer-bekommt-2300-euro-im-monat-diese-rechnung-sollten-sie-kennen.html\"><img decoding=\"async\" src=\"https:\/\/images.t-online.de\/2022\/11\/3flklYElpmrr\/0x208:4000x2250\/fit-in\/1200x0\/frau-prueft-ihren-rentenbescheid-symbolbild-das-schreiben-sollten-sie-sich-genau-anschauen-wenn-sie-wissen-wollen-wie-hoch-ihre-spaetere-rente-ausfallen-wird.jpg\" alt=\"Rente: Wer bekommt 2.300 Euro im Monat? Diese Rechnung sollten Sie kennen\"\/><\/a><\/figure>\n\n\n\n<p><strong><a target=\"_blank\" href=\"https:\/\/www.t-online.de\/finanzen\/ratgeber\/altersvorsorge\/rententipps\/id_100084858\/rente-wer-bekommt-2300-euro-im-monat-diese-rechnung-sollten-sie-kennen.html\">Rente: Wer bekommt 2.300 Euro im Monat? Diese Rechnung sollten Sie kennen<\/a><\/strong><\/p>\n\n\n\n<p class=\"has-medium-font-size\">27.04.2026 at 12:13<\/p>\n\n\n\n<p class=\"has-small-font-size\">Eine Rente ohne Geldsorgen \u2013 dieses Ziel d\u00fcrfte wohl jeder haben. Mit 2.300 Euro im Monat kann das schon gut gelingen. Doch wie kommt man an diesen Betrag?<\/p>\n<\/div><\/div>\n\n\n\n<div class=\"wp-block-group\" style=\"margin-top:var(--wp--preset--spacing--30);margin-bottom:var(--wp--preset--spacing--30);padding-top:var(--wp--preset--spacing--30);padding-right:var(--wp--preset--spacing--30);padding-bottom:var(--wp--preset--spacing--30);padding-left:var(--wp--preset--spacing--30)\"><div class=\"wp-block-group__inner-container is-layout-constrained wp-container-core-group-is-layout-40cadcaa wp-block-group-is-layout-constrained\">\n<figure class=\"wp-block-image\"><a target=\"_blank\" href=\"https:\/\/www.t-online.de\/finanzen\/ratgeber\/altersvorsorge\/gesetzlicherente\/id_101229490\/nach-merz-aussage-die-deutschen-wuerden-so-die-rente-reformieren.html\"><img decoding=\"async\" src=\"https:\/\/images.t-online.de\/2026\/04\/Pc0u5ByeYspQ\/0x107:2048x1152\/fit-in\/1200x0\/renten-fuer-das-alter-kommen-meist-aus-unterschiedlichen-saeulen-symbolbild.jpg\" alt=\"Nach Merz-Aussage: Die Deutschen w\u00fcrden so die Rente reformieren\"\/><\/a><\/figure>\n\n\n\n<p><strong><a target=\"_blank\" href=\"https:\/\/www.t-online.de\/finanzen\/ratgeber\/altersvorsorge\/gesetzlicherente\/id_101229490\/nach-merz-aussage-die-deutschen-wuerden-so-die-rente-reformieren.html\">Nach Merz-Aussage: Die Deutschen w\u00fcrden so die Rente reformieren<\/a><\/strong><\/p>\n\n\n\n<p class=\"has-medium-font-size\">27.04.2026 at 11:29<\/p>\n\n\n\n<p class=\"has-small-font-size\">Die schwarz-rote Koalition will die Rente reformieren. Wie genau, dar\u00fcber wird heftig gestritten. Die Deutschen haben klare Vorstellungen.<\/p>\n<\/div><\/div>\n\n\n\n<div class=\"wp-block-group\" style=\"margin-top:var(--wp--preset--spacing--30);margin-bottom:var(--wp--preset--spacing--30);padding-top:var(--wp--preset--spacing--30);padding-right:var(--wp--preset--spacing--30);padding-bottom:var(--wp--preset--spacing--30);padding-left:var(--wp--preset--spacing--30)\"><div class=\"wp-block-group__inner-container is-layout-constrained wp-container-core-group-is-layout-40cadcaa wp-block-group-is-layout-constrained\">\n<figure class=\"wp-block-image\"><a target=\"_blank\" href=\"https:\/\/www.t-online.de\/finanzen\/aktuelles\/id_101229930\/deutsch-britischer-wirtschaftsgipfel-freunde-mit-vorzuegen-.html\"><img decoding=\"async\" src=\"https:\/\/images.t-online.de\/2026\/04\/t1Znr5wM69ck\/0x72:2048x1152\/fit-in\/1200x0\/london-im-blick-in-berlin-geht-es-um-die-deutsch-britische-wirtschaftsbeziehung-archivbild.jpg\" alt=\"Deutsch-britischer Wirtschaftsgipfel: Freunde mit Vorz\u00fcgen?\"\/><\/a><\/figure>\n\n\n\n<p><strong><a target=\"_blank\" href=\"https:\/\/www.t-online.de\/finanzen\/aktuelles\/id_101229930\/deutsch-britischer-wirtschaftsgipfel-freunde-mit-vorzuegen-.html\">Deutsch-britischer Wirtschaftsgipfel: Freunde mit Vorz\u00fcgen?<\/a><\/strong><\/p>\n\n\n\n<p class=\"has-medium-font-size\">27.04.2026 at 11:00<\/p>\n\n\n\n<p class=\"has-small-font-size\">Deutschland und Gro\u00dfbritannien bem\u00fchen sich zunehmend um eine Wiederann\u00e4herung.<\/p>\n<\/div><\/div>\n\n\n\n<div class=\"wp-block-group\" style=\"margin-top:var(--wp--preset--spacing--30);margin-bottom:var(--wp--preset--spacing--30);padding-top:var(--wp--preset--spacing--30);padding-right:var(--wp--preset--spacing--30);padding-bottom:var(--wp--preset--spacing--30);padding-left:var(--wp--preset--spacing--30)\"><div class=\"wp-block-group__inner-container is-layout-constrained wp-container-core-group-is-layout-40cadcaa wp-block-group-is-layout-constrained\">\n<figure class=\"wp-block-image\"><a target=\"_blank\" href=\"https:\/\/www.t-online.de\/finanzen\/aktuelles\/wirtschaft\/id_101227478\/nabu-praesident-krueger-ueber-ex-vw-chef-halte-das-fuer-gefaehrliches-gerede-.html\"><img decoding=\"async\" src=\"https:\/\/images.t-online.de\/2026\/04\/FphOlwZDZbL8\/919x1375:2020x1136\/fit-in\/1200x0\/leopard-2-a6-kampfpanzer-vorfuehrung-auf-truppenuebungsplatz-kampfpanzer-leopard-2a6-des-panzerbataillon-203-aus-augustdorf-waehrend-einer-vorfuehrung-anlaesslich-des-besuches-vom-verteidigungsminister-boris-pistorius-das-panzerbataillon-203-wird-14-leopard-kampfpanzer-an-die-ukraine-abgeben-um-sich-ein-bild-von-der-leistungsfaehigkeit-des-leoparden-zu-machen-besuchte-der-bundesminister-der-verteidigung-pistorius-das-bataillon-neben-einer-dynamischen-vorfuehrung-des-panzers-liess-es-sich-pistorius-nicht-nehmen.jpg\" alt=\"Nabu-Pr\u00e4sident Kr\u00fcger \u00fcber Ex-VW-Chef: \"Halte das f\u00fcr gef\u00e4hrliches Gerede\"\"\/><\/a><\/figure>\n\n\n\n<p><strong><a target=\"_blank\" href=\"https:\/\/www.t-online.de\/finanzen\/aktuelles\/wirtschaft\/id_101227478\/nabu-praesident-krueger-ueber-ex-vw-chef-halte-das-fuer-gefaehrliches-gerede-.html\">Nabu-Pr\u00e4sident Kr\u00fcger \u00fcber Ex-VW-Chef: &#8220;Halte das f\u00fcr gef\u00e4hrliches Gerede&#8221;<\/a><\/strong><\/p>\n\n\n\n<p class=\"has-medium-font-size\">26.04.2026 at 22:52<\/p>\n\n\n\n<p class=\"has-small-font-size\">Polen sch\u00fctzt seine Grenzen mit nassen Mooren. Nabu-Pr\u00e4sident Kr\u00fcger erkl\u00e4rt, warum das sinnvoll ist, aber in Deutschland unm\u00f6glich w\u00e4re.<\/p>\n<\/div><\/div>\n\n\n\n<div class=\"wp-block-group\" style=\"margin-top:var(--wp--preset--spacing--30);margin-bottom:var(--wp--preset--spacing--30);padding-top:var(--wp--preset--spacing--30);padding-right:var(--wp--preset--spacing--30);padding-bottom:var(--wp--preset--spacing--30);padding-left:var(--wp--preset--spacing--30)\"><div class=\"wp-block-group__inner-container is-layout-constrained wp-container-core-group-is-layout-40cadcaa wp-block-group-is-layout-constrained\">\n<figure class=\"wp-block-image\"><a target=\"_blank\" href=\"https:\/\/www.t-online.de\/finanzen\/aktuelles\/id_101229556\/bahn-fahrpreise-im-fernverkehr-bleiben-bis-2027-stabil.html\"><img decoding=\"async\" src=\"https:\/\/images.t-online.de\/2026\/04\/IVJmUWULef8r\/0x107:2048x1152\/fit-in\/1200x0\/bahnchefin-palla-setzt-ein-signal-die-fahrpreise-bleiben-bis-auf-weiteres-stabil-archivbild.jpg\" alt=\"Bahn-Fahrpreise im Fernverkehr bleiben bis 2027 stabil\"\/><\/a><\/figure>\n\n\n\n<p><strong><a target=\"_blank\" href=\"https:\/\/www.t-online.de\/finanzen\/aktuelles\/id_101229556\/bahn-fahrpreise-im-fernverkehr-bleiben-bis-2027-stabil.html\">Bahn-Fahrpreise im Fernverkehr bleiben bis 2027 stabil<\/a><\/strong><\/p>\n\n\n\n<p class=\"has-medium-font-size\">26.04.2026 at 19:46<\/p>\n\n\n\n<p class=\"has-small-font-size\">Auf eines konnten sich Bahnkunden meist verlassen: die j\u00e4hrliche Preiserh\u00f6hung im Dezember.<\/p>\n<\/div><\/div>\n\n<\/div>\n\n\n<p><\/p>\n","protected":false},"excerpt":{"rendered":"","protected":false},"author":1,"featured_media":0,"parent":0,"menu_order":0,"comment_status":"closed","ping_status":"closed","template":"","meta":{"footnotes":""},"class_list":["post-72","page","type-page","status-publish","hentry","entry"],"_links":{"self":[{"href":"https:\/\/mgreif.com\/news\/wp-json\/wp\/v2\/pages\/72","targetHints":{"allow":["GET"]}}],"collection":[{"href":"https:\/\/mgreif.com\/news\/wp-json\/wp\/v2\/pages"}],"about":[{"href":"https:\/\/mgreif.com\/news\/wp-json\/wp\/v2\/types\/page"}],"author":[{"embeddable":true,"href":"https:\/\/mgreif.com\/news\/wp-json\/wp\/v2\/users\/1"}],"replies":[{"embeddable":true,"href":"https:\/\/mgreif.com\/news\/wp-json\/wp\/v2\/comments?post=72"}],"version-history":[{"count":4,"href":"https:\/\/mgreif.com\/news\/wp-json\/wp\/v2\/pages\/72\/revisions"}],"predecessor-version":[{"id":1685,"href":"https:\/\/mgreif.com\/news\/wp-json\/wp\/v2\/pages\/72\/revisions\/1685"}],"wp:attachment":[{"href":"https:\/\/mgreif.com\/news\/wp-json\/wp\/v2\/media?parent=72"}],"curies":[{"name":"wp","href":"https:\/\/api.w.org\/{rel}","templated":true}]}}