{"id":64,"date":"2020-08-15T04:18:19","date_gmt":"2020-08-15T04:18:19","guid":{"rendered":"https:\/\/special-buys-online.com\/news\/?page_id=64"},"modified":"2025-09-22T19:33:49","modified_gmt":"2025-09-22T10:03:49","slug":"lifestyle","status":"publish","type":"page","link":"https:\/\/mgreif.com\/news\/lifestyle\/","title":{"rendered":"Lifestyle"},"content":{"rendered":"<div class=\"feedzy-loop-columns-2 wp-block-feedzy-rss-feeds-loop\">\n\n<div class=\"wp-block-group\" style=\"margin-top:var(--wp--preset--spacing--30);margin-bottom:var(--wp--preset--spacing--30);padding-top:var(--wp--preset--spacing--30);padding-right:var(--wp--preset--spacing--30);padding-bottom:var(--wp--preset--spacing--30);padding-left:var(--wp--preset--spacing--30)\"><div class=\"wp-block-group__inner-container is-layout-constrained wp-container-core-group-is-layout-40cadcaa wp-block-group-is-layout-constrained\">\n<figure class=\"wp-block-image\"><a target=\"_blank\" href=\"https:\/\/www.t-online.de\/ratgeber\/deals\/mode-deals\/id_101137812\/preis-check-new-balance-sneaker-fuer-55-euro.html\"><img decoding=\"async\" src=\"https:\/\/images.t-online.de\/2026\/02\/tzq3I3cTLmU7\/0x45:720x405\/fit-in\/1200x0\/sneaker-von-new-balance-ki-symbolbild-bequem-durch-den-alltag.png\" alt=\"Preis-Check: New-Balance-Sneaker f\u00fcr 55 Euro\"\/><\/a><\/figure>\n\n\n\n<p><strong><a target=\"_blank\" href=\"https:\/\/www.t-online.de\/ratgeber\/deals\/mode-deals\/id_101137812\/preis-check-new-balance-sneaker-fuer-55-euro.html\">Preis-Check: New-Balance-Sneaker f\u00fcr 55 Euro<\/a><\/strong><\/p>\n\n\n\n<p class=\"has-medium-font-size\">23.02.2026 at 18:16<\/p>\n\n\n\n<p class=\"has-small-font-size\">Sie suchen einen bequemen Freizeitschuh mit sportlichem Look? Der beliebte New-Balance-Sneaker ist im Onlineshop derzeit f\u00fcr 55 Euro erh\u00e4ltlich. Wir zeigen, warum sich der Deal lohnt.<\/p>\n<\/div><\/div>\n\n\n\n<div class=\"wp-block-group\" style=\"margin-top:var(--wp--preset--spacing--30);margin-bottom:var(--wp--preset--spacing--30);padding-top:var(--wp--preset--spacing--30);padding-right:var(--wp--preset--spacing--30);padding-bottom:var(--wp--preset--spacing--30);padding-left:var(--wp--preset--spacing--30)\"><div class=\"wp-block-group__inner-container is-layout-constrained wp-container-core-group-is-layout-40cadcaa wp-block-group-is-layout-constrained\">\n<figure class=\"wp-block-image\"><a target=\"_blank\" href=\"https:\/\/duesseldorf.t-online.de\/region\/duesseldorf\/id_101112534\/nrw-duesseldorf-ein-drittel-der-beschaeftigten-arbeitet-in-teilzeit.html\"><img decoding=\"async\" src=\"https:\/\/images.t-online.de\/2026\/02\/TsSPzM0w2nqA\/0x209:4000x2250\/fit-in\/1200x0\/auf-einem-smartphone-wurde-die-website-der-industriegewerkschaft-metall-ig-metall-mit-informationen-zur-teilzeitarbeit-geoeffnet-symbolbild-symbolfoto-teilzeitarbeit-schnelsen-hamburg-the-website-of-the-ig-metall-industrial-union-with-information-on-part-time-work-was-opened-on-a-smartphone-symbol-image-symbol-photo-part-time-work-schnelsen-hamburg.jpg\" alt=\"NRW\/D\u00fcsseldorf: Ein Drittel der Besch\u00e4ftigten arbeitet in Teilzeit\"\/><\/a><\/figure>\n\n\n\n<p><strong><a target=\"_blank\" href=\"https:\/\/duesseldorf.t-online.de\/region\/duesseldorf\/id_101112534\/nrw-duesseldorf-ein-drittel-der-beschaeftigten-arbeitet-in-teilzeit.html\">NRW\/D\u00fcsseldorf: Ein Drittel der Besch\u00e4ftigten arbeitet in Teilzeit<\/a><\/strong><\/p>\n\n\n\n<p class=\"has-medium-font-size\">03.02.2026 at 20:53<\/p>\n\n\n\n<p class=\"has-small-font-size\">Die Teilzeitquote in NRW steigt. Jeder siebte Mann arbeitet bereits mit reduzierter Stundenzahl, bei Frauen sind es deutlich mehr. Regional gibt es gro\u00dfe Unterschiede.<\/p>\n<\/div><\/div>\n\n\n\n<div class=\"wp-block-group\" style=\"margin-top:var(--wp--preset--spacing--30);margin-bottom:var(--wp--preset--spacing--30);padding-top:var(--wp--preset--spacing--30);padding-right:var(--wp--preset--spacing--30);padding-bottom:var(--wp--preset--spacing--30);padding-left:var(--wp--preset--spacing--30)\"><div class=\"wp-block-group__inner-container is-layout-constrained wp-container-core-group-is-layout-40cadcaa wp-block-group-is-layout-constrained\">\n<figure class=\"wp-block-image\"><a target=\"_blank\" href=\"https:\/\/www.t-online.de\/finanzen\/aktuelles\/id_101099068\/lifestyle-oder-notwendig-cdu-loest-debatte-ueber-teilzeit-aus.html\"><img decoding=\"async\" src=\"https:\/\/images.t-online.de\/2026\/01\/L4SSCEgUiEKs\/0x191:2048x1152\/fit-in\/1200x0\/noch-nie-haben-so-viele-menschen-in-deutschland-in-teilzeit-gearbeitet-wie-heute-symbolbild.jpg\" alt=\"Lifestyle oder notwendig? CDU l\u00f6st Debatte \u00fcber Teilzeit aus\"\/><\/a><\/figure>\n\n\n\n<p><strong><a target=\"_blank\" href=\"https:\/\/www.t-online.de\/finanzen\/aktuelles\/id_101099068\/lifestyle-oder-notwendig-cdu-loest-debatte-ueber-teilzeit-aus.html\">Lifestyle oder notwendig? CDU l\u00f6st Debatte \u00fcber Teilzeit aus<\/a><\/strong><\/p>\n\n\n\n<p class=\"has-medium-font-size\">26.01.2026 at 00:32<\/p>\n\n\n\n<p class=\"has-small-font-size\">Kinderbetreuung, Pflege, Weiterbildung \u2013 nur noch bei solchen besonderen Gr\u00fcnden sollten Besch\u00e4ftigte Anspruch auf Teilzeit haben, lautet der Vorschlag.<\/p>\n<\/div><\/div>\n\n\n\n<div class=\"wp-block-group\" style=\"margin-top:var(--wp--preset--spacing--30);margin-bottom:var(--wp--preset--spacing--30);padding-top:var(--wp--preset--spacing--30);padding-right:var(--wp--preset--spacing--30);padding-bottom:var(--wp--preset--spacing--30);padding-left:var(--wp--preset--spacing--30)\"><div class=\"wp-block-group__inner-container is-layout-constrained wp-container-core-group-is-layout-40cadcaa wp-block-group-is-layout-constrained\">\n<figure class=\"wp-block-image\"><a target=\"_blank\" href=\"https:\/\/www.t-online.de\/region\/dortmund\/id_100712036\/500-taetowierer-bei-tattoo-messe-in-dortmund.html\"><img decoding=\"async\" src=\"https:\/\/images.t-online.de\/2025\/05\/kUir4LrQNDyp\/0x90:2048x1152\/fit-in\/1200x0\/dortmund-ist-wieder-schauplatz-einer-grossen-tattoo-messe-archivbild.jpg\" alt=\"500 T\u00e4towierer bei Tattoo-Messe in Dortmund\"\/><\/a><\/figure>\n\n\n\n<p><strong><a target=\"_blank\" href=\"https:\/\/www.t-online.de\/region\/dortmund\/id_100712036\/500-taetowierer-bei-tattoo-messe-in-dortmund.html\">500 T\u00e4towierer bei Tattoo-Messe in Dortmund<\/a><\/strong><\/p>\n\n\n\n<p class=\"has-medium-font-size\">08.05.2025 at 12:00<\/p>\n\n\n\n<p class=\"has-small-font-size\">Surrende Nadeln und viel bunte Haut: Die Tattoo-Szene kommt am Wochenende in Dortmund zusammen.<\/p>\n<\/div><\/div>\n\n\n\n<div class=\"wp-block-group\" style=\"margin-top:var(--wp--preset--spacing--30);margin-bottom:var(--wp--preset--spacing--30);padding-top:var(--wp--preset--spacing--30);padding-right:var(--wp--preset--spacing--30);padding-bottom:var(--wp--preset--spacing--30);padding-left:var(--wp--preset--spacing--30)\"><div class=\"wp-block-group__inner-container is-layout-constrained wp-container-core-group-is-layout-40cadcaa wp-block-group-is-layout-constrained\">\n<figure class=\"wp-block-image\"><a target=\"_blank\" href=\"https:\/\/www.t-online.de\/leben\/alltagswissen\/id_100519812\/was-ist-lifestyle-das-versteht-man-unter-dem-begriff.html\"><img decoding=\"async\" src=\"https:\/\/images.t-online.de\/2024\/06\/Cpf7Ww-Vy6mQ\/0x111:2120x1192\/fit-in\/1200x0\/image.jpg\" alt=\"Was ist Lifestyle? Das versteht man unter dem Begriff\"\/><\/a><\/figure>\n\n\n\n<p><strong><a target=\"_blank\" href=\"https:\/\/www.t-online.de\/leben\/alltagswissen\/id_100519812\/was-ist-lifestyle-das-versteht-man-unter-dem-begriff.html\">Was ist Lifestyle? Das versteht man unter dem Begriff<\/a><\/strong><\/p>\n\n\n\n<p class=\"has-medium-font-size\">30.10.2024 at 22:42<\/p>\n\n\n\n<p class=\"has-small-font-size\">Das Wort Lifestyle h\u00f6rt man regelm\u00e4\u00dfig online und offline. Doch was versteht man unter diesem Begriff? Wir erkl\u00e4ren es Ihnen.<\/p>\n<\/div><\/div>\n\n\n\n<div class=\"wp-block-group\" style=\"margin-top:var(--wp--preset--spacing--30);margin-bottom:var(--wp--preset--spacing--30);padding-top:var(--wp--preset--spacing--30);padding-right:var(--wp--preset--spacing--30);padding-bottom:var(--wp--preset--spacing--30);padding-left:var(--wp--preset--spacing--30)\"><div class=\"wp-block-group__inner-container is-layout-constrained wp-container-core-group-is-layout-40cadcaa wp-block-group-is-layout-constrained\">\n<figure class=\"wp-block-image\"><a target=\"_blank\" href=\"https:\/\/www.t-online.de\/nachrichten\/panorama\/gesellschaft\/id_100443722\/comeback-der-weissen-socken.html\"><img decoding=\"async\" src=\"https:\/\/images.t-online.de\/2024\/07\/3y-Z5doWHmsz\/0x93:2048x1152\/fit-in\/1200x0\/keine-spur-von-scham-auch-die-amerikanische-saengerin-billie-eilish-traegt-gerne-weisse-socken-zur-kuerzeren-hose.jpg\" alt=\"Comeback der wei\u00dfen Socken\"\/><\/a><\/figure>\n\n\n\n<p><strong><a target=\"_blank\" href=\"https:\/\/www.t-online.de\/nachrichten\/panorama\/gesellschaft\/id_100443722\/comeback-der-weissen-socken.html\">Comeback der wei\u00dfen Socken<\/a><\/strong><\/p>\n\n\n\n<p class=\"has-medium-font-size\">08.07.2024 at 15:37<\/p>\n\n\n\n<p class=\"has-small-font-size\">In Sportschuhen gehen nur Sneakersocken?<\/p>\n<\/div><\/div>\n\n\n\n<div class=\"wp-block-group\" style=\"margin-top:var(--wp--preset--spacing--30);margin-bottom:var(--wp--preset--spacing--30);padding-top:var(--wp--preset--spacing--30);padding-right:var(--wp--preset--spacing--30);padding-bottom:var(--wp--preset--spacing--30);padding-left:var(--wp--preset--spacing--30)\"><div class=\"wp-block-group__inner-container is-layout-constrained wp-container-core-group-is-layout-40cadcaa wp-block-group-is-layout-constrained\">\n<figure class=\"wp-block-image\"><a target=\"_blank\" href=\"https:\/\/www.t-online.de\/leben\/mode-beauty\/mode\/id_100414338\/tanga-oder-slips-diese-unterwaesche-gilt-als-besonders-sexy.html\"><img decoding=\"async\" src=\"https:\/\/images.t-online.de\/2021\/11\/83058418v2\/0x152:1920x1082\/fit-in\/1200x0\/unterhosen-bei-den-meisten-traegern-kommt-es-bei-der-unterwaesche-auf-deb-tragekomfort-und-nicht-auf-die-erotik-an.jpg\" alt=\"Tanga oder Slips: Diese Unterw\u00e4sche gilt als besonders sexy\"\/><\/a><\/figure>\n\n\n\n<p><strong><a target=\"_blank\" href=\"https:\/\/www.t-online.de\/leben\/mode-beauty\/mode\/id_100414338\/tanga-oder-slips-diese-unterwaesche-gilt-als-besonders-sexy.html\">Tanga oder Slips: Diese Unterw\u00e4sche gilt als besonders sexy<\/a><\/strong><\/p>\n\n\n\n<p class=\"has-medium-font-size\">29.05.2024 at 13:57<\/p>\n\n\n\n<p class=\"has-small-font-size\">Fast nackt, nur mit einer Unterhose bekleidet: Das kann sehr sexy sein. Zumindest, wenn die Unterhose dann auch noch die richtige Form hat.<\/p>\n<\/div><\/div>\n\n\n\n<div class=\"wp-block-group\" style=\"margin-top:var(--wp--preset--spacing--30);margin-bottom:var(--wp--preset--spacing--30);padding-top:var(--wp--preset--spacing--30);padding-right:var(--wp--preset--spacing--30);padding-bottom:var(--wp--preset--spacing--30);padding-left:var(--wp--preset--spacing--30)\"><div class=\"wp-block-group__inner-container is-layout-constrained wp-container-core-group-is-layout-40cadcaa wp-block-group-is-layout-constrained\">\n<figure class=\"wp-block-image\"><a target=\"_blank\" href=\"https:\/\/www.t-online.de\/leben\/alltagswissen\/id_100307618\/internationaler-weltfrauentag-diese-frauen-propagieren-konservative-rollenbilder.html\"><img decoding=\"async\" src=\"https:\/\/images.t-online.de\/2023\/12\/202b767M7VdD\/0x0:1920x1080\/fit-in\/1200x0\/image.png\" alt=\"Internationaler Weltfrauentag: Diese Frauen propagieren konservative Rollenbilder\"\/><\/a><\/figure>\n\n\n\n<p><strong><a target=\"_blank\" href=\"https:\/\/www.t-online.de\/leben\/alltagswissen\/id_100307618\/internationaler-weltfrauentag-diese-frauen-propagieren-konservative-rollenbilder.html\">Internationaler Weltfrauentag: Diese Frauen propagieren konservative Rollenbilder<\/a><\/strong><\/p>\n\n\n\n<p class=\"has-medium-font-size\">09.03.2024 at 00:48<\/p>\n\n\n\n<p class=\"has-small-font-size\">Junge Frauen, die konservative Rollenbilder verbreiten: Expertinnen und Experten sehen diesen Trend kritisch. Eine der Frauen gibt Einblicke in ihr Leben als Hausfrau.<\/p>\n<\/div><\/div>\n\n\n\n<div class=\"wp-block-group\" style=\"margin-top:var(--wp--preset--spacing--30);margin-bottom:var(--wp--preset--spacing--30);padding-top:var(--wp--preset--spacing--30);padding-right:var(--wp--preset--spacing--30);padding-bottom:var(--wp--preset--spacing--30);padding-left:var(--wp--preset--spacing--30)\"><div class=\"wp-block-group__inner-container is-layout-constrained wp-container-core-group-is-layout-40cadcaa wp-block-group-is-layout-constrained\">\n<figure class=\"wp-block-image\"><a target=\"_blank\" href=\"https:\/\/www.t-online.de\/unterhaltung\/quiz\/id_100074606\/vip-quiz-kennen-sie-eigentlich-das-alter-der-stars-allgemeinwissen-hier.html\"><img decoding=\"async\" src=\"\" alt=\"VIP-Quiz: Kennen Sie eigentlich das Alter der Stars? | Allgemeinwissen hier\"\/><\/a><\/figure>\n\n\n\n<p><strong><a target=\"_blank\" href=\"https:\/\/www.t-online.de\/unterhaltung\/quiz\/id_100074606\/vip-quiz-kennen-sie-eigentlich-das-alter-der-stars-allgemeinwissen-hier.html\">VIP-Quiz: Kennen Sie eigentlich das Alter der Stars? | Allgemeinwissen hier<\/a><\/strong><\/p>\n\n\n\n<p class=\"has-medium-font-size\">23.01.2024 at 21:36<\/p>\n\n\n\n<p class=\"has-small-font-size\">Die Frage nach dem Alter st\u00f6\u00dft gelegentlich sauer auf \u2013 ist aber sehr interessant. Wissen Sie, welcher Promi im Vergleich \u00e4lter ist? Testen Sie sich im neuen VIP-Quiz.<\/p>\n<\/div><\/div>\n\n\n\n<div class=\"wp-block-group\" style=\"margin-top:var(--wp--preset--spacing--30);margin-bottom:var(--wp--preset--spacing--30);padding-top:var(--wp--preset--spacing--30);padding-right:var(--wp--preset--spacing--30);padding-bottom:var(--wp--preset--spacing--30);padding-left:var(--wp--preset--spacing--30)\"><div class=\"wp-block-group__inner-container is-layout-constrained wp-container-core-group-is-layout-40cadcaa wp-block-group-is-layout-constrained\">\n<figure class=\"wp-block-image\"><a target=\"_blank\" href=\"https:\/\/www.t-online.de\/nachrichten\/panorama\/gesellschaft\/id_100312162\/trends-des-jahres-was-2024-angesagt-sein-koennte.html\"><img decoding=\"async\" src=\"https:\/\/images.t-online.de\/2024\/01\/48gPjMy7mH9H\/0x107:2048x1152\/fit-in\/1200x0\/mehr-freizuegigkeit-in-der-mode-model-naomi-campbell-macht-s-vor.jpg\" alt=\"Trends des Jahres: Was 2024 angesagt sein k\u00f6nnte\"\/><\/a><\/figure>\n\n\n\n<p><strong><a target=\"_blank\" href=\"https:\/\/www.t-online.de\/nachrichten\/panorama\/gesellschaft\/id_100312162\/trends-des-jahres-was-2024-angesagt-sein-koennte.html\">Trends des Jahres: Was 2024 angesagt sein k\u00f6nnte<\/a><\/strong><\/p>\n\n\n\n<p class=\"has-medium-font-size\">03.01.2024 at 01:16<\/p>\n\n\n\n<p class=\"has-small-font-size\">Ein neuer Hedonismus, das Hobby Hanfanbau, die Trendreiseziele Paris und Las Vegas oder auch wilde Mode wie schief gekn\u00f6pfte Blusen: Was im neuen Jahr in Fashion, Travel, Food und Love zu erwarten ist.<\/p>\n<\/div><\/div>\n\n\n\n<div class=\"wp-block-group\" style=\"margin-top:var(--wp--preset--spacing--30);margin-bottom:var(--wp--preset--spacing--30);padding-top:var(--wp--preset--spacing--30);padding-right:var(--wp--preset--spacing--30);padding-bottom:var(--wp--preset--spacing--30);padding-left:var(--wp--preset--spacing--30)\"><div class=\"wp-block-group__inner-container is-layout-constrained wp-container-core-group-is-layout-40cadcaa wp-block-group-is-layout-constrained\">\n<figure class=\"wp-block-image\"><a target=\"_blank\" href=\"https:\/\/www.t-online.de\/finanzen\/geld-vorsorge\/id_89931742\/zocken-wird-zum-lifestyle-influencer-und-trading-apps-die-jungen-entdecken-die-boerse.html\"><img decoding=\"async\" src=\"\" alt=\"Zocken wird zum Lifestyle - Influencer und Trading Apps: Die Jungen entdecken die B\u00f6rse\"\/><\/a><\/figure>\n\n\n\n<p><strong><a target=\"_blank\" href=\"https:\/\/www.t-online.de\/finanzen\/geld-vorsorge\/id_89931742\/zocken-wird-zum-lifestyle-influencer-und-trading-apps-die-jungen-entdecken-die-boerse.html\">Zocken wird zum Lifestyle &#8211; Influencer und Trading Apps: Die Jungen entdecken die B\u00f6rse<\/a><\/strong><\/p>\n\n\n\n<p class=\"has-medium-font-size\">28.04.2021 at 17:49<\/p>\n\n\n\n<p class=\"has-small-font-size\">Niedrige Zinsen und der anhaltende Aktienboom bringen auch immer mehr junge Menschen an die B\u00f6rse. So zumindest die allgemeine Lesart&#8230;<\/p>\n<\/div><\/div>\n\n\n\n<div class=\"wp-block-group\" style=\"margin-top:var(--wp--preset--spacing--30);margin-bottom:var(--wp--preset--spacing--30);padding-top:var(--wp--preset--spacing--30);padding-right:var(--wp--preset--spacing--30);padding-bottom:var(--wp--preset--spacing--30);padding-left:var(--wp--preset--spacing--30)\"><div class=\"wp-block-group__inner-container is-layout-constrained wp-container-core-group-is-layout-40cadcaa wp-block-group-is-layout-constrained\">\n<figure class=\"wp-block-image\"><a target=\"_blank\" href=\"https:\/\/www.t-online.de\/mobilitaet\/e-autos\/id_87281106\/lifestyle-an-der-ladesaeule-so-praesentiert-sich-mini-cooper-se-als-stromer.html\"><img decoding=\"async\" src=\"\" alt=\"Lifestyle an der Lades\u00e4ule: So pr\u00e4sentiert sich Mini Cooper SE als Stromer\"\/><\/a><\/figure>\n\n\n\n<p><strong><a target=\"_blank\" href=\"https:\/\/www.t-online.de\/mobilitaet\/e-autos\/id_87281106\/lifestyle-an-der-ladesaeule-so-praesentiert-sich-mini-cooper-se-als-stromer.html\">Lifestyle an der Lades\u00e4ule: So pr\u00e4sentiert sich Mini Cooper SE als Stromer<\/a><\/strong><\/p>\n\n\n\n<p class=\"has-medium-font-size\">05.02.2020 at 13:34<\/p>\n\n\n\n<p class=\"has-small-font-size\">Schr\u00e4g, teuer und unpraktisch: Der BMW i3 ist eher etwas f\u00fcr Individualisten, die den Umweltschutz technokratisch angehen&#8230;<\/p>\n<\/div><\/div>\n\n\n\n<div class=\"wp-block-group\" style=\"margin-top:var(--wp--preset--spacing--30);margin-bottom:var(--wp--preset--spacing--30);padding-top:var(--wp--preset--spacing--30);padding-right:var(--wp--preset--spacing--30);padding-bottom:var(--wp--preset--spacing--30);padding-left:var(--wp--preset--spacing--30)\"><div class=\"wp-block-group__inner-container is-layout-constrained wp-container-core-group-is-layout-40cadcaa wp-block-group-is-layout-constrained\">\n<figure class=\"wp-block-image\"><a target=\"_blank\" href=\"https:\/\/www.t-online.de\/mobilitaet\/autos\/id_85557726\/kleinwagen-mit-pep-kia-e-soul-im-autotest-lifestyle-an-der-ladesaeule.html\"><img decoding=\"async\" src=\"\" alt=\"Kleinwagen mit Pep - Kia E-Soul im Autotest: Lifestyle an der Lades\u00e4ule\"\/><\/a><\/figure>\n\n\n\n<p><strong><a target=\"_blank\" href=\"https:\/\/www.t-online.de\/mobilitaet\/autos\/id_85557726\/kleinwagen-mit-pep-kia-e-soul-im-autotest-lifestyle-an-der-ladesaeule.html\">Kleinwagen mit Pep &#8211; Kia E-Soul im Autotest: Lifestyle an der Lades\u00e4ule<\/a><\/strong><\/p>\n\n\n\n<p class=\"has-medium-font-size\">10.04.2019 at 19:32<\/p>\n\n\n\n<p class=\"has-small-font-size\">Wozu auf den Mini warten? Wer einen lebenslustigen Kleinwagen mit Akku-Antrieb sucht, muss sich nicht bis zum \u00fcberf\u00e4lligen Deb\u00fct des&#8230;<\/p>\n<\/div><\/div>\n\n\n\n<div class=\"wp-block-group\" style=\"margin-top:var(--wp--preset--spacing--30);margin-bottom:var(--wp--preset--spacing--30);padding-top:var(--wp--preset--spacing--30);padding-right:var(--wp--preset--spacing--30);padding-bottom:var(--wp--preset--spacing--30);padding-left:var(--wp--preset--spacing--30)\"><div class=\"wp-block-group__inner-container is-layout-constrained wp-container-core-group-is-layout-40cadcaa wp-block-group-is-layout-constrained\">\n<figure class=\"wp-block-image\"><a target=\"_blank\" href=\"https:\/\/www.t-online.de\/unterhaltung\/id_84783022\/-irrfahrten-jonathan-meese-ueber-kunst-herzblut-statt-lifestyle.html\"><img decoding=\"async\" src=\"\" alt=\"\"Irrfahrten\" - Jonathan Meese \u00fcber Kunst: Herzblut statt Lifestyle\"\/><\/a><\/figure>\n\n\n\n<p><strong><a target=\"_blank\" href=\"https:\/\/www.t-online.de\/unterhaltung\/id_84783022\/-irrfahrten-jonathan-meese-ueber-kunst-herzblut-statt-lifestyle.html\">&#8220;Irrfahrten&#8221; &#8211; Jonathan Meese \u00fcber Kunst: Herzblut statt Lifestyle<\/a><\/strong><\/p>\n\n\n\n<p class=\"has-medium-font-size\">14.11.2018 at 22:05<\/p>\n\n\n\n<p class=\"has-small-font-size\">Der Berliner K\u00fcnstler Jonathan Meese ist ein Besessener der Kunst und w\u00fcrde sie am liebsten zur Staatsform erheben. Was er nicht will:&#8230;<\/p>\n<\/div><\/div>\n\n\n\n<div class=\"wp-block-group\" style=\"margin-top:var(--wp--preset--spacing--30);margin-bottom:var(--wp--preset--spacing--30);padding-top:var(--wp--preset--spacing--30);padding-right:var(--wp--preset--spacing--30);padding-bottom:var(--wp--preset--spacing--30);padding-left:var(--wp--preset--spacing--30)\"><div class=\"wp-block-group__inner-container is-layout-constrained wp-container-core-group-is-layout-40cadcaa wp-block-group-is-layout-constrained\">\n<figure class=\"wp-block-image\"><a target=\"_blank\" href=\"https:\/\/www.t-online.de\/unterhaltung\/stars\/id_84645346\/zwischen-berlin-und-l-a-maximilian-arland-mag-den-amerikanischen-lifestyle.html\"><img decoding=\"async\" src=\"https:\/\/images.t-online.de\/2021\/05\/84645348v2\/0x0:640x360\/fit-in\/1200x0\/maximilian-arland-hat-eine-wohnung-in-los-angeles.jpg\" alt=\"Zwischen Berlin und L.A.: Maximilian Arland mag den amerikanischen Lifestyle\"\/><\/a><\/figure>\n\n\n\n<p><strong><a target=\"_blank\" href=\"https:\/\/www.t-online.de\/unterhaltung\/stars\/id_84645346\/zwischen-berlin-und-l-a-maximilian-arland-mag-den-amerikanischen-lifestyle.html\">Zwischen Berlin und L.A.: Maximilian Arland mag den amerikanischen Lifestyle<\/a><\/strong><\/p>\n\n\n\n<p class=\"has-medium-font-size\">20.10.2018 at 18:35<\/p>\n\n\n\n<p class=\"has-small-font-size\">Maximilian Arland lebt gerne in Berlin. Aber es gibt an der Westk\u00fcste der USA eine Metropole, der ebenfalls sein Herz geh\u00f6rt&#8230;<\/p>\n<\/div><\/div>\n\n<\/div>\n\n\n<p><\/p>\n","protected":false},"excerpt":{"rendered":"","protected":false},"author":1,"featured_media":0,"parent":0,"menu_order":0,"comment_status":"closed","ping_status":"closed","template":"","meta":{"footnotes":""},"class_list":["post-64","page","type-page","status-publish","hentry","entry"],"_links":{"self":[{"href":"https:\/\/mgreif.com\/news\/wp-json\/wp\/v2\/pages\/64","targetHints":{"allow":["GET"]}}],"collection":[{"href":"https:\/\/mgreif.com\/news\/wp-json\/wp\/v2\/pages"}],"about":[{"href":"https:\/\/mgreif.com\/news\/wp-json\/wp\/v2\/types\/page"}],"author":[{"embeddable":true,"href":"https:\/\/mgreif.com\/news\/wp-json\/wp\/v2\/users\/1"}],"replies":[{"embeddable":true,"href":"https:\/\/mgreif.com\/news\/wp-json\/wp\/v2\/comments?post=64"}],"version-history":[{"count":4,"href":"https:\/\/mgreif.com\/news\/wp-json\/wp\/v2\/pages\/64\/revisions"}],"predecessor-version":[{"id":1683,"href":"https:\/\/mgreif.com\/news\/wp-json\/wp\/v2\/pages\/64\/revisions\/1683"}],"wp:attachment":[{"href":"https:\/\/mgreif.com\/news\/wp-json\/wp\/v2\/media?parent=64"}],"curies":[{"name":"wp","href":"https:\/\/api.w.org\/{rel}","templated":true}]}}