{"id":62,"date":"2020-08-15T04:16:34","date_gmt":"2020-08-15T04:16:34","guid":{"rendered":"https:\/\/special-buys-online.com\/news\/?page_id=62"},"modified":"2025-09-22T19:34:52","modified_gmt":"2025-09-22T10:04:52","slug":"unterhaltung","status":"publish","type":"page","link":"https:\/\/mgreif.com\/news\/unterhaltung\/","title":{"rendered":"Unterhaltung"},"content":{"rendered":"<div class=\"feedzy-loop-columns-2 wp-block-feedzy-rss-feeds-loop\">\n\n<div class=\"wp-block-group\" style=\"margin-top:var(--wp--preset--spacing--30);margin-bottom:var(--wp--preset--spacing--30);padding-top:var(--wp--preset--spacing--30);padding-right:var(--wp--preset--spacing--30);padding-bottom:var(--wp--preset--spacing--30);padding-left:var(--wp--preset--spacing--30)\"><div class=\"wp-block-group__inner-container is-layout-constrained wp-container-core-group-is-layout-40cadcaa wp-block-group-is-layout-constrained\">\n<figure class=\"wp-block-image\"><a target=\"_blank\" href=\"https:\/\/www.t-online.de\/unterhaltung\/stars\/id_100593516\/pinar-atalay-wird-48-rtl-moderatorin-startete-beruflich-zunaechst-anders.html\"><img decoding=\"async\" src=\"https:\/\/images.t-online.de\/2025\/02\/76ATshMt2gjB\/0x222:2188x1231\/fit-in\/1200x0\/pinar-atalay-beim-vaunet-jubilaeumsevent-40-jahre-private-medien-im-telegraphenamt-berlin-10-102024-pinar-atalay-at-the-vaunet-anniversary-event-40-years-of-private-media-at-the-telegraphenamt-berlin-10-10-2024-foto-xf-xkernx-xfutureximagex-medien-4039.jpg\" alt=\"Pinar Atalay wird 48: RTL-Moderatorin startete beruflich zun\u00e4chst anders\"\/><\/a><\/figure>\n\n\n\n<p><strong><a target=\"_blank\" href=\"https:\/\/www.t-online.de\/unterhaltung\/stars\/id_100593516\/pinar-atalay-wird-48-rtl-moderatorin-startete-beruflich-zunaechst-anders.html\">Pinar Atalay wird 48: RTL-Moderatorin startete beruflich zun\u00e4chst anders<\/a><\/strong><\/p>\n\n\n\n<p class=\"has-medium-font-size\">27.04.2026 at 21:10<\/p>\n\n\n\n<p class=\"has-small-font-size\">Heute hat Pinar Atalay ihre eigene Sendung auf ntv. Vor dem Karrierestart im Journalismus ging ihr Berufsweg jedoch in eine g\u00e4nzlich andere Richtung.<\/p>\n<\/div><\/div>\n\n\n\n<div class=\"wp-block-group\" style=\"margin-top:var(--wp--preset--spacing--30);margin-bottom:var(--wp--preset--spacing--30);padding-top:var(--wp--preset--spacing--30);padding-right:var(--wp--preset--spacing--30);padding-bottom:var(--wp--preset--spacing--30);padding-left:var(--wp--preset--spacing--30)\"><div class=\"wp-block-group__inner-container is-layout-constrained wp-container-core-group-is-layout-40cadcaa wp-block-group-is-layout-constrained\">\n<figure class=\"wp-block-image\"><a target=\"_blank\" href=\"https:\/\/www.t-online.de\/unterhaltung\/stars\/id_101230194\/howard-carpendale-schlagerstar-wuetet-gegen-zdf-star-der-reagiert.html\"><img decoding=\"async\" src=\"https:\/\/images.t-online.de\/2026\/04\/08kEVvYYaqzB\/1006x67:2339x1316\/fit-in\/1200x0\/howard-carpendale-der-80-jahre-alte-schlagersaenger-versteht-bei-witzen-ueber-sein-publikum-keinen-spass.jpg\" alt=\"Howard Carpendale: Schlagerstar w\u00fctet gegen ZDF-Star \u2013 der reagiert\"\/><\/a><\/figure>\n\n\n\n<p><strong><a target=\"_blank\" href=\"https:\/\/www.t-online.de\/unterhaltung\/stars\/id_101230194\/howard-carpendale-schlagerstar-wuetet-gegen-zdf-star-der-reagiert.html\">Howard Carpendale: Schlagerstar w\u00fctet gegen ZDF-Star \u2013 der reagiert<\/a><\/strong><\/p>\n\n\n\n<p class=\"has-medium-font-size\">27.04.2026 at 20:45<\/p>\n\n\n\n<p class=\"has-small-font-size\">Zwischen zwei Showgr\u00f6\u00dfen eskaliert ein Streit \u00fcber altersgerechte Witze. Weil Oliver Welke sich \u00fcber ein Schlagerpublikum lustig machte, ist Howard Carpendale w\u00fctend.<\/p>\n<\/div><\/div>\n\n\n\n<div class=\"wp-block-group\" style=\"margin-top:var(--wp--preset--spacing--30);margin-bottom:var(--wp--preset--spacing--30);padding-top:var(--wp--preset--spacing--30);padding-right:var(--wp--preset--spacing--30);padding-bottom:var(--wp--preset--spacing--30);padding-left:var(--wp--preset--spacing--30)\"><div class=\"wp-block-group__inner-container is-layout-constrained wp-container-core-group-is-layout-40cadcaa wp-block-group-is-layout-constrained\">\n<figure class=\"wp-block-image\"><a target=\"_blank\" href=\"https:\/\/www.t-online.de\/unterhaltung\/tv\/the-voice-of-germany\/id_101230742\/prosieben-verkuendet-the-voice-jury-fuenf-coaches-bleiben-auf-position-.html\"><img decoding=\"async\" src=\"https:\/\/images.t-online.de\/2023\/11\/rACOzjs52vHz\/530x235:1290x725\/fit-in\/1200x0\/shirin-david-sie-sitzt-in-der-13-staffel-von-the-voice-of-germany.jpg\" alt=\"ProSieben verk\u00fcndet \"The Voice\"-Jury: \"F\u00fcnf Coaches bleiben auf Position\"\"\/><\/a><\/figure>\n\n\n\n<p><strong><a target=\"_blank\" href=\"https:\/\/www.t-online.de\/unterhaltung\/tv\/the-voice-of-germany\/id_101230742\/prosieben-verkuendet-the-voice-jury-fuenf-coaches-bleiben-auf-position-.html\">ProSieben verk\u00fcndet &#8220;The Voice&#8221;-Jury: &#8220;F\u00fcnf Coaches bleiben auf Position&#8221;<\/a><\/strong><\/p>\n\n\n\n<p class=\"has-medium-font-size\">27.04.2026 at 20:44<\/p>\n\n\n\n<p class=\"has-small-font-size\">Jahr f\u00fcr Jahr setzten ProSieben und Sat.1 bei ihrer Castingshow andere Promis auf die Juryst\u00fchle. Doch damit ist bei &#8220;The Voice of Germany&#8221; jetzt Schluss.<\/p>\n<\/div><\/div>\n\n\n\n<div class=\"wp-block-group\" style=\"margin-top:var(--wp--preset--spacing--30);margin-bottom:var(--wp--preset--spacing--30);padding-top:var(--wp--preset--spacing--30);padding-right:var(--wp--preset--spacing--30);padding-bottom:var(--wp--preset--spacing--30);padding-left:var(--wp--preset--spacing--30)\"><div class=\"wp-block-group__inner-container is-layout-constrained wp-container-core-group-is-layout-40cadcaa wp-block-group-is-layout-constrained\">\n<figure class=\"wp-block-image\"><a target=\"_blank\" href=\"https:\/\/www.t-online.de\/unterhaltung\/musik\/id_101230464\/reinhard-mey-berechnungsfehler-saenger-verdoppelt-goldene-schallplatten.html\"><img decoding=\"async\" src=\"https:\/\/images.t-online.de\/2026\/04\/gWGeZ43xTGS-\/0x225:2084x1172\/fit-in\/1200x0\/reinhard-mey-er-veroeffentlichte-hits-wie-ueber-den-wolken.jpg\" alt=\"Reinhard Mey: Berechnungsfehler \u2013 S\u00e4nger verdoppelt goldene Schallplatten\"\/><\/a><\/figure>\n\n\n\n<p><strong><a target=\"_blank\" href=\"https:\/\/www.t-online.de\/unterhaltung\/musik\/id_101230464\/reinhard-mey-berechnungsfehler-saenger-verdoppelt-goldene-schallplatten.html\">Reinhard Mey: Berechnungsfehler \u2013 S\u00e4nger verdoppelt goldene Schallplatten<\/a><\/strong><\/p>\n\n\n\n<p class=\"has-medium-font-size\">27.04.2026 at 20:30<\/p>\n\n\n\n<p class=\"has-small-font-size\">S\u00e4nger Reinhard Mey hat zahlreiche Ehrungen f\u00fcr Tontr\u00e4gerverk\u00e4ufe erhalten. Eine \u00dcberpr\u00fcfung zeigt jedoch, dass seine Bilanz deutlich umfangreicher ist als bislang bekannt.<\/p>\n<\/div><\/div>\n\n\n\n<div class=\"wp-block-group\" style=\"margin-top:var(--wp--preset--spacing--30);margin-bottom:var(--wp--preset--spacing--30);padding-top:var(--wp--preset--spacing--30);padding-right:var(--wp--preset--spacing--30);padding-bottom:var(--wp--preset--spacing--30);padding-left:var(--wp--preset--spacing--30)\"><div class=\"wp-block-group__inner-container is-layout-constrained wp-container-core-group-is-layout-40cadcaa wp-block-group-is-layout-constrained\">\n<figure class=\"wp-block-image\"><a target=\"_blank\" href=\"https:\/\/www.t-online.de\/unterhaltung\/tv\/bares-fuer-rares\/id_101230170\/-bares-fuer-rares-am-27-april-schmuck-fuer-5200-euro-verkauft.html\"><img decoding=\"async\" src=\"https:\/\/images.t-online.de\/2025\/03\/OY17gnXI54bh\/0x209:4000x2250\/fit-in\/1200x0\/die-stars-aus-bares-fuer-rares-waldi-lehnertz-lisa-nuedling-julian-schmitz-avila-christian-vechtel-und-david-suppes-mit-horst-lichter.jpg\" alt=\"\"Bares f\u00fcr Rares\" am 27. April: Schmuck f\u00fcr 5.200 Euro verkauft\"\/><\/a><\/figure>\n\n\n\n<p><strong><a target=\"_blank\" href=\"https:\/\/www.t-online.de\/unterhaltung\/tv\/bares-fuer-rares\/id_101230170\/-bares-fuer-rares-am-27-april-schmuck-fuer-5200-euro-verkauft.html\">&#8220;Bares f\u00fcr Rares&#8221; am 27. April: Schmuck f\u00fcr 5.200 Euro verkauft<\/a><\/strong><\/p>\n\n\n\n<p class=\"has-medium-font-size\">27.04.2026 at 20:29<\/p>\n\n\n\n<p class=\"has-small-font-size\">Montag bis Freitag l\u00e4uft nachmittags im ZDF die beliebte TV-Tr\u00f6delshow &#8220;Bares f\u00fcr Rares&#8221;. Diese Fundperlen haben in der heutigen Folge hohe Summen erbracht.<\/p>\n<\/div><\/div>\n\n\n\n<div class=\"wp-block-group\" style=\"margin-top:var(--wp--preset--spacing--30);margin-bottom:var(--wp--preset--spacing--30);padding-top:var(--wp--preset--spacing--30);padding-right:var(--wp--preset--spacing--30);padding-bottom:var(--wp--preset--spacing--30);padding-left:var(--wp--preset--spacing--30)\"><div class=\"wp-block-group__inner-container is-layout-constrained wp-container-core-group-is-layout-40cadcaa wp-block-group-is-layout-constrained\">\n<figure class=\"wp-block-image\"><a target=\"_blank\" href=\"https:\/\/www.t-online.de\/unterhaltung\/royals\/id_101230662\/willem-alexander-hat-geburtstag-neue-fotos-mit-seiner-familie.html\"><img decoding=\"async\" src=\"https:\/\/images.t-online.de\/2026\/04\/HtN8a9WosEsd\/1563x226:1924x1082\/fit-in\/1200x0\/koenig-willem-alexander-er-wird-59-jahre-alt.jpg\" alt=\"Willem-Alexander hat Geburtstag: Neue Fotos mit seiner Familie\"\/><\/a><\/figure>\n\n\n\n<p><strong><a target=\"_blank\" href=\"https:\/\/www.t-online.de\/unterhaltung\/royals\/id_101230662\/willem-alexander-hat-geburtstag-neue-fotos-mit-seiner-familie.html\">Willem-Alexander hat Geburtstag: Neue Fotos mit seiner Familie<\/a><\/strong><\/p>\n\n\n\n<p class=\"has-medium-font-size\">27.04.2026 at 20:18<\/p>\n\n\n\n<p class=\"has-small-font-size\">Am sogenannten Koningsdag zeigt sich die niederl\u00e4ndische K\u00f6nigsfamilie traditionell der \u00d6ffentlichkeit. Und auch dieses Mal setzten die Frauen auf einen gewohnten Look.<\/p>\n<\/div><\/div>\n\n\n\n<div class=\"wp-block-group\" style=\"margin-top:var(--wp--preset--spacing--30);margin-bottom:var(--wp--preset--spacing--30);padding-top:var(--wp--preset--spacing--30);padding-right:var(--wp--preset--spacing--30);padding-bottom:var(--wp--preset--spacing--30);padding-left:var(--wp--preset--spacing--30)\"><div class=\"wp-block-group__inner-container is-layout-constrained wp-container-core-group-is-layout-40cadcaa wp-block-group-is-layout-constrained\">\n<figure class=\"wp-block-image\"><a target=\"_blank\" href=\"https:\/\/www.t-online.de\/unterhaltung\/tv\/tatort\/id_101230418\/-tatort-gegen-die-zeit-wiener-fall-ueberzeugt-auf-zwei-ebenen-quoten.html\"><img decoding=\"async\" src=\"https:\/\/images.t-online.de\/2026\/04\/5Z9Yq6MNGcyT\/407x0:3593x2021\/fit-in\/1200x0\/tatort-gegen-die-zeit-es-war-der-vorletzte-fall-von-moritz-eisner-gespielt-von-harald-krassnitzer-und-bibi-fellner-adele-neuhauser.jpg\" alt=\"\"Tatort: Gegen die Zeit\": Wiener Fall \u00fcberzeugt auf zwei Ebenen | Quoten\"\/><\/a><\/figure>\n\n\n\n<p><strong><a target=\"_blank\" href=\"https:\/\/www.t-online.de\/unterhaltung\/tv\/tatort\/id_101230418\/-tatort-gegen-die-zeit-wiener-fall-ueberzeugt-auf-zwei-ebenen-quoten.html\">&#8220;Tatort: Gegen die Zeit&#8221;: Wiener Fall \u00fcberzeugt auf zwei Ebenen | Quoten<\/a><\/strong><\/p>\n\n\n\n<p class=\"has-medium-font-size\">27.04.2026 at 19:59<\/p>\n\n\n\n<p class=\"has-small-font-size\">Der neue &#8220;Tatort&#8221; f\u00fchrte das Ermittlungsteam in eine Sozialeinrichtung in Wien. So kam der Fall beim Publikum an.<\/p>\n<\/div><\/div>\n\n\n\n<div class=\"wp-block-group\" style=\"margin-top:var(--wp--preset--spacing--30);margin-bottom:var(--wp--preset--spacing--30);padding-top:var(--wp--preset--spacing--30);padding-right:var(--wp--preset--spacing--30);padding-bottom:var(--wp--preset--spacing--30);padding-left:var(--wp--preset--spacing--30)\"><div class=\"wp-block-group__inner-container is-layout-constrained wp-container-core-group-is-layout-40cadcaa wp-block-group-is-layout-constrained\">\n<figure class=\"wp-block-image\"><a target=\"_blank\" href=\"https:\/\/www.t-online.de\/unterhaltung\/stars\/id_101230590\/anna-fleischhauer-rtl-moderatorin-ist-erneut-schwanger.html\"><img decoding=\"async\" src=\"https:\/\/images.t-online.de\/2026\/04\/4KuUvMYQMRtM\/508x181:3455x1944\/fit-in\/1200x0\/anna-fleischhauer-die-rtl-moderatorin-erwartet-ihr-zweites-kind.jpg\" alt=\"Anna Fleischhauer: RTL-Moderatorin ist erneut schwanger\"\/><\/a><\/figure>\n\n\n\n<p><strong><a target=\"_blank\" href=\"https:\/\/www.t-online.de\/unterhaltung\/stars\/id_101230590\/anna-fleischhauer-rtl-moderatorin-ist-erneut-schwanger.html\">Anna Fleischhauer: RTL-Moderatorin ist erneut schwanger<\/a><\/strong><\/p>\n\n\n\n<p class=\"has-medium-font-size\">27.04.2026 at 19:39<\/p>\n\n\n\n<p class=\"has-small-font-size\">Seit Sommer 2021 geh\u00f6rt Anna Fleischhauer fest zum &#8220;RTL Aktuell&#8221;-Team. Bald wird sie eine Pause einlegen m\u00fcssen. Die Moderatorin erwartet ihr zweites Kind.<\/p>\n<\/div><\/div>\n\n\n\n<div class=\"wp-block-group\" style=\"margin-top:var(--wp--preset--spacing--30);margin-bottom:var(--wp--preset--spacing--30);padding-top:var(--wp--preset--spacing--30);padding-right:var(--wp--preset--spacing--30);padding-bottom:var(--wp--preset--spacing--30);padding-left:var(--wp--preset--spacing--30)\"><div class=\"wp-block-group__inner-container is-layout-constrained wp-container-core-group-is-layout-40cadcaa wp-block-group-is-layout-constrained\">\n<figure class=\"wp-block-image\"><a target=\"_blank\" href=\"https:\/\/www.t-online.de\/unterhaltung\/stars\/id_101230430\/gil-ofarim-ex-frau-verena-ofarim-ueber-ihre-lebenskrise-und-das-ehe-aus.html\"><img decoding=\"async\" src=\"https:\/\/images.t-online.de\/2026\/04\/tepe-xvB5wTS\/153x211:2310x1299\/fit-in\/1200x0\/gil-ofarim-mit-ex-verena-sie-waren-vier-jahre-verheiratet-und-haben-zwei-kinder-zusammen.jpg\" alt=\"Gil Ofarim: Ex-Frau Verena Ofarim \u00fcber ihre Lebenskrise \u2013 und das Ehe-Aus\"\/><\/a><\/figure>\n\n\n\n<p><strong><a target=\"_blank\" href=\"https:\/\/www.t-online.de\/unterhaltung\/stars\/id_101230430\/gil-ofarim-ex-frau-verena-ofarim-ueber-ihre-lebenskrise-und-das-ehe-aus.html\">Gil Ofarim: Ex-Frau Verena Ofarim \u00fcber ihre Lebenskrise \u2013 und das Ehe-Aus<\/a><\/strong><\/p>\n\n\n\n<p class=\"has-medium-font-size\">27.04.2026 at 18:48<\/p>\n\n\n\n<p class=\"has-small-font-size\">Gil Ofarim beherrschte als Dschungelk\u00f6nig wochenlang die Schlagzeilen. Derweil hat seine Ex-Frau Verena kaum \u00f6ffentlich stattgefunden. Jetzt bricht sie ihr Schweigen.<\/p>\n<\/div><\/div>\n\n\n\n<div class=\"wp-block-group\" style=\"margin-top:var(--wp--preset--spacing--30);margin-bottom:var(--wp--preset--spacing--30);padding-top:var(--wp--preset--spacing--30);padding-right:var(--wp--preset--spacing--30);padding-bottom:var(--wp--preset--spacing--30);padding-left:var(--wp--preset--spacing--30)\"><div class=\"wp-block-group__inner-container is-layout-constrained wp-container-core-group-is-layout-40cadcaa wp-block-group-is-layout-constrained\">\n<figure class=\"wp-block-image\"><a target=\"_blank\" href=\"https:\/\/www.t-online.de\/unterhaltung\/stars\/id_101230350\/meryl-streep-hollywoodstar-vergleicht-filmbranche-mit-tinder.html\"><img decoding=\"async\" src=\"https:\/\/images.t-online.de\/2026\/04\/I6gipmQapl2J\/724x80:3134x1763\/fit-in\/1200x0\/schauspielerin-meryl-streep-sie-ist-im-film-der-teufel-traegt-prada-2-wieder-als-chefredakteurin-miranda-priestly-zu-sehen.jpg\" alt=\"Meryl Streep: Hollywoodstar vergleicht Filmbranche mit Tinder\"\/><\/a><\/figure>\n\n\n\n<p><strong><a target=\"_blank\" href=\"https:\/\/www.t-online.de\/unterhaltung\/stars\/id_101230350\/meryl-streep-hollywoodstar-vergleicht-filmbranche-mit-tinder.html\">Meryl Streep: Hollywoodstar vergleicht Filmbranche mit Tinder<\/a><\/strong><\/p>\n\n\n\n<p class=\"has-medium-font-size\">27.04.2026 at 18:46<\/p>\n\n\n\n<p class=\"has-small-font-size\">Meryl Streep teilt ungewohnt klare Worte. Die Oscarpreistr\u00e4gerin schildert, wie stark sich die Spielregeln in Hollywood ver\u00e4ndert haben.<\/p>\n<\/div><\/div>\n\n\n\n<div class=\"wp-block-group\" style=\"margin-top:var(--wp--preset--spacing--30);margin-bottom:var(--wp--preset--spacing--30);padding-top:var(--wp--preset--spacing--30);padding-right:var(--wp--preset--spacing--30);padding-bottom:var(--wp--preset--spacing--30);padding-left:var(--wp--preset--spacing--30)\"><div class=\"wp-block-group__inner-container is-layout-constrained wp-container-core-group-is-layout-40cadcaa wp-block-group-is-layout-constrained\">\n<figure class=\"wp-block-image\"><a target=\"_blank\" href=\"https:\/\/www.t-online.de\/unterhaltung\/musik\/id_101207260\/tschuessi-macht-s-gut-die-abschiedstour-der-prinzen-2027.html\"><img decoding=\"async\" src=\"https:\/\/images.t-online.de\/2026\/04\/Op0oh8g7ByVp\/0x0:1600x900\/fit-in\/1200x0\/image.png\" alt=\"Tsch\u00fcssi, macht`s gut. Die Abschiedstour der Prinzen 2027\"\/><\/a><\/figure>\n\n\n\n<p><strong><a target=\"_blank\" href=\"https:\/\/www.t-online.de\/unterhaltung\/musik\/id_101207260\/tschuessi-macht-s-gut-die-abschiedstour-der-prinzen-2027.html\">Tsch\u00fcssi, macht`s gut. Die Abschiedstour der Prinzen 2027<\/a><\/strong><\/p>\n\n\n\n<p class=\"has-medium-font-size\">27.04.2026 at 18:17<\/p>\n\n\n\n<p class=\"has-small-font-size\">Nach mehr als drei Jahrzehnten, unz\u00e4hligen Konzerten und Songs, die l\u00e4ngst zur DNA der deutschen Popmusik geh\u00f6ren, ist f\u00fcr die PRINZEN der Moment gekommen, Abschied zu nehmen.<\/p>\n<\/div><\/div>\n\n\n\n<div class=\"wp-block-group\" style=\"margin-top:var(--wp--preset--spacing--30);margin-bottom:var(--wp--preset--spacing--30);padding-top:var(--wp--preset--spacing--30);padding-right:var(--wp--preset--spacing--30);padding-bottom:var(--wp--preset--spacing--30);padding-left:var(--wp--preset--spacing--30)\"><div class=\"wp-block-group__inner-container is-layout-constrained wp-container-core-group-is-layout-40cadcaa wp-block-group-is-layout-constrained\">\n<figure class=\"wp-block-image\"><a target=\"_blank\" href=\"https:\/\/www.t-online.de\/unterhaltung\/stars\/id_101230048\/geissens-beauty-op-bei-robert-geiss-fans-ueben-kritik-.html\"><img decoding=\"async\" src=\"https:\/\/images.t-online.de\/2025\/12\/9yvWmDD-00BG\/469x266:3134x1763\/fit-in\/1200x0\/robert-und-carmen-geiss-bei-einem-fotoshooting-archivfoto-die-beiden-zeigten-im-tv-nun-erstmals-szenen-davon-wie-sie-ueberfallen-wurden.jpg\" alt=\"Geissens: Beauty-OP bei Robert Geiss \u2013 Fans \u00fcben Kritik\"\/><\/a><\/figure>\n\n\n\n<p><strong><a target=\"_blank\" href=\"https:\/\/www.t-online.de\/unterhaltung\/stars\/id_101230048\/geissens-beauty-op-bei-robert-geiss-fans-ueben-kritik-.html\">Geissens: Beauty-OP bei Robert Geiss \u2013 Fans \u00fcben Kritik<\/a><\/strong><\/p>\n\n\n\n<p class=\"has-medium-font-size\">27.04.2026 at 18:11<\/p>\n\n\n\n<p class=\"has-small-font-size\">Die Familie Geiss scheint ein neues Hobby zu haben: Sch\u00f6nheitseingriffe. Jetzt legt sich das n\u00e4chste Mitglied der Million\u00e4rsfamilie unters Messer.<\/p>\n<\/div><\/div>\n\n\n\n<div class=\"wp-block-group\" style=\"margin-top:var(--wp--preset--spacing--30);margin-bottom:var(--wp--preset--spacing--30);padding-top:var(--wp--preset--spacing--30);padding-right:var(--wp--preset--spacing--30);padding-bottom:var(--wp--preset--spacing--30);padding-left:var(--wp--preset--spacing--30)\"><div class=\"wp-block-group__inner-container is-layout-constrained wp-container-core-group-is-layout-40cadcaa wp-block-group-is-layout-constrained\">\n<figure class=\"wp-block-image\"><a target=\"_blank\" href=\"https:\/\/www.t-online.de\/unterhaltung\/tv\/talkshows\/id_101230156\/-caren-miosga-das-sind-die-gaeste-am-sonntag.html\"><img decoding=\"async\" src=\"https:\/\/images.t-online.de\/2025\/03\/UfBcahJcDIca\/245x74:2540x1429\/fit-in\/1200x0\/moderatorin-caren-miosga-fuehrt-durch-ihren-talk.jpg\" alt=\"\"Caren Miosga\": Das sind die G\u00e4ste am Sonntag\"\/><\/a><\/figure>\n\n\n\n<p><strong><a target=\"_blank\" href=\"https:\/\/www.t-online.de\/unterhaltung\/tv\/talkshows\/id_101230156\/-caren-miosga-das-sind-die-gaeste-am-sonntag.html\">&#8220;Caren Miosga&#8221;: Das sind die G\u00e4ste am Sonntag<\/a><\/strong><\/p>\n\n\n\n<p class=\"has-medium-font-size\">27.04.2026 at 18:03<\/p>\n\n\n\n<p class=\"has-small-font-size\">W\u00f6chentlich spricht Caren Miosga \u00fcber Politik, Wirtschaft und Gesellschaft in ihrer Talkshow. Wer nimmt in der Sendung Platz?<\/p>\n<\/div><\/div>\n\n\n\n<div class=\"wp-block-group\" style=\"margin-top:var(--wp--preset--spacing--30);margin-bottom:var(--wp--preset--spacing--30);padding-top:var(--wp--preset--spacing--30);padding-right:var(--wp--preset--spacing--30);padding-bottom:var(--wp--preset--spacing--30);padding-left:var(--wp--preset--spacing--30)\"><div class=\"wp-block-group__inner-container is-layout-constrained wp-container-core-group-is-layout-40cadcaa wp-block-group-is-layout-constrained\">\n<figure class=\"wp-block-image\"><a target=\"_blank\" href=\"https:\/\/www.t-online.de\/unterhaltung\/tv\/id_101230102\/tim-maelzer-bricht-in-tv-show-kitchen-impossible-bei-vox-in-traenen-aus.html\"><img decoding=\"async\" src=\"https:\/\/images.t-online.de\/2026\/04\/vzsRVXviILGB\/709x246:3291x1851\/fit-in\/1200x0\/tim-maelzer-er-gehoert-zu-den-bekanntesten-tv-koechen-deutschlands.jpg\" alt=\"Tim M\u00e4lzer bricht in TV-Show \"Kitchen Impossible\" bei Vox in Tr\u00e4nen aus\"\/><\/a><\/figure>\n\n\n\n<p><strong><a target=\"_blank\" href=\"https:\/\/www.t-online.de\/unterhaltung\/tv\/id_101230102\/tim-maelzer-bricht-in-tv-show-kitchen-impossible-bei-vox-in-traenen-aus.html\">Tim M\u00e4lzer bricht in TV-Show &#8220;Kitchen Impossible&#8221; bei Vox in Tr\u00e4nen aus<\/a><\/strong><\/p>\n\n\n\n<p class=\"has-medium-font-size\">27.04.2026 at 16:25<\/p>\n\n\n\n<p class=\"has-small-font-size\">In seinen Kochshows ist Tim M\u00e4lzer f\u00fcr seine unverbl\u00fcmte Art bekannt. Der TV-Koch wirkt stets z\u00e4h und abgebr\u00fcht. Jetzt bekamen Zuschauer eine andere Seite zu sehen.<\/p>\n<\/div><\/div>\n\n\n\n<div class=\"wp-block-group\" style=\"margin-top:var(--wp--preset--spacing--30);margin-bottom:var(--wp--preset--spacing--30);padding-top:var(--wp--preset--spacing--30);padding-right:var(--wp--preset--spacing--30);padding-bottom:var(--wp--preset--spacing--30);padding-left:var(--wp--preset--spacing--30)\"><div class=\"wp-block-group__inner-container is-layout-constrained wp-container-core-group-is-layout-40cadcaa wp-block-group-is-layout-constrained\">\n<figure class=\"wp-block-image\"><a target=\"_blank\" href=\"https:\/\/www.t-online.de\/unterhaltung\/stars\/id_101229828\/claudia-effenberg-ehmaliges-model-hat-zwoelf-kilo-abgenommen.html\"><img decoding=\"async\" src=\"https:\/\/images.t-online.de\/2026\/04\/zyrqCL6HrXVV\/39x218:1985x1116\/fit-in\/1200x0\/claudia-effenberg-sie-hat-sich-optisch-veraendert.jpg\" alt=\"Claudia Effenberg: Ehmaliges Model hat zw\u00f6lf Kilo abgenommen\"\/><\/a><\/figure>\n\n\n\n<p><strong><a target=\"_blank\" href=\"https:\/\/www.t-online.de\/unterhaltung\/stars\/id_101229828\/claudia-effenberg-ehmaliges-model-hat-zwoelf-kilo-abgenommen.html\">Claudia Effenberg: Ehmaliges Model hat zw\u00f6lf Kilo abgenommen<\/a><\/strong><\/p>\n\n\n\n<p class=\"has-medium-font-size\">27.04.2026 at 15:16<\/p>\n\n\n\n<p class=\"has-small-font-size\">Das ehemalige Model hatte in den vergangenen Jahren mit Gewichtsschwankungen zu k\u00e4mpfen. Jetzt f\u00fchlt sich Claudia Effenberg wieder wohl.<\/p>\n<\/div><\/div>\n\n\n\n<div class=\"wp-block-group\" style=\"margin-top:var(--wp--preset--spacing--30);margin-bottom:var(--wp--preset--spacing--30);padding-top:var(--wp--preset--spacing--30);padding-right:var(--wp--preset--spacing--30);padding-bottom:var(--wp--preset--spacing--30);padding-left:var(--wp--preset--spacing--30)\"><div class=\"wp-block-group__inner-container is-layout-constrained wp-container-core-group-is-layout-40cadcaa wp-block-group-is-layout-constrained\">\n<figure class=\"wp-block-image\"><a target=\"_blank\" href=\"https:\/\/www.t-online.de\/unterhaltung\/stars\/id_101226776\/harvey-weinstein-ex-filmproduzent-zeigt-keine-reue-vor-gericht.html\"><img decoding=\"async\" src=\"https:\/\/images.t-online.de\/2026\/04\/NeoLUUbS3rYe\/0x320:4000x2250\/fit-in\/1200x0\/harvey-weinstein-der-verurteilte-sexualstraftaeter-steht-in-new-york-wieder-vor-gericht.jpg\" alt=\"Harvey Weinstein: Ex-Filmproduzent zeigt keine Reue vor Gericht\"\/><\/a><\/figure>\n\n\n\n<p><strong><a target=\"_blank\" href=\"https:\/\/www.t-online.de\/unterhaltung\/stars\/id_101226776\/harvey-weinstein-ex-filmproduzent-zeigt-keine-reue-vor-gericht.html\">Harvey Weinstein: Ex-Filmproduzent zeigt keine Reue vor Gericht<\/a><\/strong><\/p>\n\n\n\n<p class=\"has-medium-font-size\">27.04.2026 at 14:49<\/p>\n\n\n\n<p class=\"has-small-font-size\">Mit den Vorw\u00fcrfen zahlreicher Frauen gegen den Filmproduzenten Harvey Weinstein begann vor neun Jahren die &#8220;Me Too&#8221;-Bewegung. Mittlerweile wurde er mehrfach verurteilt und sitzt noch immer vor Gericht. Doch das sorgt kaum noch f\u00fcr Aufsehen.<\/p>\n<\/div><\/div>\n\n\n\n<div class=\"wp-block-group\" style=\"margin-top:var(--wp--preset--spacing--30);margin-bottom:var(--wp--preset--spacing--30);padding-top:var(--wp--preset--spacing--30);padding-right:var(--wp--preset--spacing--30);padding-bottom:var(--wp--preset--spacing--30);padding-left:var(--wp--preset--spacing--30)\"><div class=\"wp-block-group__inner-container is-layout-constrained wp-container-core-group-is-layout-40cadcaa wp-block-group-is-layout-constrained\">\n<figure class=\"wp-block-image\"><a target=\"_blank\" href=\"https:\/\/www.t-online.de\/unterhaltung\/musik\/id_101230018\/shakira-konzert-von-todesfall-ueberschattet-saengerin-weiss-von-nichts-.html\"><img decoding=\"async\" src=\"https:\/\/images.t-online.de\/2026\/04\/nyAy4K69Phop\/1242x84:2578x1450\/fit-in\/1200x0\/shakira-hier-tritt-die-musikerin-beim-rock-in-rio-festival-2010-auf.jpg\" alt=\"Shakira-Konzert von Todesfall \u00fcberschattet \u2013 S\u00e4ngerin wei\u00df von nichts?\"\/><\/a><\/figure>\n\n\n\n<p><strong><a target=\"_blank\" href=\"https:\/\/www.t-online.de\/unterhaltung\/musik\/id_101230018\/shakira-konzert-von-todesfall-ueberschattet-saengerin-weiss-von-nichts-.html\">Shakira-Konzert von Todesfall \u00fcberschattet \u2013 S\u00e4ngerin wei\u00df von nichts?<\/a><\/strong><\/p>\n\n\n\n<p class=\"has-medium-font-size\">27.04.2026 at 14:08<\/p>\n\n\n\n<p class=\"has-small-font-size\">Erst Madonna, dann Lady Gaga, jetzt Shakira: An der Copacabana sind die Superstars auf Rekordjagd. Jetzt ist es dabei zu einem tragischen Zwischenfall gekommen.<\/p>\n<\/div><\/div>\n\n\n\n<div class=\"wp-block-group\" style=\"margin-top:var(--wp--preset--spacing--30);margin-bottom:var(--wp--preset--spacing--30);padding-top:var(--wp--preset--spacing--30);padding-right:var(--wp--preset--spacing--30);padding-bottom:var(--wp--preset--spacing--30);padding-left:var(--wp--preset--spacing--30)\"><div class=\"wp-block-group__inner-container is-layout-constrained wp-container-core-group-is-layout-40cadcaa wp-block-group-is-layout-constrained\">\n<figure class=\"wp-block-image\"><a target=\"_blank\" href=\"https:\/\/www.t-online.de\/unterhaltung\/tv\/id_101219292\/actionfilm-mit-gerald-butler-criminal-squad-laeuft-heute-im-tv.html\"><img decoding=\"async\" src=\"https:\/\/images.t-online.de\/2026\/04\/d4JjqEq44aJj\/0x0:4000x2250\/fit-in\/1200x0\/release-date-january-10-2025-title-den-of-thieves-2-pantera-studio-director-christian-gudegast-plot-plot-unknown-a-sequel-to-the-2018-film-den-of-thieves-starring-gerard-butler-as-big-nick-o-brien-canary-islands-spain-publicationxinxgerxsuixautxonly-zumal90-20240919-shm-l90-366-copyright-xeonexentertainmentx.jpg\" alt=\"Actionfilm mit Gerald Butler: \"Criminal Squad\" l\u00e4uft heute im TV\"\/><\/a><\/figure>\n\n\n\n<p><strong><a target=\"_blank\" href=\"https:\/\/www.t-online.de\/unterhaltung\/tv\/id_101219292\/actionfilm-mit-gerald-butler-criminal-squad-laeuft-heute-im-tv.html\">Actionfilm mit Gerald Butler: &#8220;Criminal Squad&#8221; l\u00e4uft heute im TV<\/a><\/strong><\/p>\n\n\n\n<p class=\"has-medium-font-size\">27.04.2026 at 13:47<\/p>\n\n\n\n<p class=\"has-small-font-size\">Gerard Butler, bekannt f\u00fcr seine Rollen in Action-Filmen, durchl\u00e4uft oft anstrengende Vorbereitungen. F\u00fcr diesen Film war es besonders anspruchsvoll.<\/p>\n<\/div><\/div>\n\n\n\n<div class=\"wp-block-group\" style=\"margin-top:var(--wp--preset--spacing--30);margin-bottom:var(--wp--preset--spacing--30);padding-top:var(--wp--preset--spacing--30);padding-right:var(--wp--preset--spacing--30);padding-bottom:var(--wp--preset--spacing--30);padding-left:var(--wp--preset--spacing--30)\"><div class=\"wp-block-group__inner-container is-layout-constrained wp-container-core-group-is-layout-40cadcaa wp-block-group-is-layout-constrained\">\n<figure class=\"wp-block-image\"><a target=\"_blank\" href=\"https:\/\/www.t-online.de\/unterhaltung\/stars\/id_101229616\/lea-wagner-ard-moderatorin-liefert-einblicke-in-ihre-schwangerschaft.html\"><img decoding=\"async\" src=\"https:\/\/images.t-online.de\/2024\/07\/j5wDCJA8iib0\/471x137:3455x1944\/fit-in\/1200x0\/lea-wagner-sie-bleibt-vorerst-bei-der-ard.jpg\" alt=\"Lea Wagner: ARD-Moderatorin liefert Einblicke in ihre Schwangerschaft\"\/><\/a><\/figure>\n\n\n\n<p><strong><a target=\"_blank\" href=\"https:\/\/www.t-online.de\/unterhaltung\/stars\/id_101229616\/lea-wagner-ard-moderatorin-liefert-einblicke-in-ihre-schwangerschaft.html\">Lea Wagner: ARD-Moderatorin liefert Einblicke in ihre Schwangerschaft<\/a><\/strong><\/p>\n\n\n\n<p class=\"has-medium-font-size\">27.04.2026 at 12:10<\/p>\n\n\n\n<p class=\"has-small-font-size\">Sportjournalistin Lea Wagner freut sich auf Nachwuchs. Doch die Schwangerschaft verl\u00e4uft nicht beschwerdefrei. Jetzt zeigt sie Bilder \u2013 und gew\u00e4hrt seltene Einblicke.<\/p>\n<\/div><\/div>\n\n\n\n<div class=\"wp-block-group\" style=\"margin-top:var(--wp--preset--spacing--30);margin-bottom:var(--wp--preset--spacing--30);padding-top:var(--wp--preset--spacing--30);padding-right:var(--wp--preset--spacing--30);padding-bottom:var(--wp--preset--spacing--30);padding-left:var(--wp--preset--spacing--30)\"><div class=\"wp-block-group__inner-container is-layout-constrained wp-container-core-group-is-layout-40cadcaa wp-block-group-is-layout-constrained\">\n<figure class=\"wp-block-image\"><a target=\"_blank\" href=\"https:\/\/www.t-online.de\/unterhaltung\/stars\/id_101228388\/michael-holm-schlager-star-hatte-affaere-mit-schauspielerin-ingrid-steeger.html\"><img decoding=\"async\" src=\"https:\/\/images.t-online.de\/2026\/04\/pZTwPM2nXUmx\/33x334:2615x1471\/fit-in\/1200x0\/michael-holm-er-ist-seit-35-jahren-verheiratet.jpg\" alt=\"Michael Holm: Schlager-Star hatte Aff\u00e4re mit Schauspielerin Ingrid Steeger\"\/><\/a><\/figure>\n\n\n\n<p><strong><a target=\"_blank\" href=\"https:\/\/www.t-online.de\/unterhaltung\/stars\/id_101228388\/michael-holm-schlager-star-hatte-affaere-mit-schauspielerin-ingrid-steeger.html\">Michael Holm: Schlager-Star hatte Aff\u00e4re mit Schauspielerin Ingrid Steeger<\/a><\/strong><\/p>\n\n\n\n<p class=\"has-medium-font-size\">27.04.2026 at 12:09<\/p>\n\n\n\n<p class=\"has-small-font-size\">Seit 35 Jahren ist er gl\u00fccklich liiert. Ende der Siebzigerjahre hatte Michael Holm aber auch eine intensive Aff\u00e4re mit Deutschlands ber\u00fchmtesten &#8220;Ulknudel&#8221;.<\/p>\n<\/div><\/div>\n\n<\/div>\n\n\n<p><\/p>\n","protected":false},"excerpt":{"rendered":"","protected":false},"author":1,"featured_media":0,"parent":0,"menu_order":0,"comment_status":"closed","ping_status":"closed","template":"","meta":{"footnotes":""},"class_list":["post-62","page","type-page","status-publish","hentry","entry"],"_links":{"self":[{"href":"https:\/\/mgreif.com\/news\/wp-json\/wp\/v2\/pages\/62","targetHints":{"allow":["GET"]}}],"collection":[{"href":"https:\/\/mgreif.com\/news\/wp-json\/wp\/v2\/pages"}],"about":[{"href":"https:\/\/mgreif.com\/news\/wp-json\/wp\/v2\/types\/page"}],"author":[{"embeddable":true,"href":"https:\/\/mgreif.com\/news\/wp-json\/wp\/v2\/users\/1"}],"replies":[{"embeddable":true,"href":"https:\/\/mgreif.com\/news\/wp-json\/wp\/v2\/comments?post=62"}],"version-history":[{"count":4,"href":"https:\/\/mgreif.com\/news\/wp-json\/wp\/v2\/pages\/62\/revisions"}],"predecessor-version":[{"id":1684,"href":"https:\/\/mgreif.com\/news\/wp-json\/wp\/v2\/pages\/62\/revisions\/1684"}],"wp:attachment":[{"href":"https:\/\/mgreif.com\/news\/wp-json\/wp\/v2\/media?parent=62"}],"curies":[{"name":"wp","href":"https:\/\/api.w.org\/{rel}","templated":true}]}}