{"id":57,"date":"2020-08-15T04:10:41","date_gmt":"2020-08-15T04:10:41","guid":{"rendered":"https:\/\/special-buys-online.com\/news\/?page_id=57"},"modified":"2025-09-22T19:31:41","modified_gmt":"2025-09-22T10:01:41","slug":"fusball","status":"publish","type":"page","link":"https:\/\/mgreif.com\/news\/fusball\/","title":{"rendered":"Fu\u00dfball"},"content":{"rendered":"<div class=\"feedzy-loop-columns-2 wp-block-feedzy-rss-feeds-loop\">\n\n<div class=\"wp-block-group\" style=\"margin-top:var(--wp--preset--spacing--30);margin-bottom:var(--wp--preset--spacing--30);padding-top:var(--wp--preset--spacing--30);padding-right:var(--wp--preset--spacing--30);padding-bottom:var(--wp--preset--spacing--30);padding-left:var(--wp--preset--spacing--30)\"><div class=\"wp-block-group__inner-container is-layout-constrained wp-container-core-group-is-layout-40cadcaa wp-block-group-is-layout-constrained\">\n<figure class=\"wp-block-image\"><a target=\"_blank\" href=\"https:\/\/duesseldorf.t-online.de\/region\/duesseldorf\/id_101230568\/fortuna-duesseldorf-im-abstiegskampf-so-reicht-es-zum-klassenerhalt.html\"><img decoding=\"async\" src=\"https:\/\/images.t-online.de\/2026\/04\/ZbdlJq0IrmwG\/0x208:4000x2250\/fit-in\/1200x0\/image.jpg\" alt=\"Fortuna D\u00fcsseldorf im Abstiegskampf: So reicht es zum Klassenerhalt\"\/><\/a><\/figure>\n\n\n\n<p><strong><a target=\"_blank\" href=\"https:\/\/duesseldorf.t-online.de\/region\/duesseldorf\/id_101230568\/fortuna-duesseldorf-im-abstiegskampf-so-reicht-es-zum-klassenerhalt.html\">Fortuna D\u00fcsseldorf im Abstiegskampf: So reicht es zum Klassenerhalt<\/a><\/strong><\/p>\n\n\n\n<p class=\"has-medium-font-size\">27.04.2026 at 20:57<\/p>\n\n\n\n<p class=\"has-small-font-size\">Mit nur einem Punkt Vorsprung auf die Abstiegsr\u00e4nge k\u00e4mpft Fortuna D\u00fcsseldorf um den Verbleib in der 2. Liga. Das schwere Restprogramm macht die Lage nicht einfacher.<\/p>\n<\/div><\/div>\n\n\n\n<div class=\"wp-block-group\" style=\"margin-top:var(--wp--preset--spacing--30);margin-bottom:var(--wp--preset--spacing--30);padding-top:var(--wp--preset--spacing--30);padding-right:var(--wp--preset--spacing--30);padding-bottom:var(--wp--preset--spacing--30);padding-left:var(--wp--preset--spacing--30)\"><div class=\"wp-block-group__inner-container is-layout-constrained wp-container-core-group-is-layout-40cadcaa wp-block-group-is-layout-constrained\">\n<figure class=\"wp-block-image\"><a target=\"_blank\" href=\"https:\/\/www.t-online.de\/sport\/fussball\/bundesliga\/id_101230000\/dfl-warnt-vor-illegalen-livestreams-im-fussball.html\"><img decoding=\"async\" src=\"https:\/\/images.t-online.de\/2026\/04\/AhenQidyyNBV\/0x107:2048x1152\/fit-in\/1200x0\/tv-bilder-legal-eingefangen-aber-werden-sie-auch-legal-ausgestrahlt-archivbild.jpg\" alt=\"DFL warnt vor illegalen Livestreams im Fu\u00dfball\"\/><\/a><\/figure>\n\n\n\n<p><strong><a target=\"_blank\" href=\"https:\/\/www.t-online.de\/sport\/fussball\/bundesliga\/id_101230000\/dfl-warnt-vor-illegalen-livestreams-im-fussball.html\">DFL warnt vor illegalen Livestreams im Fu\u00dfball<\/a><\/strong><\/p>\n\n\n\n<p class=\"has-medium-font-size\">27.04.2026 at 13:00<\/p>\n\n\n\n<p class=\"has-small-font-size\">Um die kostenpflichtige \u00dcbertragung &#8211; bei inzwischen vielen Sendern &#8211; zu umgehen, suchen Zuschauer oft nach anderen M\u00f6glichkeiten.<\/p>\n<\/div><\/div>\n\n\n\n<div class=\"wp-block-group\" style=\"margin-top:var(--wp--preset--spacing--30);margin-bottom:var(--wp--preset--spacing--30);padding-top:var(--wp--preset--spacing--30);padding-right:var(--wp--preset--spacing--30);padding-bottom:var(--wp--preset--spacing--30);padding-left:var(--wp--preset--spacing--30)\"><div class=\"wp-block-group__inner-container is-layout-constrained wp-container-core-group-is-layout-40cadcaa wp-block-group-is-layout-constrained\">\n<figure class=\"wp-block-image\"><a target=\"_blank\" href=\"https:\/\/www.t-online.de\/sport\/fussball\/bundesliga\/id_101229846\/dfl-bosse-sehen-europaeischen-fussball-finanziell-auf-irrweg-.html\"><img decoding=\"async\" src=\"https:\/\/images.t-online.de\/2026\/04\/C0cchmq2bEcr\/0x107:2048x1152\/fit-in\/1200x0\/steffen-merkel-l-und-marc-lenz-dfl-bosse-aeussern-sich-zum-thema-investoren-archivbild.jpg\" alt=\"DFL-Bosse sehen europ\u00e4ischen Fu\u00dfball finanziell auf \u00abIrrweg\u00bb\"\/><\/a><\/figure>\n\n\n\n<p><strong><a target=\"_blank\" href=\"https:\/\/www.t-online.de\/sport\/fussball\/bundesliga\/id_101229846\/dfl-bosse-sehen-europaeischen-fussball-finanziell-auf-irrweg-.html\">DFL-Bosse sehen europ\u00e4ischen Fu\u00dfball finanziell auf \u00abIrrweg\u00bb<\/a><\/strong><\/p>\n\n\n\n<p class=\"has-medium-font-size\">27.04.2026 at 04:39<\/p>\n\n\n\n<p class=\"has-small-font-size\">Das Thema 50+1 hat immer noch Bestand im deutschen Profifu\u00dfball.<\/p>\n<\/div><\/div>\n\n\n\n<div class=\"wp-block-group\" style=\"margin-top:var(--wp--preset--spacing--30);margin-bottom:var(--wp--preset--spacing--30);padding-top:var(--wp--preset--spacing--30);padding-right:var(--wp--preset--spacing--30);padding-bottom:var(--wp--preset--spacing--30);padding-left:var(--wp--preset--spacing--30)\"><div class=\"wp-block-group__inner-container is-layout-constrained wp-container-core-group-is-layout-40cadcaa wp-block-group-is-layout-constrained\">\n<figure class=\"wp-block-image\"><a target=\"_blank\" href=\"https:\/\/berlin.t-online.de\/region\/berlin\/id_101229590\/2-bundesliga-hertha-bsc-boss-mit-hartem-saisonurteil.html\"><img decoding=\"async\" src=\"https:\/\/images.t-online.de\/2026\/04\/smCSbhs-XdXt\/0x332:4000x2250\/fit-in\/1200x0\/fabian-drescher-archivbild-er-ist-mit-der-saisonleistung-nicht-einverstanden.jpg\" alt=\"2. Bundesliga: Hertha BSC-Boss mit hartem Saisonurteil\"\/><\/a><\/figure>\n\n\n\n<p><strong><a target=\"_blank\" href=\"https:\/\/berlin.t-online.de\/region\/berlin\/id_101229590\/2-bundesliga-hertha-bsc-boss-mit-hartem-saisonurteil.html\">2. Bundesliga: Hertha BSC-Boss mit hartem Saisonurteil<\/a><\/strong><\/p>\n\n\n\n<p class=\"has-medium-font-size\">26.04.2026 at 20:47<\/p>\n\n\n\n<p class=\"has-small-font-size\">Hertha-Pr\u00e4sident Fabian Drescher findet deutliche Worte: Die Saison der Berliner nennt er &#8220;unbefriedigend&#8221;.<\/p>\n<\/div><\/div>\n\n\n\n<div class=\"wp-block-group\" style=\"margin-top:var(--wp--preset--spacing--30);margin-bottom:var(--wp--preset--spacing--30);padding-top:var(--wp--preset--spacing--30);padding-right:var(--wp--preset--spacing--30);padding-bottom:var(--wp--preset--spacing--30);padding-left:var(--wp--preset--spacing--30)\"><div class=\"wp-block-group__inner-container is-layout-constrained wp-container-core-group-is-layout-40cadcaa wp-block-group-is-layout-constrained\">\n<figure class=\"wp-block-image\"><a target=\"_blank\" href=\"https:\/\/aachen.t-online.de\/region\/aachen\/id_101229576\/alemannia-aachen-msv-fans-randalieren-im-gaesteblock-hoher-schaden.html\"><img decoding=\"async\" src=\"https:\/\/images.t-online.de\/2026\/04\/EjA-QZ7ZgL5F\/0x73:4000x2250\/fit-in\/1200x0\/image.jpg\" alt=\"Alemannia Aachen: MSV-Fans randalieren im G\u00e4steblock \u2013 hoher Schaden\"\/><\/a><\/figure>\n\n\n\n<p><strong><a target=\"_blank\" href=\"https:\/\/aachen.t-online.de\/region\/aachen\/id_101229576\/alemannia-aachen-msv-fans-randalieren-im-gaesteblock-hoher-schaden.html\">Alemannia Aachen: MSV-Fans randalieren im G\u00e4steblock \u2013 hoher Schaden<\/a><\/strong><\/p>\n\n\n\n<p class=\"has-medium-font-size\">26.04.2026 at 20:44<\/p>\n\n\n\n<p class=\"has-small-font-size\">Duisburger Fans haben nach dem 3:1-Sieg von Alemannia Aachen im Stadion randaliert. Im G\u00e4steblock des Tivoli entstand ein Schaden im f\u00fcnfstelligen Bereich.<\/p>\n<\/div><\/div>\n\n\n\n<div class=\"wp-block-group\" style=\"margin-top:var(--wp--preset--spacing--30);margin-bottom:var(--wp--preset--spacing--30);padding-top:var(--wp--preset--spacing--30);padding-right:var(--wp--preset--spacing--30);padding-bottom:var(--wp--preset--spacing--30);padding-left:var(--wp--preset--spacing--30)\"><div class=\"wp-block-group__inner-container is-layout-constrained wp-container-core-group-is-layout-40cadcaa wp-block-group-is-layout-constrained\">\n<figure class=\"wp-block-image\"><a target=\"_blank\" href=\"https:\/\/www.t-online.de\/sport\/fussball\/international\/id_101229518\/serie-a-italien-droht-ein-schiedsrichter-skandal.html\"><img decoding=\"async\" src=\"https:\/\/images.t-online.de\/2026\/04\/uELGLJAx3WcA\/0x38:1685x948\/fit-in\/1200x0\/italiens-schiedsrichter-chef-gianluca-rocchi-steht-im-zentrum-von-betrugsvorwuerfen-archivbild.jpg\" alt=\"Serie A: Italien droht ein Schiedsrichter-Skandal\"\/><\/a><\/figure>\n\n\n\n<p><strong><a target=\"_blank\" href=\"https:\/\/www.t-online.de\/sport\/fussball\/international\/id_101229518\/serie-a-italien-droht-ein-schiedsrichter-skandal.html\">Serie A: Italien droht ein Schiedsrichter-Skandal<\/a><\/strong><\/p>\n\n\n\n<p class=\"has-medium-font-size\">26.04.2026 at 19:25<\/p>\n\n\n\n<p class=\"has-small-font-size\">Dem italienischen Fu\u00dfball droht Ungemach. Dem Schiedsrichter-Chef wird Betrug vorgeworfen.<\/p>\n<\/div><\/div>\n\n\n\n<div class=\"wp-block-group\" style=\"margin-top:var(--wp--preset--spacing--30);margin-bottom:var(--wp--preset--spacing--30);padding-top:var(--wp--preset--spacing--30);padding-right:var(--wp--preset--spacing--30);padding-bottom:var(--wp--preset--spacing--30);padding-left:var(--wp--preset--spacing--30)\"><div class=\"wp-block-group__inner-container is-layout-constrained wp-container-core-group-is-layout-40cadcaa wp-block-group-is-layout-constrained\">\n<figure class=\"wp-block-image\"><a target=\"_blank\" href=\"https:\/\/www.t-online.de\/sport\/fussball\/international\/id_101229510\/betrugsvorwurf-gegen-italienischen-schiedsrichter-chef.html\"><img decoding=\"async\" src=\"https:\/\/images.t-online.de\/2026\/04\/jkJH03I5dccg\/0x153:2048x1152\/fit-in\/1200x0\/italiens-schiedsrichter-chef-gianluca-rocchi-steht-im-zentrum-von-betrugsvorwuerfen-archivbild.jpg\" alt=\"Betrugsvorwurf gegen italienischen Schiedsrichter-Chef\"\/><\/a><\/figure>\n\n\n\n<p><strong><a target=\"_blank\" href=\"https:\/\/www.t-online.de\/sport\/fussball\/international\/id_101229510\/betrugsvorwurf-gegen-italienischen-schiedsrichter-chef.html\">Betrugsvorwurf gegen italienischen Schiedsrichter-Chef<\/a><\/strong><\/p>\n\n\n\n<p class=\"has-medium-font-size\">26.04.2026 at 18:40<\/p>\n\n\n\n<p class=\"has-small-font-size\">Gianluca Rocchi legt sein Amt als Schiedsrichter-Koordinator nieder.<\/p>\n<\/div><\/div>\n\n\n\n<div class=\"wp-block-group\" style=\"margin-top:var(--wp--preset--spacing--30);margin-bottom:var(--wp--preset--spacing--30);padding-top:var(--wp--preset--spacing--30);padding-right:var(--wp--preset--spacing--30);padding-bottom:var(--wp--preset--spacing--30);padding-left:var(--wp--preset--spacing--30)\"><div class=\"wp-block-group__inner-container is-layout-constrained wp-container-core-group-is-layout-40cadcaa wp-block-group-is-layout-constrained\">\n<figure class=\"wp-block-image\"><a target=\"_blank\" href=\"https:\/\/muenchen.t-online.de\/region\/muenchen\/id_101229488\/1860-muenchen-sieg-nach-wilder-schlussphase-vs-ulm-niederlechner-trifft.html\"><img decoding=\"async\" src=\"\" alt=\"1860 M\u00fcnchen: Sieg nach wilder Schlussphase vs. Ulm \u2013 Niederlechner trifft\"\/><\/a><\/figure>\n\n\n\n<p><strong><a target=\"_blank\" href=\"https:\/\/muenchen.t-online.de\/region\/muenchen\/id_101229488\/1860-muenchen-sieg-nach-wilder-schlussphase-vs-ulm-niederlechner-trifft.html\">1860 M\u00fcnchen: Sieg nach wilder Schlussphase vs. Ulm \u2013 Niederlechner trifft<\/a><\/strong><\/p>\n\n\n\n<p class=\"has-medium-font-size\">26.04.2026 at 18:39<\/p>\n\n\n\n<p class=\"has-small-font-size\">Die Schlussphase gegen Ulm hat es in sich. Am Ende gehen die M\u00fcnchner &#8220;L\u00f6wen&#8221; nach langer Zeit einmal wieder als Sieger vom Feld.<\/p>\n<\/div><\/div>\n\n\n\n<div class=\"wp-block-group\" style=\"margin-top:var(--wp--preset--spacing--30);margin-bottom:var(--wp--preset--spacing--30);padding-top:var(--wp--preset--spacing--30);padding-right:var(--wp--preset--spacing--30);padding-bottom:var(--wp--preset--spacing--30);padding-left:var(--wp--preset--spacing--30)\"><div class=\"wp-block-group__inner-container is-layout-constrained wp-container-core-group-is-layout-40cadcaa wp-block-group-is-layout-constrained\">\n<figure class=\"wp-block-image\"><a target=\"_blank\" href=\"https:\/\/frankfurt.t-online.de\/region\/frankfurt-am-main\/id_101229310\/eintracht-frankfurt-riera-fordert-pflichtsieg-gegen-hsv.html\"><img decoding=\"async\" src=\"\" alt=\"Eintracht Frankfurt: Riera fordert \"Pflichtsieg\" gegen HSV\"\/><\/a><\/figure>\n\n\n\n<p><strong><a target=\"_blank\" href=\"https:\/\/frankfurt.t-online.de\/region\/frankfurt-am-main\/id_101229310\/eintracht-frankfurt-riera-fordert-pflichtsieg-gegen-hsv.html\">Eintracht Frankfurt: Riera fordert &#8220;Pflichtsieg&#8221; gegen HSV<\/a><\/strong><\/p>\n\n\n\n<p class=\"has-medium-font-size\">26.04.2026 at 14:33<\/p>\n\n\n\n<p class=\"has-small-font-size\">Nur ein Punkt in Augsburg: Eintracht Frankfurt hat aus f\u00fcnf Spielen nur f\u00fcnf Z\u00e4hler geholt. Das Heimspiel gegen den Hamburger SV gilt als Pflichtsieg.<\/p>\n<\/div><\/div>\n\n\n\n<div class=\"wp-block-group\" style=\"margin-top:var(--wp--preset--spacing--30);margin-bottom:var(--wp--preset--spacing--30);padding-top:var(--wp--preset--spacing--30);padding-right:var(--wp--preset--spacing--30);padding-bottom:var(--wp--preset--spacing--30);padding-left:var(--wp--preset--spacing--30)\"><div class=\"wp-block-group__inner-container is-layout-constrained wp-container-core-group-is-layout-40cadcaa wp-block-group-is-layout-constrained\">\n<figure class=\"wp-block-image\"><a target=\"_blank\" href=\"https:\/\/duesseldorf.t-online.de\/region\/duesseldorf\/id_101068136\/fortuna-duesseldorf-befreiungsschlag-gegen-dynamo-dresden.html\"><img decoding=\"async\" src=\"https:\/\/images.t-online.de\/2026\/04\/4pFxarp62QBB\/179x140:1685x948\/fit-in\/1200x0\/cedric-itten-m-jubelt-mit-torwart-florian-kastenmeier-r-und-sotiris-alexandropoulos-r-mit-einem-3-1-erfolg-hat-sich-fortuna-duesseldorf-luft-im-tabellenkeller-verschafft.jpg\" alt=\"Fortuna D\u00fcsseldorf: Befreiungsschlag gegen Dynamo Dresden\"\/><\/a><\/figure>\n\n\n\n<p><strong><a target=\"_blank\" href=\"https:\/\/duesseldorf.t-online.de\/region\/duesseldorf\/id_101068136\/fortuna-duesseldorf-befreiungsschlag-gegen-dynamo-dresden.html\">Fortuna D\u00fcsseldorf: Befreiungsschlag gegen Dynamo Dresden<\/a><\/strong><\/p>\n\n\n\n<p class=\"has-medium-font-size\">25.04.2026 at 14:41<\/p>\n\n\n\n<p class=\"has-small-font-size\">Fortuna D\u00fcsseldorf ist einer der traditionsreichsten Fu\u00dfballvereine Deutschlands. Im Newsblog finden Sie alle wichtigen Meldungen und Entwicklungen rund um den Zweitligisten.<\/p>\n<\/div><\/div>\n\n\n\n<div class=\"wp-block-group\" style=\"margin-top:var(--wp--preset--spacing--30);margin-bottom:var(--wp--preset--spacing--30);padding-top:var(--wp--preset--spacing--30);padding-right:var(--wp--preset--spacing--30);padding-bottom:var(--wp--preset--spacing--30);padding-left:var(--wp--preset--spacing--30)\"><div class=\"wp-block-group__inner-container is-layout-constrained wp-container-core-group-is-layout-40cadcaa wp-block-group-is-layout-constrained\">\n<figure class=\"wp-block-image\"><a target=\"_blank\" href=\"https:\/\/duesseldorf.t-online.de\/region\/duesseldorf\/id_101224050\/fortuna-duesseldorf-dynamo-dresden-hier-laeuft-das-heutige-spiel.html\"><img decoding=\"async\" src=\"https:\/\/images.t-online.de\/2026\/04\/uzaKbCRRtrXL\/0x238:2918x1641\/fit-in\/1200x0\/image.jpg\" alt=\"Fortuna D\u00fcsseldorf \u2013 Dynamo Dresden: Hier l\u00e4uft das heutige Spiel\"\/><\/a><\/figure>\n\n\n\n<p><strong><a target=\"_blank\" href=\"https:\/\/duesseldorf.t-online.de\/region\/duesseldorf\/id_101224050\/fortuna-duesseldorf-dynamo-dresden-hier-laeuft-das-heutige-spiel.html\">Fortuna D\u00fcsseldorf \u2013 Dynamo Dresden: Hier l\u00e4uft das heutige Spiel<\/a><\/strong><\/p>\n\n\n\n<p class=\"has-medium-font-size\">25.04.2026 at 00:51<\/p>\n\n\n\n<p class=\"has-small-font-size\">In der Merkur Spiel-Arena geht es f\u00fcr Fortuna gegen Dynamo um wichtige Punkte im Tabellenkeller. Wo die Partie live l\u00e4uft und welche Optionen es gibt.<\/p>\n<\/div><\/div>\n\n\n\n<div class=\"wp-block-group\" style=\"margin-top:var(--wp--preset--spacing--30);margin-bottom:var(--wp--preset--spacing--30);padding-top:var(--wp--preset--spacing--30);padding-right:var(--wp--preset--spacing--30);padding-bottom:var(--wp--preset--spacing--30);padding-left:var(--wp--preset--spacing--30)\"><div class=\"wp-block-group__inner-container is-layout-constrained wp-container-core-group-is-layout-40cadcaa wp-block-group-is-layout-constrained\">\n<figure class=\"wp-block-image\"><a target=\"_blank\" href=\"https:\/\/www.t-online.de\/sport\/fussball\/champions-league\/id_101228196\/sperre-fuer-prestianni-nach-beleidigung-gegen-vinicius-junior.html\"><img decoding=\"async\" src=\"https:\/\/images.t-online.de\/2026\/04\/HbW7ogfYKnxr\/0x107:2048x1152\/fit-in\/1200x0\/benfica-profi-prestianni-m-wurde-von-der-uefa-gesperrt-archivbild.jpg\" alt=\"Sperre f\u00fcr Prestianni nach Beleidigung gegen Vin\u00edcius J\u00fanior\"\/><\/a><\/figure>\n\n\n\n<p><strong><a target=\"_blank\" href=\"https:\/\/www.t-online.de\/sport\/fussball\/champions-league\/id_101228196\/sperre-fuer-prestianni-nach-beleidigung-gegen-vinicius-junior.html\">Sperre f\u00fcr Prestianni nach Beleidigung gegen Vin\u00edcius J\u00fanior<\/a><\/strong><\/p>\n\n\n\n<p class=\"has-medium-font-size\">24.04.2026 at 23:22<\/p>\n\n\n\n<p class=\"has-small-font-size\">Gianluca Prestianni von Benfica Lissabon muss wegen diskriminierender \u00c4u\u00dferungen im Champions-League-Spiel gegen Real Madrid einige Partien aussetzen.<\/p>\n<\/div><\/div>\n\n\n\n<div class=\"wp-block-group\" style=\"margin-top:var(--wp--preset--spacing--30);margin-bottom:var(--wp--preset--spacing--30);padding-top:var(--wp--preset--spacing--30);padding-right:var(--wp--preset--spacing--30);padding-bottom:var(--wp--preset--spacing--30);padding-left:var(--wp--preset--spacing--30)\"><div class=\"wp-block-group__inner-container is-layout-constrained wp-container-core-group-is-layout-40cadcaa wp-block-group-is-layout-constrained\">\n<figure class=\"wp-block-image\"><a target=\"_blank\" href=\"https:\/\/www.t-online.de\/sport\/fussball\/dfb-pokal\/id_101227288\/nach-vfb-sieg-bundesliga-siebter-im-europacup-dabei.html\"><img decoding=\"async\" src=\"https:\/\/images.t-online.de\/2026\/04\/EVuKcWg8K-zL\/0x107:2048x1152\/fit-in\/1200x0\/der-einzug-des-vfb-stuttgart-ins-pokal-finale-hat-auch-auswirkungen-auf-die-europacup-qualifikation.jpg\" alt=\"Nach VfB-Sieg: Bundesliga-Siebter im Europacup dabei\"\/><\/a><\/figure>\n\n\n\n<p><strong><a target=\"_blank\" href=\"https:\/\/www.t-online.de\/sport\/fussball\/dfb-pokal\/id_101227288\/nach-vfb-sieg-bundesliga-siebter-im-europacup-dabei.html\">Nach VfB-Sieg: Bundesliga-Siebter im Europacup dabei<\/a><\/strong><\/p>\n\n\n\n<p class=\"has-medium-font-size\">24.04.2026 at 16:49<\/p>\n\n\n\n<p class=\"has-small-font-size\">Der siebte Platz in der Bundesliga reicht in dieser Saison sicher f\u00fcr den Europacup.<\/p>\n<\/div><\/div>\n\n\n\n<div class=\"wp-block-group\" style=\"margin-top:var(--wp--preset--spacing--30);margin-bottom:var(--wp--preset--spacing--30);padding-top:var(--wp--preset--spacing--30);padding-right:var(--wp--preset--spacing--30);padding-bottom:var(--wp--preset--spacing--30);padding-left:var(--wp--preset--spacing--30)\"><div class=\"wp-block-group__inner-container is-layout-constrained wp-container-core-group-is-layout-40cadcaa wp-block-group-is-layout-constrained\">\n<figure class=\"wp-block-image\"><a target=\"_blank\" href=\"https:\/\/www.t-online.de\/sport\/fussball\/international\/id_101227166\/grieche-donis-neuer-trainer-von-wm-teilnehmer-saudi-arabien.html\"><img decoding=\"async\" src=\"https:\/\/images.t-online.de\/2026\/04\/9M1YJ5YxyOMu\/0x107:2048x1152\/fit-in\/1200x0\/muss-als-nationaltrainer-von-saudi-arabien-gehen-herve-renard-archivbild.jpg\" alt=\"Grieche Donis neuer Trainer von WM-Teilnehmer Saudi-Arabien\"\/><\/a><\/figure>\n\n\n\n<p><strong><a target=\"_blank\" href=\"https:\/\/www.t-online.de\/sport\/fussball\/international\/id_101227166\/grieche-donis-neuer-trainer-von-wm-teilnehmer-saudi-arabien.html\">Grieche Donis neuer Trainer von WM-Teilnehmer Saudi-Arabien<\/a><\/strong><\/p>\n\n\n\n<p class=\"has-medium-font-size\">24.04.2026 at 15:32<\/p>\n\n\n\n<p class=\"has-small-font-size\">Schon bald beginnt die Fu\u00dfball-WM in Nordamerika.<\/p>\n<\/div><\/div>\n\n\n\n<div class=\"wp-block-group\" style=\"margin-top:var(--wp--preset--spacing--30);margin-bottom:var(--wp--preset--spacing--30);padding-top:var(--wp--preset--spacing--30);padding-right:var(--wp--preset--spacing--30);padding-bottom:var(--wp--preset--spacing--30);padding-left:var(--wp--preset--spacing--30)\"><div class=\"wp-block-group__inner-container is-layout-constrained wp-container-core-group-is-layout-40cadcaa wp-block-group-is-layout-constrained\">\n<figure class=\"wp-block-image\"><a target=\"_blank\" href=\"https:\/\/www.t-online.de\/leben\/reisen\/id_101222476\/manchester-ein-tisch-schrieb-weltgeschichte-so-koennen-sie-ihn-besuchen.html\"><img decoding=\"async\" src=\"https:\/\/images.t-online.de\/2026\/04\/NKgP9aTW4FQ8\/0x0:3672x2065\/fit-in\/1200x0\/chetham-s-library-die-aelteste-oeffentliche-bibliothek-der-stadt-manchester-stammt-aus-der-angelsaechsischen-periode.jpg\" alt=\"Manchester: Ein Tisch schrieb Weltgeschichte \u2013 so k\u00f6nnen Sie ihn besuchen\"\/><\/a><\/figure>\n\n\n\n<p><strong><a target=\"_blank\" href=\"https:\/\/www.t-online.de\/leben\/reisen\/id_101222476\/manchester-ein-tisch-schrieb-weltgeschichte-so-koennen-sie-ihn-besuchen.html\">Manchester: Ein Tisch schrieb Weltgeschichte \u2013 so k\u00f6nnen Sie ihn besuchen<\/a><\/strong><\/p>\n\n\n\n<p class=\"has-medium-font-size\">24.04.2026 at 14:15<\/p>\n\n\n\n<p class=\"has-small-font-size\">Manchester steht f\u00fcr Fu\u00dfball, Popmusik, Architektur \u2013 und Weltgeschichte. Zwei Deutsche haben sie ma\u00dfgeblich mitgepr\u00e4gt und werden hier verehrt.<\/p>\n<\/div><\/div>\n\n\n\n<div class=\"wp-block-group\" style=\"margin-top:var(--wp--preset--spacing--30);margin-bottom:var(--wp--preset--spacing--30);padding-top:var(--wp--preset--spacing--30);padding-right:var(--wp--preset--spacing--30);padding-bottom:var(--wp--preset--spacing--30);padding-left:var(--wp--preset--spacing--30)\"><div class=\"wp-block-group__inner-container is-layout-constrained wp-container-core-group-is-layout-40cadcaa wp-block-group-is-layout-constrained\">\n<figure class=\"wp-block-image\"><a target=\"_blank\" href=\"https:\/\/www.t-online.de\/sport\/fussball\/international\/id_101227022\/us-aussenminister-irans-wm-teilnahme-ist-eigene-entscheidung.html\"><img decoding=\"async\" src=\"https:\/\/images.t-online.de\/2026\/04\/ULIMQQAjpMsO\/0x107:2048x1152\/fit-in\/1200x0\/aussenminister-marco-rubio-rechts-steht-neben-us-praesident-trump.jpg\" alt=\"US-Au\u00dfenminister: Irans WM-Teilnahme ist eigene Entscheidung\"\/><\/a><\/figure>\n\n\n\n<p><strong><a target=\"_blank\" href=\"https:\/\/www.t-online.de\/sport\/fussball\/international\/id_101227022\/us-aussenminister-irans-wm-teilnahme-ist-eigene-entscheidung.html\">US-Au\u00dfenminister: Irans WM-Teilnahme ist eigene Entscheidung<\/a><\/strong><\/p>\n\n\n\n<p class=\"has-medium-font-size\">24.04.2026 at 13:27<\/p>\n\n\n\n<p class=\"has-small-font-size\">Die WM-Teilnahme des iranischen Teams ist wegen des Iran-Krieges ein st\u00e4ndiges Diskussions-Thema.<\/p>\n<\/div><\/div>\n\n\n\n<div class=\"wp-block-group\" style=\"margin-top:var(--wp--preset--spacing--30);margin-bottom:var(--wp--preset--spacing--30);padding-top:var(--wp--preset--spacing--30);padding-right:var(--wp--preset--spacing--30);padding-bottom:var(--wp--preset--spacing--30);padding-left:var(--wp--preset--spacing--30)\"><div class=\"wp-block-group__inner-container is-layout-constrained wp-container-core-group-is-layout-40cadcaa wp-block-group-is-layout-constrained\">\n<figure class=\"wp-block-image\"><a target=\"_blank\" href=\"https:\/\/www.t-online.de\/sport\/fussball\/international\/id_101226660\/ex-bundesliga-torwart-hitz-beendet-im-sommer-karriere.html\"><img decoding=\"async\" src=\"https:\/\/images.t-online.de\/2026\/04\/LNu1gu0opHBV\/0x114:2048x1152\/fit-in\/1200x0\/im-sommer-ist-schluss-marwin-hitz-beendet-seine-fussball-karriere-archivbild.jpg\" alt=\"Ex-Bundesliga-Torwart Hitz beendet im Sommer Karriere\"\/><\/a><\/figure>\n\n\n\n<p><strong><a target=\"_blank\" href=\"https:\/\/www.t-online.de\/sport\/fussball\/international\/id_101226660\/ex-bundesliga-torwart-hitz-beendet-im-sommer-karriere.html\">Ex-Bundesliga-Torwart Hitz beendet im Sommer Karriere<\/a><\/strong><\/p>\n\n\n\n<p class=\"has-medium-font-size\">24.04.2026 at 02:13<\/p>\n\n\n\n<p class=\"has-small-font-size\">Marwin Hitz zieht die Handschuhe f\u00fcr immer aus: Nach Stationen bei Dortmund, Wolfsburg und Augsburg beendet der 38-J\u00e4hrige im Sommer seine Profikarriere beim FC Basel.<\/p>\n<\/div><\/div>\n\n\n\n<div class=\"wp-block-group\" style=\"margin-top:var(--wp--preset--spacing--30);margin-bottom:var(--wp--preset--spacing--30);padding-top:var(--wp--preset--spacing--30);padding-right:var(--wp--preset--spacing--30);padding-bottom:var(--wp--preset--spacing--30);padding-left:var(--wp--preset--spacing--30)\"><div class=\"wp-block-group__inner-container is-layout-constrained wp-container-core-group-is-layout-40cadcaa wp-block-group-is-layout-constrained\">\n<figure class=\"wp-block-image\"><a target=\"_blank\" href=\"https:\/\/muenchen.t-online.de\/region\/muenchen\/id_101224442\/1860-muenchen-fans-wueten-nach-ticketverkauf-fuers-finale-konsequenzen.html\"><img decoding=\"async\" src=\"\" alt=\"1860 M\u00fcnchen: Fans w\u00fcten nach Ticketverkauf f\u00fcrs Finale \u2013 Konsequenzen\"\/><\/a><\/figure>\n\n\n\n<p><strong><a target=\"_blank\" href=\"https:\/\/muenchen.t-online.de\/region\/muenchen\/id_101224442\/1860-muenchen-fans-wueten-nach-ticketverkauf-fuers-finale-konsequenzen.html\">1860 M\u00fcnchen: Fans w\u00fcten nach Ticketverkauf f\u00fcrs Finale \u2013 Konsequenzen<\/a><\/strong><\/p>\n\n\n\n<p class=\"has-medium-font-size\">23.04.2026 at 18:59<\/p>\n\n\n\n<p class=\"has-small-font-size\">Im Finale des Toto-Pokals greifen die &#8220;L\u00f6wen&#8221; Mitte Mai nach dem ersten Titel seit sechs Jahren. Der Ansturm auf die Tickets ist gro\u00df \u2013 viele Fans erleben eine b\u00f6se \u00dcberraschung.<\/p>\n<\/div><\/div>\n\n\n\n<div class=\"wp-block-group\" style=\"margin-top:var(--wp--preset--spacing--30);margin-bottom:var(--wp--preset--spacing--30);padding-top:var(--wp--preset--spacing--30);padding-right:var(--wp--preset--spacing--30);padding-bottom:var(--wp--preset--spacing--30);padding-left:var(--wp--preset--spacing--30)\"><div class=\"wp-block-group__inner-container is-layout-constrained wp-container-core-group-is-layout-40cadcaa wp-block-group-is-layout-constrained\">\n<figure class=\"wp-block-image\"><a target=\"_blank\" href=\"https:\/\/duesseldorf.t-online.de\/region\/duesseldorf\/id_101225422\/fortuna-duesseldorf-ex-profi-istenic-spricht-ueber-den-abstiegskampf.html\"><img decoding=\"async\" src=\"https:\/\/images.t-online.de\/2026\/04\/MiNdPC2AGXwe\/1414x329:1302x733\/fit-in\/1200x0\/image.jpg\" alt=\"Fortuna D\u00fcsseldorf: Ex-Profi Istenic spricht \u00fcber den Abstiegskampf\"\/><\/a><\/figure>\n\n\n\n<p><strong><a target=\"_blank\" href=\"https:\/\/duesseldorf.t-online.de\/region\/duesseldorf\/id_101225422\/fortuna-duesseldorf-ex-profi-istenic-spricht-ueber-den-abstiegskampf.html\">Fortuna D\u00fcsseldorf: Ex-Profi Istenic spricht \u00fcber den Abstiegskampf<\/a><\/strong><\/p>\n\n\n\n<p class=\"has-medium-font-size\">23.04.2026 at 17:35<\/p>\n\n\n\n<p class=\"has-small-font-size\">Rudi Istenic war dabei, als Fortuna D\u00fcsseldorf 1999 aus der 2. Liga abgestiegen ist. Im Interview erkl\u00e4rt der Ex-Profi, was ihm aktuell die gr\u00f6\u00dften Sorgen macht.<\/p>\n<\/div><\/div>\n\n\n\n<div class=\"wp-block-group\" style=\"margin-top:var(--wp--preset--spacing--30);margin-bottom:var(--wp--preset--spacing--30);padding-top:var(--wp--preset--spacing--30);padding-right:var(--wp--preset--spacing--30);padding-bottom:var(--wp--preset--spacing--30);padding-left:var(--wp--preset--spacing--30)\"><div class=\"wp-block-group__inner-container is-layout-constrained wp-container-core-group-is-layout-40cadcaa wp-block-group-is-layout-constrained\">\n<figure class=\"wp-block-image\"><a target=\"_blank\" href=\"https:\/\/www.t-online.de\/video\/sport\/id_101225384\/bayern-frauen-feiern-meistertitel-mit-partyvideo.html\"><img decoding=\"async\" src=\"\" alt=\"Bayern-Frauen feiern Meistertitel mit Partyvideo\"\/><\/a><\/figure>\n\n\n\n<p><strong><a target=\"_blank\" href=\"https:\/\/www.t-online.de\/video\/sport\/id_101225384\/bayern-frauen-feiern-meistertitel-mit-partyvideo.html\">Bayern-Frauen feiern Meistertitel mit Partyvideo<\/a><\/strong><\/p>\n\n\n\n<p class=\"has-medium-font-size\">23.04.2026 at 16:00<\/p>\n\n\n\n<p class=\"has-small-font-size\">Ausgelassene Stimmung nach dem Titelgewinn: In den Katakomben feiert das Team des FC Bayern. Ein Hauch von Ballermann liegt in der Luft.<\/p>\n<\/div><\/div>\n\n<\/div>","protected":false},"excerpt":{"rendered":"","protected":false},"author":1,"featured_media":0,"parent":0,"menu_order":0,"comment_status":"closed","ping_status":"closed","template":"","meta":{"footnotes":""},"class_list":["post-57","page","type-page","status-publish","hentry","entry"],"_links":{"self":[{"href":"https:\/\/mgreif.com\/news\/wp-json\/wp\/v2\/pages\/57","targetHints":{"allow":["GET"]}}],"collection":[{"href":"https:\/\/mgreif.com\/news\/wp-json\/wp\/v2\/pages"}],"about":[{"href":"https:\/\/mgreif.com\/news\/wp-json\/wp\/v2\/types\/page"}],"author":[{"embeddable":true,"href":"https:\/\/mgreif.com\/news\/wp-json\/wp\/v2\/users\/1"}],"replies":[{"embeddable":true,"href":"https:\/\/mgreif.com\/news\/wp-json\/wp\/v2\/comments?post=57"}],"version-history":[{"count":5,"href":"https:\/\/mgreif.com\/news\/wp-json\/wp\/v2\/pages\/57\/revisions"}],"predecessor-version":[{"id":1682,"href":"https:\/\/mgreif.com\/news\/wp-json\/wp\/v2\/pages\/57\/revisions\/1682"}],"wp:attachment":[{"href":"https:\/\/mgreif.com\/news\/wp-json\/wp\/v2\/media?parent=57"}],"curies":[{"name":"wp","href":"https:\/\/api.w.org\/{rel}","templated":true}]}}