{"id":218,"date":"2022-07-10T04:11:04","date_gmt":"2022-07-10T04:11:04","guid":{"rendered":"https:\/\/special-buys-online.com\/news\/?page_id=218"},"modified":"2025-09-22T19:29:05","modified_gmt":"2025-09-22T09:59:05","slug":"fernweh","status":"publish","type":"page","link":"https:\/\/mgreif.com\/news\/fernweh\/","title":{"rendered":"Fernweh"},"content":{"rendered":"<div class=\"feedzy-loop-columns-2 wp-block-feedzy-rss-feeds-loop\">\n\n<div class=\"wp-block-group\" style=\"margin-top:var(--wp--preset--spacing--30);margin-bottom:var(--wp--preset--spacing--30);padding-top:var(--wp--preset--spacing--30);padding-right:var(--wp--preset--spacing--30);padding-bottom:var(--wp--preset--spacing--30);padding-left:var(--wp--preset--spacing--30)\"><div class=\"wp-block-group__inner-container is-layout-constrained wp-container-core-group-is-layout-40cadcaa wp-block-group-is-layout-constrained\">\n<figure class=\"wp-block-image\"><a target=\"_blank\" href=\"https:\/\/www.spiegel.de\/reise\/fernweh\/die-geschichte-hinter-dem-bild-wir-tranken-warmen-champagner-aus-dem-kofferraum-a-bb4ee2a0-6251-4a1a-a2fa-e472ca985835#ref=rss\"><img decoding=\"async\" src=\"https:\/\/cdn.prod.www.spiegel.de\/images\/f7f96f3e-c96b-4de8-ba7d-33f8972a5727_w520_r2.08_fpx32.7_fpy49.94.jpg\" alt=\"Die Geschichte hinter dem Bild: \u00bbWir tranken warmen Champagner aus dem Kofferraum\u00ab\"\/><\/a><\/figure>\n\n\n\n<p><strong><a target=\"_blank\" href=\"https:\/\/www.spiegel.de\/reise\/fernweh\/die-geschichte-hinter-dem-bild-wir-tranken-warmen-champagner-aus-dem-kofferraum-a-bb4ee2a0-6251-4a1a-a2fa-e472ca985835#ref=rss\">Die Geschichte hinter dem Bild: \u00bbWir tranken warmen Champagner aus dem Kofferraum\u00ab<\/a><\/strong><\/p>\n\n\n\n<p class=\"has-medium-font-size\">09.04.2026 at 20:30<\/p>\n\n\n\n<p class=\"has-small-font-size\">SPIEGEL-Leser Oskar Plank, 84, trampte vor fast 70 Jahren durch Europa. Im Gep\u00e4ck kaum mehr als einen Aluminiumtopf \u2013\u00a0und eine schriftliche Einverst\u00e4ndniserkl\u00e4rung seiner Mutter.<\/p>\n<\/div><\/div>\n\n\n\n<div class=\"wp-block-group\" style=\"margin-top:var(--wp--preset--spacing--30);margin-bottom:var(--wp--preset--spacing--30);padding-top:var(--wp--preset--spacing--30);padding-right:var(--wp--preset--spacing--30);padding-bottom:var(--wp--preset--spacing--30);padding-left:var(--wp--preset--spacing--30)\"><div class=\"wp-block-group__inner-container is-layout-constrained wp-container-core-group-is-layout-40cadcaa wp-block-group-is-layout-constrained\">\n<figure class=\"wp-block-image\"><a target=\"_blank\" href=\"https:\/\/www.spiegel.de\/reise\/fernweh\/iran-krieg-wie-gestrandete-urlauber-geld-vom-veranstalter-zurueckbekommen-a-724e4b52-c295-488d-a8e1-63a302caf3dc#ref=rss\"><img decoding=\"async\" src=\"https:\/\/cdn.prod.www.spiegel.de\/images\/0547a7af-4f3f-4199-a06b-82c932ff22e0_w520_r2.08_fpx65.34_fpy50.jpg\" alt=\"Iran-Krieg: Wie gestrandete Urlauber Geld zur\u00fcckbekommen\"\/><\/a><\/figure>\n\n\n\n<p><strong><a target=\"_blank\" href=\"https:\/\/www.spiegel.de\/reise\/fernweh\/iran-krieg-wie-gestrandete-urlauber-geld-vom-veranstalter-zurueckbekommen-a-724e4b52-c295-488d-a8e1-63a302caf3dc#ref=rss\">Iran-Krieg: Wie gestrandete Urlauber Geld zur\u00fcckbekommen<\/a><\/strong><\/p>\n\n\n\n<p class=\"has-medium-font-size\">11.03.2026 at 21:44<\/p>\n\n\n\n<p class=\"has-small-font-size\">Tausende Touristen waren oder sind als Folge des Irankriegs in arabischen L\u00e4ndern gestrandet. Welche Erstattungen ihnen zustehen und ob man aus Angst kostenfrei vom Sommerurlaub zur\u00fccktreten kann \u2013 der \u00dcberblick.<\/p>\n<\/div><\/div>\n\n\n\n<div class=\"wp-block-group\" style=\"margin-top:var(--wp--preset--spacing--30);margin-bottom:var(--wp--preset--spacing--30);padding-top:var(--wp--preset--spacing--30);padding-right:var(--wp--preset--spacing--30);padding-bottom:var(--wp--preset--spacing--30);padding-left:var(--wp--preset--spacing--30)\"><div class=\"wp-block-group__inner-container is-layout-constrained wp-container-core-group-is-layout-40cadcaa wp-block-group-is-layout-constrained\">\n<figure class=\"wp-block-image\"><a target=\"_blank\" href=\"https:\/\/www.spiegel.de\/reise\/fernweh\/tourismus-in-der-krise-itb-in-berlin-konfrontiert-mit-kriegerischer-welt-a-5c066244-f462-44a3-b5ae-f7ed93473f25#ref=rss\"><img decoding=\"async\" src=\"https:\/\/cdn.prod.www.spiegel.de\/images\/b2a93dfb-2984-4eab-b549-3657dc38cec3_w520_r2.08_fpx44.99_fpy62.24.jpg\" alt=\"Tourismus in der Krise: ITB in Berlin konfrontiert mit kriegerischer Welt\"\/><\/a><\/figure>\n\n\n\n<p><strong><a target=\"_blank\" href=\"https:\/\/www.spiegel.de\/reise\/fernweh\/tourismus-in-der-krise-itb-in-berlin-konfrontiert-mit-kriegerischer-welt-a-5c066244-f462-44a3-b5ae-f7ed93473f25#ref=rss\">Tourismus in der Krise: ITB in Berlin konfrontiert mit kriegerischer Welt<\/a><\/strong><\/p>\n\n\n\n<p class=\"has-medium-font-size\">04.03.2026 at 22:09<\/p>\n\n\n\n<p class=\"has-small-font-size\">Raketen auf Dubai, brennende Hotels: Auf der ITB in Berlin muss die Branche mit einer neuen Realit\u00e4t umgehen. Lernen lie\u00dfe sich von der queeren Community in Messehalle 4.1.<\/p>\n<\/div><\/div>\n\n\n\n<div class=\"wp-block-group\" style=\"margin-top:var(--wp--preset--spacing--30);margin-bottom:var(--wp--preset--spacing--30);padding-top:var(--wp--preset--spacing--30);padding-right:var(--wp--preset--spacing--30);padding-bottom:var(--wp--preset--spacing--30);padding-left:var(--wp--preset--spacing--30)\"><div class=\"wp-block-group__inner-container is-layout-constrained wp-container-core-group-is-layout-40cadcaa wp-block-group-is-layout-constrained\">\n<figure class=\"wp-block-image\"><a target=\"_blank\" href=\"https:\/\/www.spiegel.de\/reise\/fernweh\/irankrieg-kreuzfahrtschiffe-im-persischen-golf-das-ende-einer-orientreise-a-68910897-6a80-485f-aa35-3cb72c6820cf#ref=rss\"><img decoding=\"async\" src=\"https:\/\/cdn.prod.www.spiegel.de\/images\/ebd7fa0c-e767-4ede-8608-c481eaad570e_w520_r2.08_fpx30.01_fpy54.95.jpg\" alt=\"Iran-Krieg: Kreuzfahrtschiffe im Persischen Golf \u2013 das Ende einer Orientreise\"\/><\/a><\/figure>\n\n\n\n<p><strong><a target=\"_blank\" href=\"https:\/\/www.spiegel.de\/reise\/fernweh\/irankrieg-kreuzfahrtschiffe-im-persischen-golf-das-ende-einer-orientreise-a-68910897-6a80-485f-aa35-3cb72c6820cf#ref=rss\">Iran-Krieg: Kreuzfahrtschiffe im Persischen Golf \u2013 das Ende einer Orientreise<\/a><\/strong><\/p>\n\n\n\n<p class=\"has-medium-font-size\">03.03.2026 at 03:52<\/p>\n\n\n\n<p class=\"has-small-font-size\">Tausende Kreuzfahrtpassagiere h\u00e4ngen in den H\u00e4fen arabischer Staaten fest. Nachts sehen sie Raketen des iranischen Regimes. So ist die Lage f\u00fcr die Urlauberinnen und Urlauber.<\/p>\n<\/div><\/div>\n\n\n\n<div class=\"wp-block-group\" style=\"margin-top:var(--wp--preset--spacing--30);margin-bottom:var(--wp--preset--spacing--30);padding-top:var(--wp--preset--spacing--30);padding-right:var(--wp--preset--spacing--30);padding-bottom:var(--wp--preset--spacing--30);padding-left:var(--wp--preset--spacing--30)\"><div class=\"wp-block-group__inner-container is-layout-constrained wp-container-core-group-is-layout-40cadcaa wp-block-group-is-layout-constrained\">\n<figure class=\"wp-block-image\"><a target=\"_blank\" href=\"https:\/\/www.spiegel.de\/reise\/fernweh\/iran-israel-vereinigte-arabische-emirate-was-reisende-jetzt-wissen-muessen-a-c688f4e9-9e29-4831-8a6b-d6e5b9c628d4#ref=rss\"><img decoding=\"async\" src=\"https:\/\/cdn.prod.www.spiegel.de\/images\/5359640a-2900-46b5-bc72-b3b45c7f91dd_w520_r2.08_fpx46.67_fpy50.jpg\" alt=\"Iran, Israel, Vereinigte Arabische Emirate: Was Reisende jetzt wissen m\u00fcssen\"\/><\/a><\/figure>\n\n\n\n<p><strong><a target=\"_blank\" href=\"https:\/\/www.spiegel.de\/reise\/fernweh\/iran-israel-vereinigte-arabische-emirate-was-reisende-jetzt-wissen-muessen-a-c688f4e9-9e29-4831-8a6b-d6e5b9c628d4#ref=rss\">Iran, Israel, Vereinigte Arabische Emirate: Was Reisende jetzt wissen m\u00fcssen<\/a><\/strong><\/p>\n\n\n\n<p class=\"has-medium-font-size\">02.03.2026 at 22:43<\/p>\n\n\n\n<p class=\"has-small-font-size\">Flugh\u00e4fen sind gesperrt, Kreuzfahrtschiffe liegen fest: Tausende Urlauber sind im Kriegsgebiet in Nahost gestrandet. Wie sie sich verhalten sollten. Und welche Rechte Reisende haben, die in die Region fliegen wollten.<\/p>\n<\/div><\/div>\n\n\n\n<div class=\"wp-block-group\" style=\"margin-top:var(--wp--preset--spacing--30);margin-bottom:var(--wp--preset--spacing--30);padding-top:var(--wp--preset--spacing--30);padding-right:var(--wp--preset--spacing--30);padding-bottom:var(--wp--preset--spacing--30);padding-left:var(--wp--preset--spacing--30)\"><div class=\"wp-block-group__inner-container is-layout-constrained wp-container-core-group-is-layout-40cadcaa wp-block-group-is-layout-constrained\">\n<figure class=\"wp-block-image\"><a target=\"_blank\" href=\"https:\/\/www.spiegel.de\/reise\/fernweh\/reisefotos-so-haben-sie-die-welt-noch-nie-gesehen-travel-photographer-of-the-year-2025-a-518f7737-2b75-4e9b-806e-b85c334be66b#ref=rss\"><img decoding=\"async\" src=\"https:\/\/cdn.prod.www.spiegel.de\/images\/95a36c9d-4d4a-4713-b5bb-8f04cb27a8ec_w520_r2.08_fpx45_fpy67.jpg\" alt=\"Reisefotos: So haben Sie die Welt noch nie gesehen - Travel Photographer of the Year 2025\"\/><\/a><\/figure>\n\n\n\n<p><strong><a target=\"_blank\" href=\"https:\/\/www.spiegel.de\/reise\/fernweh\/reisefotos-so-haben-sie-die-welt-noch-nie-gesehen-travel-photographer-of-the-year-2025-a-518f7737-2b75-4e9b-806e-b85c334be66b#ref=rss\">Reisefotos: So haben Sie die Welt noch nie gesehen &#8211; Travel Photographer of the Year 2025<\/a><\/strong><\/p>\n\n\n\n<p class=\"has-medium-font-size\">02.02.2026 at 19:55<\/p>\n\n\n\n<p class=\"has-small-font-size\">Mystische T\u00e4nzer, eine zauberhafte Wasserspiegelung \u2013 und ein Elefant: Die Jury eines internationalen Fotowettbewerbs hat die Hingucker des Jahres gek\u00fcrt. Wir zeigen eine Auswahl.<\/p>\n<\/div><\/div>\n\n\n\n<div class=\"wp-block-group\" style=\"margin-top:var(--wp--preset--spacing--30);margin-bottom:var(--wp--preset--spacing--30);padding-top:var(--wp--preset--spacing--30);padding-right:var(--wp--preset--spacing--30);padding-bottom:var(--wp--preset--spacing--30);padding-left:var(--wp--preset--spacing--30)\"><div class=\"wp-block-group__inner-container is-layout-constrained wp-container-core-group-is-layout-40cadcaa wp-block-group-is-layout-constrained\">\n<figure class=\"wp-block-image\"><a target=\"_blank\" href=\"https:\/\/www.spiegel.de\/reise\/fernweh\/wandern-auf-dem-pacific-crest-trail-usa-am-meisten-fuerchteten-wir-in-kalifornien-getauten-schnee-a-1252e00a-a517-45c7-9675-8d50e3d923f4#ref=rss\"><img decoding=\"async\" src=\"https:\/\/cdn.prod.www.spiegel.de\/images\/12bcc244-0f6e-477f-bfe5-a3fbbf1d5d55_w520_r2.08_fpx50_fpy65.jpg\" alt=\"Wandern auf dem Pacific Crest Trail (USA): \u00bbAm meisten f\u00fcrchteten wir in Kalifornien getauten Schnee\u00ab\"\/><\/a><\/figure>\n\n\n\n<p><strong><a target=\"_blank\" href=\"https:\/\/www.spiegel.de\/reise\/fernweh\/wandern-auf-dem-pacific-crest-trail-usa-am-meisten-fuerchteten-wir-in-kalifornien-getauten-schnee-a-1252e00a-a517-45c7-9675-8d50e3d923f4#ref=rss\">Wandern auf dem Pacific Crest Trail (USA): \u00bbAm meisten f\u00fcrchteten wir in Kalifornien getauten Schnee\u00ab<\/a><\/strong><\/p>\n\n\n\n<p class=\"has-medium-font-size\">15.01.2026 at 22:30<\/p>\n\n\n\n<p class=\"has-small-font-size\">Ein Traumziel zum Wandern: der Pacific Crest Trail im Westen der USA. Bj\u00f6rn Dziambor und seine Partnerin waren dort 177 Tage unterwegs. Und wurden vom Schnee in Kalifornien b\u00f6se \u00fcberrascht.<\/p>\n<\/div><\/div>\n\n\n\n<div class=\"wp-block-group\" style=\"margin-top:var(--wp--preset--spacing--30);margin-bottom:var(--wp--preset--spacing--30);padding-top:var(--wp--preset--spacing--30);padding-right:var(--wp--preset--spacing--30);padding-bottom:var(--wp--preset--spacing--30);padding-left:var(--wp--preset--spacing--30)\"><div class=\"wp-block-group__inner-container is-layout-constrained wp-container-core-group-is-layout-40cadcaa wp-block-group-is-layout-constrained\">\n<figure class=\"wp-block-image\"><a target=\"_blank\" href=\"https:\/\/www.spiegel.de\/reise\/fernweh\/chomolhari-trek-in-bhutan-wie-ich-das-glueck-im-schneesturm-fand-a-ac8fdf15-5135-47e2-af96-16ce161ec909#ref=rss\"><img decoding=\"async\" src=\"https:\/\/cdn.prod.www.spiegel.de\/images\/32a1ef32-b00b-43bb-987b-5edb01a69c30_w520_r2.08_fpx30_fpy54.97.jpg\" alt=\"Chomolhari-Trek in Bhutan: Wie ich das Gl\u00fcck im Schneesturm fand\"\/><\/a><\/figure>\n\n\n\n<p><strong><a target=\"_blank\" href=\"https:\/\/www.spiegel.de\/reise\/fernweh\/chomolhari-trek-in-bhutan-wie-ich-das-glueck-im-schneesturm-fand-a-ac8fdf15-5135-47e2-af96-16ce161ec909#ref=rss\">Chomolhari-Trek in Bhutan: Wie ich das Gl\u00fcck im Schneesturm fand<\/a><\/strong><\/p>\n\n\n\n<p class=\"has-medium-font-size\">14.01.2026 at 02:13<\/p>\n\n\n\n<p class=\"has-small-font-size\">\u00dcber fast 5000 Meter hohe P\u00e4sse, vorbei an Yaks: Der Chomolhari-Trek ist die bekannteste Langstreckenwanderung Bhutans. Als unerwartet der Winter einbricht, muss unser Autor sich fragen: umkehren, ausharren oder weitergehen?<\/p>\n<\/div><\/div>\n\n\n\n<div class=\"wp-block-group\" style=\"margin-top:var(--wp--preset--spacing--30);margin-bottom:var(--wp--preset--spacing--30);padding-top:var(--wp--preset--spacing--30);padding-right:var(--wp--preset--spacing--30);padding-bottom:var(--wp--preset--spacing--30);padding-left:var(--wp--preset--spacing--30)\"><div class=\"wp-block-group__inner-container is-layout-constrained wp-container-core-group-is-layout-40cadcaa wp-block-group-is-layout-constrained\">\n<figure class=\"wp-block-image\"><a target=\"_blank\" href=\"https:\/\/www.spiegel.de\/reise\/fernweh\/bali-will-konten-von-touristen-pruefen-koennen-sie-sich-die-insel-leisten-a-31cefde1-de65-4d64-9efd-368d049afb54#ref=rss\"><img decoding=\"async\" src=\"https:\/\/cdn.prod.www.spiegel.de\/images\/123cd6a0-c2f6-4f23-b19b-049f54f7bbc0_w520_r2.08_fpx41.34_fpy50.jpg\" alt=\"Bali will Konten von Touristen pr\u00fcfen: K\u00f6nnen Sie sich die Insel leisten?\"\/><\/a><\/figure>\n\n\n\n<p><strong><a target=\"_blank\" href=\"https:\/\/www.spiegel.de\/reise\/fernweh\/bali-will-konten-von-touristen-pruefen-koennen-sie-sich-die-insel-leisten-a-31cefde1-de65-4d64-9efd-368d049afb54#ref=rss\">Bali will Konten von Touristen pr\u00fcfen: K\u00f6nnen Sie sich die Insel leisten?<\/a><\/strong><\/p>\n\n\n\n<p class=\"has-medium-font-size\">10.01.2026 at 22:53<\/p>\n\n\n\n<p class=\"has-small-font-size\">Bali-Touristen sollen bald ihre Kontoausz\u00fcge vorlegen \u2013 das sieht ein Regierungsplan vor. Offiziell geht es um den Kampf gegen Kriminalit\u00e4t. Doch das d\u00fcrfte nicht das einzige Motiv sein.<\/p>\n<\/div><\/div>\n\n\n\n<div class=\"wp-block-group\" style=\"margin-top:var(--wp--preset--spacing--30);margin-bottom:var(--wp--preset--spacing--30);padding-top:var(--wp--preset--spacing--30);padding-right:var(--wp--preset--spacing--30);padding-bottom:var(--wp--preset--spacing--30);padding-left:var(--wp--preset--spacing--30)\"><div class=\"wp-block-group__inner-container is-layout-constrained wp-container-core-group-is-layout-40cadcaa wp-block-group-is-layout-constrained\">\n<figure class=\"wp-block-image\"><a target=\"_blank\" href=\"https:\/\/www.spiegel.de\/reise\/fernweh\/52-places-to-go-new-york-times-empfiehlt-diese-ziele-in-europa-eins-davon-in-bayern-a-2ff8bcbf-e213-45fd-8d62-77ac34f6ee0e#ref=rss\"><img decoding=\"async\" src=\"https:\/\/cdn.prod.www.spiegel.de\/images\/7e2518dc-ed72-448d-8179-5d5f409eb4af_w520_r2.08_fpx50_fpy52.jpg\" alt=\"\u00bb52 Places to Go\u00ab: \u00bbNew York Times\u00ab empfiehlt diese Ziele in Europa \u2013 eins davon in Bayern\"\/><\/a><\/figure>\n\n\n\n<p><strong><a target=\"_blank\" href=\"https:\/\/www.spiegel.de\/reise\/fernweh\/52-places-to-go-new-york-times-empfiehlt-diese-ziele-in-europa-eins-davon-in-bayern-a-2ff8bcbf-e213-45fd-8d62-77ac34f6ee0e#ref=rss\">\u00bb52 Places to Go\u00ab: \u00bbNew York Times\u00ab empfiehlt diese Ziele in Europa \u2013 eins davon in Bayern<\/a><\/strong><\/p>\n\n\n\n<p class=\"has-medium-font-size\">08.01.2026 at 05:06<\/p>\n\n\n\n<p class=\"has-small-font-size\">Auf dieser Liste zu landen, ist eine Auszeichnung: Die \u00bbNew York Times\u00ab k\u00fcrt einmal j\u00e4hrlich \u00bb52 Places to Go\u00ab, diesmal dabei: skandinavische Inseln, Griechenland fern des Massentourismus. Und Bayreuth.<\/p>\n<\/div><\/div>\n\n\n\n<div class=\"wp-block-group\" style=\"margin-top:var(--wp--preset--spacing--30);margin-bottom:var(--wp--preset--spacing--30);padding-top:var(--wp--preset--spacing--30);padding-right:var(--wp--preset--spacing--30);padding-bottom:var(--wp--preset--spacing--30);padding-left:var(--wp--preset--spacing--30)\"><div class=\"wp-block-group__inner-container is-layout-constrained wp-container-core-group-is-layout-40cadcaa wp-block-group-is-layout-constrained\">\n<figure class=\"wp-block-image\"><a target=\"_blank\" href=\"https:\/\/www.spiegel.de\/reise\/fernweh\/wandern-schwarzwald-england-frankreich-sieben-neue-weitwanderwege-fuer-2026-a-cc4ad44d-1e6c-4b67-a8f5-5047a9d8d073#ref=rss\"><img decoding=\"async\" src=\"https:\/\/cdn.prod.www.spiegel.de\/images\/73378035-5868-485b-9fb9-06984e6488ed_w520_r2.08_fpx30_fpy55.01.jpg\" alt=\"Wandern: Schwarzwald, England, Frankreich - sieben neue Weitwanderwege f\u00fcr 2026\"\/><\/a><\/figure>\n\n\n\n<p><strong><a target=\"_blank\" href=\"https:\/\/www.spiegel.de\/reise\/fernweh\/wandern-schwarzwald-england-frankreich-sieben-neue-weitwanderwege-fuer-2026-a-cc4ad44d-1e6c-4b67-a8f5-5047a9d8d073#ref=rss\">Wandern: Schwarzwald, England, Frankreich &#8211; sieben neue Weitwanderwege f\u00fcr 2026<\/a><\/strong><\/p>\n\n\n\n<p class=\"has-medium-font-size\">06.01.2026 at 15:41<\/p>\n\n\n\n<p class=\"has-small-font-size\">Ein Fernwanderweg im Schwarzwald, eine Alpen\u00fcberquerung ohne Massenandrang oder lieber Insel-Hiking auf Mallorca oder in England? Hier sind sieben neue Routen f\u00fcr Outdoormenschen und alle, die es werden wollen.<\/p>\n<\/div><\/div>\n\n\n\n<div class=\"wp-block-group\" style=\"margin-top:var(--wp--preset--spacing--30);margin-bottom:var(--wp--preset--spacing--30);padding-top:var(--wp--preset--spacing--30);padding-right:var(--wp--preset--spacing--30);padding-bottom:var(--wp--preset--spacing--30);padding-left:var(--wp--preset--spacing--30)\"><div class=\"wp-block-group__inner-container is-layout-constrained wp-container-core-group-is-layout-40cadcaa wp-block-group-is-layout-constrained\">\n<figure class=\"wp-block-image\"><a target=\"_blank\" href=\"https:\/\/www.spiegel.de\/reise\/fernweh\/japan-jahreswechsel-in-tokio-shinto-tempel-und-soba-restaurants-erleben-a-2196f9e7-c085-4b60-95bf-9c714e1d5803#ref=rss\"><img decoding=\"async\" src=\"https:\/\/cdn.prod.www.spiegel.de\/images\/70248a62-0c8d-4dad-a0ba-2b4c5d0cb242_w520_r2.08_fpx54_fpy53.jpg\" alt=\"Japan: Jahreswechsel in Tokio \u2013 Shinto-Tempel und Soba-Restaurants erleben\"\/><\/a><\/figure>\n\n\n\n<p><strong><a target=\"_blank\" href=\"https:\/\/www.spiegel.de\/reise\/fernweh\/japan-jahreswechsel-in-tokio-shinto-tempel-und-soba-restaurants-erleben-a-2196f9e7-c085-4b60-95bf-9c714e1d5803#ref=rss\">Japan: Jahreswechsel in Tokio \u2013 Shinto-Tempel und Soba-Restaurants erleben<\/a><\/strong><\/p>\n\n\n\n<p class=\"has-medium-font-size\">31.12.2025 at 00:36<\/p>\n\n\n\n<p class=\"has-small-font-size\">Hatsuhinode, den ersten Sonnenaufgang des Jahres zu beobachten, bringt Gl\u00fcck \u2013 nur eine von vielen bewegenden japanischen Traditionen zum Jahreswechsel. Eine Reise zu Shinto-Tempeln, Soba-Restaurants und Strandfeuern.<\/p>\n<\/div><\/div>\n\n<\/div>\n\n<div>An error occurred while fetching the feed.<\/div>","protected":false},"excerpt":{"rendered":"","protected":false},"author":1,"featured_media":0,"parent":0,"menu_order":0,"comment_status":"closed","ping_status":"closed","template":"","meta":{"footnotes":""},"class_list":["post-218","page","type-page","status-publish","hentry","entry"],"_links":{"self":[{"href":"https:\/\/mgreif.com\/news\/wp-json\/wp\/v2\/pages\/218","targetHints":{"allow":["GET"]}}],"collection":[{"href":"https:\/\/mgreif.com\/news\/wp-json\/wp\/v2\/pages"}],"about":[{"href":"https:\/\/mgreif.com\/news\/wp-json\/wp\/v2\/types\/page"}],"author":[{"embeddable":true,"href":"https:\/\/mgreif.com\/news\/wp-json\/wp\/v2\/users\/1"}],"replies":[{"embeddable":true,"href":"https:\/\/mgreif.com\/news\/wp-json\/wp\/v2\/comments?post=218"}],"version-history":[{"count":8,"href":"https:\/\/mgreif.com\/news\/wp-json\/wp\/v2\/pages\/218\/revisions"}],"predecessor-version":[{"id":1680,"href":"https:\/\/mgreif.com\/news\/wp-json\/wp\/v2\/pages\/218\/revisions\/1680"}],"wp:attachment":[{"href":"https:\/\/mgreif.com\/news\/wp-json\/wp\/v2\/media?parent=218"}],"curies":[{"name":"wp","href":"https:\/\/api.w.org\/{rel}","templated":true}]}}