{"id":159,"date":"2020-08-21T01:24:57","date_gmt":"2020-08-21T01:24:57","guid":{"rendered":"https:\/\/special-buys-online.com\/news\/?page_id=159"},"modified":"2025-09-22T19:26:09","modified_gmt":"2025-09-22T09:56:09","slug":"sport","status":"publish","type":"page","link":"https:\/\/mgreif.com\/news\/sport\/","title":{"rendered":"Sport"},"content":{"rendered":"<div class=\"feedzy-loop-columns-2 wp-block-feedzy-rss-feeds-loop\">\n\n<div class=\"wp-block-group\" style=\"margin-top:var(--wp--preset--spacing--30);margin-bottom:var(--wp--preset--spacing--30);padding-top:var(--wp--preset--spacing--30);padding-right:var(--wp--preset--spacing--30);padding-bottom:var(--wp--preset--spacing--30);padding-left:var(--wp--preset--spacing--30)\"><div class=\"wp-block-group__inner-container is-layout-constrained wp-container-core-group-is-layout-40cadcaa wp-block-group-is-layout-constrained\">\n<figure class=\"wp-block-image\"><a target=\"_blank\" href=\"https:\/\/www.sportschau.de\/mehr-sport\/tischtennis-wm-neues-format-alter-favorit,tischtennis-wm-faq-102.html\"><img decoding=\"async\" src=\"https:\/\/images.sportschau.de\/image\/ca4b598c-b9b1-44ec-9f99-affac061ed80\/AAABnctE4GA\/AAABnSSvrFg\/16x9-big\/franziska-118.jpg?width=1920\" alt=\"Tischtennis-WM - neues Format, alter Favorit\"\/><\/a><\/figure>\n\n\n\n<p><strong><a target=\"_blank\" href=\"https:\/\/www.sportschau.de\/mehr-sport\/tischtennis-wm-neues-format-alter-favorit,tischtennis-wm-faq-102.html\">Tischtennis-WM &#8211; neues Format, alter Favorit<\/a><\/strong><\/p>\n\n\n\n<p class=\"has-medium-font-size\">27.04.2026 at 18:21<\/p>\n\n\n\n<p class=\"has-small-font-size\">Erstmals wird die Tischtennis-Team-WM in einem neuen Format durchgef\u00fchrt. An China f\u00fchrt wohl auch dieses Mal kaum ein Weg vorbei.<\/p>\n<\/div><\/div>\n\n\n\n<div class=\"wp-block-group\" style=\"margin-top:var(--wp--preset--spacing--30);margin-bottom:var(--wp--preset--spacing--30);padding-top:var(--wp--preset--spacing--30);padding-right:var(--wp--preset--spacing--30);padding-bottom:var(--wp--preset--spacing--30);padding-left:var(--wp--preset--spacing--30)\"><div class=\"wp-block-group__inner-container is-layout-constrained wp-container-core-group-is-layout-40cadcaa wp-block-group-is-layout-constrained\">\n<figure class=\"wp-block-image\"><a target=\"_blank\" href=\"https:\/\/www.sportschau.de\/mehr-sport\/tischtennis-wm-neues-format-alter-favorit,tischtennis-wm-faq-102.html\"><img decoding=\"async\" src=\"https:\/\/images.sportschau.de\/image\/ca4b598c-b9b1-44ec-9f99-affac061ed80\/AAABnctE4GA\/AAABnSSvrFg\/16x9-big\/franziska-118.jpg?width=1920\" alt=\"Tischtennis-WM - neues Format, alter Favorit\"\/><\/a><\/figure>\n\n\n\n<p><strong><a target=\"_blank\" href=\"https:\/\/www.sportschau.de\/mehr-sport\/tischtennis-wm-neues-format-alter-favorit,tischtennis-wm-faq-102.html\">Tischtennis-WM &#8211; neues Format, alter Favorit<\/a><\/strong><\/p>\n\n\n\n<p class=\"has-medium-font-size\">27.04.2026 at 18:21<\/p>\n\n\n\n<p class=\"has-small-font-size\">Erstmals wird die Tischtennis-Team-WM in einem neuen Format durchgef\u00fchrt. An China f\u00fchrt wohl auch dieses Mal kaum ein Weg vorbei.<\/p>\n<\/div><\/div>\n\n\n\n<div class=\"wp-block-group\" style=\"margin-top:var(--wp--preset--spacing--30);margin-bottom:var(--wp--preset--spacing--30);padding-top:var(--wp--preset--spacing--30);padding-right:var(--wp--preset--spacing--30);padding-bottom:var(--wp--preset--spacing--30);padding-left:var(--wp--preset--spacing--30)\"><div class=\"wp-block-group__inner-container is-layout-constrained wp-container-core-group-is-layout-40cadcaa wp-block-group-is-layout-constrained\">\n<figure class=\"wp-block-image\"><a target=\"_blank\" href=\"https:\/\/www.sportschau.de\/leichtathletik\/die-gruende-fuer-die-fabelzeit-von-sebastian-sawe,audio-wdr5-gespraech-marathon-100.html\"><img decoding=\"async\" src=\"https:\/\/images.sportschau.de\/image\/69c9363d-7b97-4123-99f6-9ea3767c9974\/AAABnc5BssE\/AAABnSSvrFg\/16x9-big\/sebastian-sawe-london-100.jpg?width=1920\" alt=\"Die Gr\u00fcnde f\u00fcr die Fabelzeit von Sabastian Sawe\"\/><\/a><\/figure>\n\n\n\n<p><strong><a target=\"_blank\" href=\"https:\/\/www.sportschau.de\/leichtathletik\/die-gruende-fuer-die-fabelzeit-von-sebastian-sawe,audio-wdr5-gespraech-marathon-100.html\">Die Gr\u00fcnde f\u00fcr die Fabelzeit von Sabastian Sawe<\/a><\/strong><\/p>\n\n\n\n<p class=\"has-medium-font-size\">27.04.2026 at 17:30<\/p>\n\n\n\n<p class=\"has-small-font-size\">Mit Sabastian Sawe kommt erstmals bei einem offiziellen Marathon ein L\u00e4ufer in unter zwei Stunden ins Ziel. F\u00fcr die Fabelzeit des Kenianers gibt es gleich mehrere Gr\u00fcnde.<\/p>\n<\/div><\/div>\n\n\n\n<div class=\"wp-block-group\" style=\"margin-top:var(--wp--preset--spacing--30);margin-bottom:var(--wp--preset--spacing--30);padding-top:var(--wp--preset--spacing--30);padding-right:var(--wp--preset--spacing--30);padding-bottom:var(--wp--preset--spacing--30);padding-left:var(--wp--preset--spacing--30)\"><div class=\"wp-block-group__inner-container is-layout-constrained wp-container-core-group-is-layout-40cadcaa wp-block-group-is-layout-constrained\">\n<figure class=\"wp-block-image\"><a target=\"_blank\" href=\"https:\/\/www.sportschau.de\/leichtathletik\/die-gruende-fuer-die-fabelzeit-von-sebastian-sawe,audio-wdr5-gespraech-marathon-100.html\"><img decoding=\"async\" src=\"https:\/\/images.sportschau.de\/image\/69c9363d-7b97-4123-99f6-9ea3767c9974\/AAABnc5BssE\/AAABnSSvrFg\/16x9-big\/sebastian-sawe-london-100.jpg?width=1920\" alt=\"Die Gr\u00fcnde f\u00fcr die Fabelzeit von Sabastian Sawe\"\/><\/a><\/figure>\n\n\n\n<p><strong><a target=\"_blank\" href=\"https:\/\/www.sportschau.de\/leichtathletik\/die-gruende-fuer-die-fabelzeit-von-sebastian-sawe,audio-wdr5-gespraech-marathon-100.html\">Die Gr\u00fcnde f\u00fcr die Fabelzeit von Sabastian Sawe<\/a><\/strong><\/p>\n\n\n\n<p class=\"has-medium-font-size\">27.04.2026 at 17:30<\/p>\n\n\n\n<p class=\"has-small-font-size\">Mit Sabastian Sawe kommt erstmals bei einem offiziellen Marathon ein L\u00e4ufer in unter zwei Stunden ins Ziel. F\u00fcr die Fabelzeit des Kenianers gibt es gleich mehrere Gr\u00fcnde.<\/p>\n<\/div><\/div>\n\n\n\n<div class=\"wp-block-group\" style=\"margin-top:var(--wp--preset--spacing--30);margin-bottom:var(--wp--preset--spacing--30);padding-top:var(--wp--preset--spacing--30);padding-right:var(--wp--preset--spacing--30);padding-bottom:var(--wp--preset--spacing--30);padding-left:var(--wp--preset--spacing--30)\"><div class=\"wp-block-group__inner-container is-layout-constrained wp-container-core-group-is-layout-40cadcaa wp-block-group-is-layout-constrained\">\n<figure class=\"wp-block-image\"><a target=\"_blank\" href=\"https:\/\/www.sportschau.de\/regional\/rb\/rb-thioune-bleibt-bei-klassenerhalt-werder-trainer-102.html\"><img decoding=\"async\" src=\"https:\/\/images.sportschau.de\/image\/f8bd835c-6f19-4f2f-affe-48235f2162fc\/AAABnc563OA\/AAABnSSvrFg\/16x9-big\/rb-werder-trainer-daniel-thioune-klatscht-am-spielfeldrand-in-die-haende-100.jpg?width=1920\" alt=\"Thioune bleibt bei Klassenerhalt Werder-Trainer\"\/><\/a><\/figure>\n\n\n\n<p><strong><a target=\"_blank\" href=\"https:\/\/www.sportschau.de\/regional\/rb\/rb-thioune-bleibt-bei-klassenerhalt-werder-trainer-102.html\">Thioune bleibt bei Klassenerhalt Werder-Trainer<\/a><\/strong><\/p>\n\n\n\n<p class=\"has-medium-font-size\">27.04.2026 at 16:39<\/p>\n\n\n\n<p class=\"has-small-font-size\">Der Vertrag von Daniel Thioune l\u00e4uft bis zum Saisonende. Bleibt Werder erstklassig, verl\u00e4ngert er sich. Das best\u00e4tigte Thioune nach dem Spiel gegen Stuttgart.<\/p>\n<\/div><\/div>\n\n\n\n<div class=\"wp-block-group\" style=\"margin-top:var(--wp--preset--spacing--30);margin-bottom:var(--wp--preset--spacing--30);padding-top:var(--wp--preset--spacing--30);padding-right:var(--wp--preset--spacing--30);padding-bottom:var(--wp--preset--spacing--30);padding-left:var(--wp--preset--spacing--30)\"><div class=\"wp-block-group__inner-container is-layout-constrained wp-container-core-group-is-layout-40cadcaa wp-block-group-is-layout-constrained\">\n<figure class=\"wp-block-image\"><a target=\"_blank\" href=\"https:\/\/www.sportschau.de\/regional\/rb\/rb-thioune-bleibt-bei-klassenerhalt-werder-trainer-102.html\"><img decoding=\"async\" src=\"https:\/\/images.sportschau.de\/image\/f8bd835c-6f19-4f2f-affe-48235f2162fc\/AAABnc563OA\/AAABnSSvrFg\/16x9-big\/rb-werder-trainer-daniel-thioune-klatscht-am-spielfeldrand-in-die-haende-100.jpg?width=1920\" alt=\"Thioune bleibt bei Klassenerhalt Werder-Trainer\"\/><\/a><\/figure>\n\n\n\n<p><strong><a target=\"_blank\" href=\"https:\/\/www.sportschau.de\/regional\/rb\/rb-thioune-bleibt-bei-klassenerhalt-werder-trainer-102.html\">Thioune bleibt bei Klassenerhalt Werder-Trainer<\/a><\/strong><\/p>\n\n\n\n<p class=\"has-medium-font-size\">27.04.2026 at 16:39<\/p>\n\n\n\n<p class=\"has-small-font-size\">Der Vertrag von Daniel Thioune l\u00e4uft bis zum Saisonende. Bleibt Werder erstklassig, verl\u00e4ngert er sich. Das best\u00e4tigte Thioune nach dem Spiel gegen Stuttgart.<\/p>\n<\/div><\/div>\n\n\n\n<div class=\"wp-block-group\" style=\"margin-top:var(--wp--preset--spacing--30);margin-bottom:var(--wp--preset--spacing--30);padding-top:var(--wp--preset--spacing--30);padding-right:var(--wp--preset--spacing--30);padding-bottom:var(--wp--preset--spacing--30);padding-left:var(--wp--preset--spacing--30)\"><div class=\"wp-block-group__inner-container is-layout-constrained wp-container-core-group-is-layout-40cadcaa wp-block-group-is-layout-constrained\">\n<figure class=\"wp-block-image\"><a target=\"_blank\" href=\"https:\/\/www.sportschau.de\/regional\/ndr\/kurz-vor-ultimo-tsv-havelse-wendet-abstieg-vorerst-ab,havelse-170.html\"><img decoding=\"async\" src=\"https:\/\/images.ndr.de\/image\/d9c2f2da-a6e8-47bb-a500-390fb84327d8\/AAABncte8lc\/AAABnSSvrFg\/16x9-big\/havelse-174.jpg?width=1920\" alt=\"Kurz vor Ultimo - TSV Havelse wendet Abstieg vorerst ab\"\/><\/a><\/figure>\n\n\n\n<p><strong><a target=\"_blank\" href=\"https:\/\/www.sportschau.de\/regional\/ndr\/kurz-vor-ultimo-tsv-havelse-wendet-abstieg-vorerst-ab,havelse-170.html\">Kurz vor Ultimo &#8211; TSV Havelse wendet Abstieg vorerst ab<\/a><\/strong><\/p>\n\n\n\n<p class=\"has-medium-font-size\">27.04.2026 at 16:10<\/p>\n\n\n\n<p class=\"has-small-font-size\">Der Drittligist war eigentlich schon vorzeitig abgestiegen. Doch in der dritten Minute der Nachspielzeit gelang der 3:2-Siegtreffer gegen den VfB Stuttgart II.<\/p>\n<\/div><\/div>\n\n\n\n<div class=\"wp-block-group\" style=\"margin-top:var(--wp--preset--spacing--30);margin-bottom:var(--wp--preset--spacing--30);padding-top:var(--wp--preset--spacing--30);padding-right:var(--wp--preset--spacing--30);padding-bottom:var(--wp--preset--spacing--30);padding-left:var(--wp--preset--spacing--30)\"><div class=\"wp-block-group__inner-container is-layout-constrained wp-container-core-group-is-layout-40cadcaa wp-block-group-is-layout-constrained\">\n<figure class=\"wp-block-image\"><a target=\"_blank\" href=\"https:\/\/www.sportschau.de\/fussball\/premier-league\/xavi-simons-verkuendet-wm-aus,xavi-simons-verletzung-100.html\"><img decoding=\"async\" src=\"https:\/\/images.sportschau.de\/image\/2780e2a9-11db-4400-84ae-1db5e238d9c6\/AAABnc1soW8\/AAABnSSvrFg\/16x9-big\/xavi-simons-136.jpg?width=1920\" alt=\"Xavi Simons verk\u00fcndet WM-Aus\"\/><\/a><\/figure>\n\n\n\n<p><strong><a target=\"_blank\" href=\"https:\/\/www.sportschau.de\/fussball\/premier-league\/xavi-simons-verkuendet-wm-aus,xavi-simons-verletzung-100.html\">Xavi Simons verk\u00fcndet WM-Aus<\/a><\/strong><\/p>\n\n\n\n<p class=\"has-medium-font-size\">27.04.2026 at 15:35<\/p>\n\n\n\n<p class=\"has-small-font-size\">Xavi Simons wird wegen einer schweren Knieverletzung die Fu\u00dfball-Weltmeisterschaft mit den Niederlanden verpassen.<\/p>\n<\/div><\/div>\n\n\n\n<div class=\"wp-block-group\" style=\"margin-top:var(--wp--preset--spacing--30);margin-bottom:var(--wp--preset--spacing--30);padding-top:var(--wp--preset--spacing--30);padding-right:var(--wp--preset--spacing--30);padding-bottom:var(--wp--preset--spacing--30);padding-left:var(--wp--preset--spacing--30)\"><div class=\"wp-block-group__inner-container is-layout-constrained wp-container-core-group-is-layout-40cadcaa wp-block-group-is-layout-constrained\">\n<figure class=\"wp-block-image\"><a target=\"_blank\" href=\"https:\/\/www.sportschau.de\/fussball\/premier-league\/xavi-simons-verkuendet-wm-aus,xavi-simons-verletzung-100.html\"><img decoding=\"async\" src=\"https:\/\/images.sportschau.de\/image\/2780e2a9-11db-4400-84ae-1db5e238d9c6\/AAABnc1soW8\/AAABnSSvrFg\/16x9-big\/xavi-simons-136.jpg?width=1920\" alt=\"Xavi Simons verk\u00fcndet WM-Aus\"\/><\/a><\/figure>\n\n\n\n<p><strong><a target=\"_blank\" href=\"https:\/\/www.sportschau.de\/fussball\/premier-league\/xavi-simons-verkuendet-wm-aus,xavi-simons-verletzung-100.html\">Xavi Simons verk\u00fcndet WM-Aus<\/a><\/strong><\/p>\n\n\n\n<p class=\"has-medium-font-size\">27.04.2026 at 15:35<\/p>\n\n\n\n<p class=\"has-small-font-size\">Xavi Simons wird wegen einer schweren Knieverletzung die Fu\u00dfball-Weltmeisterschaft mit den Niederlanden verpassen.<\/p>\n<\/div><\/div>\n\n\n\n<div class=\"wp-block-group\" style=\"margin-top:var(--wp--preset--spacing--30);margin-bottom:var(--wp--preset--spacing--30);padding-top:var(--wp--preset--spacing--30);padding-right:var(--wp--preset--spacing--30);padding-bottom:var(--wp--preset--spacing--30);padding-left:var(--wp--preset--spacing--30)\"><div class=\"wp-block-group__inner-container is-layout-constrained wp-container-core-group-is-layout-40cadcaa wp-block-group-is-layout-constrained\">\n<figure class=\"wp-block-image\"><a target=\"_blank\" href=\"https:\/\/www.sportschau.de\/regional\/swr\/swr-heidenheim-zwischen-hoffnung-und-abschied-100.html\"><img decoding=\"async\" src=\"https:\/\/images.sportschau.de\/image\/13382c2a-36ce-4531-a5e7-3514b97ddce6\/AAABnc5FSmc\/AAABnSSvrFg\/16x9-big\/swr-budu-zivzivadze-jan-schoeppner-und-patrick-mainka-feiern-den-sieg-des-1-fc-heidenheim-gegen-den-fc-st-pauli-100.jpg?width=1920\" alt=\"Heidenheim zwischen Hoffnung und Abschied\"\/><\/a><\/figure>\n\n\n\n<p><strong><a target=\"_blank\" href=\"https:\/\/www.sportschau.de\/regional\/swr\/swr-heidenheim-zwischen-hoffnung-und-abschied-100.html\">Heidenheim zwischen Hoffnung und Abschied<\/a><\/strong><\/p>\n\n\n\n<p class=\"has-medium-font-size\">27.04.2026 at 15:30<\/p>\n\n\n\n<p class=\"has-small-font-size\">Der 1. FC Heidenheim hatte den Klassenkampf bereits aufgegeben. Doch auf der vermeintlichen Abschiedstournee keimt pl\u00f6tzlich nochmal Hoffnung auf.<\/p>\n<\/div><\/div>\n\n\n\n<div class=\"wp-block-group\" style=\"margin-top:var(--wp--preset--spacing--30);margin-bottom:var(--wp--preset--spacing--30);padding-top:var(--wp--preset--spacing--30);padding-right:var(--wp--preset--spacing--30);padding-bottom:var(--wp--preset--spacing--30);padding-left:var(--wp--preset--spacing--30)\"><div class=\"wp-block-group__inner-container is-layout-constrained wp-container-core-group-is-layout-40cadcaa wp-block-group-is-layout-constrained\">\n<figure class=\"wp-block-image\"><a target=\"_blank\" href=\"https:\/\/www.sportschau.de\/radsport\/paul-seixas-einer-wie-pogacar,radsport-paul-seixas-100.html\"><img decoding=\"async\" src=\"https:\/\/images.sportschau.de\/image\/84265a80-7f02-4991-9399-e38271ae5103\/AAABncsh_TY\/AAABnSSvrFg\/16x9-big\/seixas-pogacar-100.jpg?width=1920\" alt=\"Paul Seixas - einer wie Pogacar\"\/><\/a><\/figure>\n\n\n\n<p><strong><a target=\"_blank\" href=\"https:\/\/www.sportschau.de\/radsport\/paul-seixas-einer-wie-pogacar,radsport-paul-seixas-100.html\">Paul Seixas &#8211; einer wie Pogacar<\/a><\/strong><\/p>\n\n\n\n<p class=\"has-medium-font-size\">27.04.2026 at 14:57<\/p>\n\n\n\n<p class=\"has-small-font-size\">Der junge Franzose Paul Seixas gilt als kommender Superstar des Radsports. Bei dem schweren Eintagesrennen L\u00fcttich-Bastogne-L\u00fcttich wurde er Zweiter hinter Tadej Pogacar, der gro\u00dfe M\u00fche hatte, Seixas zu distanzieren.<\/p>\n<\/div><\/div>\n\n\n\n<div class=\"wp-block-group\" style=\"margin-top:var(--wp--preset--spacing--30);margin-bottom:var(--wp--preset--spacing--30);padding-top:var(--wp--preset--spacing--30);padding-right:var(--wp--preset--spacing--30);padding-bottom:var(--wp--preset--spacing--30);padding-left:var(--wp--preset--spacing--30)\"><div class=\"wp-block-group__inner-container is-layout-constrained wp-container-core-group-is-layout-40cadcaa wp-block-group-is-layout-constrained\">\n<figure class=\"wp-block-image\"><a target=\"_blank\" href=\"https:\/\/www.sportschau.de\/radsport\/paul-seixas-einer-wie-pogacar,radsport-paul-seixas-100.html\"><img decoding=\"async\" src=\"https:\/\/images.sportschau.de\/image\/84265a80-7f02-4991-9399-e38271ae5103\/AAABncsh_TY\/AAABnSSvrFg\/16x9-big\/seixas-pogacar-100.jpg?width=1920\" alt=\"Paul Seixas - einer wie Pogacar\"\/><\/a><\/figure>\n\n\n\n<p><strong><a target=\"_blank\" href=\"https:\/\/www.sportschau.de\/radsport\/paul-seixas-einer-wie-pogacar,radsport-paul-seixas-100.html\">Paul Seixas &#8211; einer wie Pogacar<\/a><\/strong><\/p>\n\n\n\n<p class=\"has-medium-font-size\">27.04.2026 at 14:57<\/p>\n\n\n\n<p class=\"has-small-font-size\">Der junge Franzose Paul Seixas gilt als kommender Superstar des Radsports. Bei dem schweren Eintagesrennen L\u00fcttich-Bastogne-L\u00fcttich wurde er Zweiter hinter Tadej Pogacar, der gro\u00dfe M\u00fche hatte, Seixas zu distanzieren.<\/p>\n<\/div><\/div>\n\n\n\n<div class=\"wp-block-group\" style=\"margin-top:var(--wp--preset--spacing--30);margin-bottom:var(--wp--preset--spacing--30);padding-top:var(--wp--preset--spacing--30);padding-right:var(--wp--preset--spacing--30);padding-bottom:var(--wp--preset--spacing--30);padding-left:var(--wp--preset--spacing--30)\"><div class=\"wp-block-group__inner-container is-layout-constrained wp-container-core-group-is-layout-40cadcaa wp-block-group-is-layout-constrained\">\n<figure class=\"wp-block-image\"><a target=\"_blank\" href=\"https:\/\/www.sportschau.de\/regional\/hr\/hr-burkardt-goetze-doan-und-co--die-128-millionen-ersatzbank-von-eintracht-frankfurt-100.html\"><img decoding=\"async\" src=\"https:\/\/images.sportschau.de\/image\/7852cf7f-e23f-4d53-8939-9afcfb7c61f3\/AAABnc4husg\/AAABnSSvrFg\/16x9-big\/hr-prominenz-auf-der-ersatzbank-ansgar-knauff-von-links-jonathan-burkardt-mario-goetze-und-ritsu-doan-100.jpg?width=1920\" alt=\"Burkardt, G\u00f6tze, Doan und Co.: Die 128-Millionen-Ersatzbank von Eintracht Frankfurt\"\/><\/a><\/figure>\n\n\n\n<p><strong><a target=\"_blank\" href=\"https:\/\/www.sportschau.de\/regional\/hr\/hr-burkardt-goetze-doan-und-co--die-128-millionen-ersatzbank-von-eintracht-frankfurt-100.html\">Burkardt, G\u00f6tze, Doan und Co.: Die 128-Millionen-Ersatzbank von Eintracht Frankfurt<\/a><\/strong><\/p>\n\n\n\n<p class=\"has-medium-font-size\">27.04.2026 at 14:30<\/p>\n\n\n\n<p class=\"has-small-font-size\">Gegen Augsburg verzichtet Eintracht-Trainer Albert Riera anfangs &#8211; mal wieder &#8211; auf viel Prominenz. Mit \u00fcberschaubarem Erfolg. Erst als er einige seiner Entscheidungen korrigiert, l\u00e4uft es besser.<\/p>\n<\/div><\/div>\n\n\n\n<div class=\"wp-block-group\" style=\"margin-top:var(--wp--preset--spacing--30);margin-bottom:var(--wp--preset--spacing--30);padding-top:var(--wp--preset--spacing--30);padding-right:var(--wp--preset--spacing--30);padding-bottom:var(--wp--preset--spacing--30);padding-left:var(--wp--preset--spacing--30)\"><div class=\"wp-block-group__inner-container is-layout-constrained wp-container-core-group-is-layout-40cadcaa wp-block-group-is-layout-constrained\">\n<figure class=\"wp-block-image\"><a target=\"_blank\" href=\"https:\/\/www.sportschau.de\/fussball\/bundesliga\/bvb-macht-gegen-freiburger-b-elf-die-champions-league-klar,spielbericht-borussia-dortmund-sc-freiburg-108.html\"><img decoding=\"async\" src=\"https:\/\/images.sportschau.de\/image\/278f772b-0818-48b1-82a4-c14fb786c7e4\/AAABncq1rts\/AAABnSSvrFg\/16x9-big\/bvb-jubel-beier-guirassy-100.jpg?width=1920\" alt=\"Dortmund macht gegen Freiburger B-Elf Champions League klar\"\/><\/a><\/figure>\n\n\n\n<p><strong><a target=\"_blank\" href=\"https:\/\/www.sportschau.de\/fussball\/bundesliga\/bvb-macht-gegen-freiburger-b-elf-die-champions-league-klar,spielbericht-borussia-dortmund-sc-freiburg-108.html\">Dortmund macht gegen Freiburger B-Elf Champions League klar<\/a><\/strong><\/p>\n\n\n\n<p class=\"has-medium-font-size\">27.04.2026 at 07:30<\/p>\n\n\n\n<p class=\"has-small-font-size\">Borussia Dortmund ist mit einem deutlichen Heimerfolg gegen den SC Freiburg den letzten Schritt zur Champions-League-Qualifikation gegangen.<\/p>\n<\/div><\/div>\n\n\n\n<div class=\"wp-block-group\" style=\"margin-top:var(--wp--preset--spacing--30);margin-bottom:var(--wp--preset--spacing--30);padding-top:var(--wp--preset--spacing--30);padding-right:var(--wp--preset--spacing--30);padding-bottom:var(--wp--preset--spacing--30);padding-left:var(--wp--preset--spacing--30)\"><div class=\"wp-block-group__inner-container is-layout-constrained wp-container-core-group-is-layout-40cadcaa wp-block-group-is-layout-constrained\">\n<figure class=\"wp-block-image\"><a target=\"_blank\" href=\"https:\/\/www.sportschau.de\/fussball\/bundesliga\/bvb-macht-gegen-freiburger-b-elf-die-champions-league-klar,spielbericht-borussia-dortmund-sc-freiburg-108.html\"><img decoding=\"async\" src=\"https:\/\/images.sportschau.de\/image\/278f772b-0818-48b1-82a4-c14fb786c7e4\/AAABncq1rts\/AAABnSSvrFg\/16x9-big\/bvb-jubel-beier-guirassy-100.jpg?width=1920\" alt=\"Dortmund macht gegen Freiburger B-Elf Champions League klar\"\/><\/a><\/figure>\n\n\n\n<p><strong><a target=\"_blank\" href=\"https:\/\/www.sportschau.de\/fussball\/bundesliga\/bvb-macht-gegen-freiburger-b-elf-die-champions-league-klar,spielbericht-borussia-dortmund-sc-freiburg-108.html\">Dortmund macht gegen Freiburger B-Elf Champions League klar<\/a><\/strong><\/p>\n\n\n\n<p class=\"has-medium-font-size\">27.04.2026 at 07:30<\/p>\n\n\n\n<p class=\"has-small-font-size\">Borussia Dortmund ist mit einem deutlichen Heimerfolg gegen den SC Freiburg den letzten Schritt zur Champions-League-Qualifikation gegangen.<\/p>\n<\/div><\/div>\n\n\n\n<div class=\"wp-block-group\" style=\"margin-top:var(--wp--preset--spacing--30);margin-bottom:var(--wp--preset--spacing--30);padding-top:var(--wp--preset--spacing--30);padding-right:var(--wp--preset--spacing--30);padding-bottom:var(--wp--preset--spacing--30);padding-left:var(--wp--preset--spacing--30)\"><div class=\"wp-block-group__inner-container is-layout-constrained wp-container-core-group-is-layout-40cadcaa wp-block-group-is-layout-constrained\">\n<figure class=\"wp-block-image\"><a target=\"_blank\" href=\"https:\/\/www.sportschau.de\/fussball\/bundesliga2\/magdeburgs-niederlage-verschaerft-abstiegssorgen,spielbericht-nuernberg-magdeburg-100.html\"><img decoding=\"async\" src=\"https:\/\/images.sportschau.de\/image\/99039066-1836-4b03-8ba8-62f59d3a2c66\/AAABncn0ag8\/AAABnSSvrFg\/16x9-big\/nuernberg-magdeburg-116.jpg?width=1920\" alt=\"Lubach schie\u00dft N\u00fcrnberg gegen Magdeburg zum Klassenerhalt\"\/><\/a><\/figure>\n\n\n\n<p><strong><a target=\"_blank\" href=\"https:\/\/www.sportschau.de\/fussball\/bundesliga2\/magdeburgs-niederlage-verschaerft-abstiegssorgen,spielbericht-nuernberg-magdeburg-100.html\">Lubach schie\u00dft N\u00fcrnberg gegen Magdeburg zum Klassenerhalt<\/a><\/strong><\/p>\n\n\n\n<p class=\"has-medium-font-size\">27.04.2026 at 07:30<\/p>\n\n\n\n<p class=\"has-small-font-size\">Der 1. FC N\u00fcrnberg wird auch in der kommenden Saison in der 2. Bundesliga spielen. Nach dem knappen Sieg gegen Magdeburg ist die Mannschaft von Trainer Miroslav Klose rechnerisch nicht mehr einzuholen.<\/p>\n<\/div><\/div>\n\n\n\n<div class=\"wp-block-group\" style=\"margin-top:var(--wp--preset--spacing--30);margin-bottom:var(--wp--preset--spacing--30);padding-top:var(--wp--preset--spacing--30);padding-right:var(--wp--preset--spacing--30);padding-bottom:var(--wp--preset--spacing--30);padding-left:var(--wp--preset--spacing--30)\"><div class=\"wp-block-group__inner-container is-layout-constrained wp-container-core-group-is-layout-40cadcaa wp-block-group-is-layout-constrained\">\n<figure class=\"wp-block-image\"><a target=\"_blank\" href=\"https:\/\/www.sportschau.de\/fussball\/bundesliga2\/naturgewalt-hofmann-laesst-bochum-aufatmen,spielbericht-vfl-bochum-greuther-fuerth-106.html\"><img decoding=\"async\" src=\"https:\/\/images.sportschau.de\/image\/af15b6e1-a7b7-48fb-aed0-c293369d0337\/AAABncns6VU\/AAABnSSvrFg\/16x9-big\/bochum-fuerth-118.jpg?width=1920\" alt=\"Hofmann-Show sorgt f\u00fcr Bochums wichtigen Sieg gegen Greuther F\u00fcrth\"\/><\/a><\/figure>\n\n\n\n<p><strong><a target=\"_blank\" href=\"https:\/\/www.sportschau.de\/fussball\/bundesliga2\/naturgewalt-hofmann-laesst-bochum-aufatmen,spielbericht-vfl-bochum-greuther-fuerth-106.html\">Hofmann-Show sorgt f\u00fcr Bochums wichtigen Sieg gegen Greuther F\u00fcrth<\/a><\/strong><\/p>\n\n\n\n<p class=\"has-medium-font-size\">27.04.2026 at 07:30<\/p>\n\n\n\n<p class=\"has-small-font-size\">Der VfL Bochum konnte sich im direkten Abstiegsduell gegen F\u00fcrth auf seinen St\u00fcrmer Philipp Hofmann verlassen. Durch seinen Doppelpack ist der Klassenerhalt auf einmal ganz nah.<\/p>\n<\/div><\/div>\n\n\n\n<div class=\"wp-block-group\" style=\"margin-top:var(--wp--preset--spacing--30);margin-bottom:var(--wp--preset--spacing--30);padding-top:var(--wp--preset--spacing--30);padding-right:var(--wp--preset--spacing--30);padding-bottom:var(--wp--preset--spacing--30);padding-left:var(--wp--preset--spacing--30)\"><div class=\"wp-block-group__inner-container is-layout-constrained wp-container-core-group-is-layout-40cadcaa wp-block-group-is-layout-constrained\">\n<figure class=\"wp-block-image\"><a target=\"_blank\" href=\"https:\/\/www.sportschau.de\/fussball\/bundesliga2\/torfestival-remis-zwischen-darmstadt-und-elversberg,video-zweite-bundesliga-darmstadt-98-sv-elversberg-zusammenfassung-100.html\"><img decoding=\"async\" src=\"https:\/\/images.sportschau.de\/image\/32cd5b0a-c419-4bb7-8be0-19e8062a308a\/AAABncnz07Q\/AAABnSSvrFg\/16x9-big\/darmstadt-elversberg-102.jpg?width=1920\" alt=\"Torfestival-Remis zwischen Darmstadt und Elversberg\"\/><\/a><\/figure>\n\n\n\n<p><strong><a target=\"_blank\" href=\"https:\/\/www.sportschau.de\/fussball\/bundesliga2\/torfestival-remis-zwischen-darmstadt-und-elversberg,video-zweite-bundesliga-darmstadt-98-sv-elversberg-zusammenfassung-100.html\">Torfestival-Remis zwischen Darmstadt und Elversberg<\/a><\/strong><\/p>\n\n\n\n<p class=\"has-medium-font-size\">27.04.2026 at 07:30<\/p>\n\n\n\n<p class=\"has-small-font-size\">In einer Partie wie eine Achterbahnfahrt trennen sich der SV Darmstadt 98 und die SV 07 Elversberg ohne Sieger.<\/p>\n<\/div><\/div>\n\n\n\n<div class=\"wp-block-group\" style=\"margin-top:var(--wp--preset--spacing--30);margin-bottom:var(--wp--preset--spacing--30);padding-top:var(--wp--preset--spacing--30);padding-right:var(--wp--preset--spacing--30);padding-bottom:var(--wp--preset--spacing--30);padding-left:var(--wp--preset--spacing--30)\"><div class=\"wp-block-group__inner-container is-layout-constrained wp-container-core-group-is-layout-40cadcaa wp-block-group-is-layout-constrained\">\n<figure class=\"wp-block-image\"><a target=\"_blank\" href=\"https:\/\/www.sportschau.de\/fussball\/bundesliga\/heidenheim-gibt-klassenerhalt-noch-nicht-auf,video-bundesliga-1-fc-heidenheim-fc-st-pauli-zusammenfassung-100.html\"><img decoding=\"async\" src=\"https:\/\/images.sportschau.de\/image\/92177aac-fecb-4bc1-8f2c-11fb2b01c9f1\/AAABncYxaYk\/AAABnSSvrFg\/16x9-big\/heidenheim-186.jpg?width=1920\" alt=\"Heidenheim gibt den Klassenerhalt noch nicht auf\"\/><\/a><\/figure>\n\n\n\n<p><strong><a target=\"_blank\" href=\"https:\/\/www.sportschau.de\/fussball\/bundesliga\/heidenheim-gibt-klassenerhalt-noch-nicht-auf,video-bundesliga-1-fc-heidenheim-fc-st-pauli-zusammenfassung-100.html\">Heidenheim gibt den Klassenerhalt noch nicht auf<\/a><\/strong><\/p>\n\n\n\n<p class=\"has-medium-font-size\">27.04.2026 at 07:30<\/p>\n\n\n\n<p class=\"has-small-font-size\">Der 1. FC Heidenheim entkommt dem sicheren Abstieg noch mal: Im Kellerduell gegen den FC St. Pauli gewinnt Heidenheim und darf rechnerisch weiter hoffen.<\/p>\n<\/div><\/div>\n\n\n\n<div class=\"wp-block-group\" style=\"margin-top:var(--wp--preset--spacing--30);margin-bottom:var(--wp--preset--spacing--30);padding-top:var(--wp--preset--spacing--30);padding-right:var(--wp--preset--spacing--30);padding-bottom:var(--wp--preset--spacing--30);padding-left:var(--wp--preset--spacing--30)\"><div class=\"wp-block-group__inner-container is-layout-constrained wp-container-core-group-is-layout-40cadcaa wp-block-group-is-layout-constrained\">\n<figure class=\"wp-block-image\"><a target=\"_blank\" href=\"https:\/\/www.sportschau.de\/regional\/wdr\/wdr-s04-besiegt-paderborn-und-hat-aufstieg-vor-augen-100.html\"><img decoding=\"async\" src=\"https:\/\/images.sportschau.de\/image\/00e38320-f0c4-4115-b742-b8f63e3ba5b9\/AAABncp1zcA\/AAABnSSvrFg\/16x9-big\/wdr-kenan-karaman-110.jpg?width=1920\" alt=\"Schalke dreht ein 0:2 und sichert sich den Aufstiegs-Matchball\"\/><\/a><\/figure>\n\n\n\n<p><strong><a target=\"_blank\" href=\"https:\/\/www.sportschau.de\/regional\/wdr\/wdr-s04-besiegt-paderborn-und-hat-aufstieg-vor-augen-100.html\">Schalke dreht ein 0:2 und sichert sich den Aufstiegs-Matchball<\/a><\/strong><\/p>\n\n\n\n<p class=\"has-medium-font-size\">27.04.2026 at 07:30<\/p>\n\n\n\n<p class=\"has-small-font-size\">Der FC Schalke 04 hat das Zweitliga-Spitzenspiel beim SC Paderborn gewonnen und so einen gro\u00dfen Schritt Richtung Bundesliga-Aufstieg gemacht.<\/p>\n<\/div><\/div>\n\n<\/div>\n\n<div class=\"feedzy-loop-columns-2 wp-block-feedzy-rss-feeds-loop\">\n\n<div class=\"wp-block-group\" style=\"margin-top:var(--wp--preset--spacing--30);margin-bottom:var(--wp--preset--spacing--30);padding-top:var(--wp--preset--spacing--30);padding-right:var(--wp--preset--spacing--30);padding-bottom:var(--wp--preset--spacing--30);padding-left:var(--wp--preset--spacing--30)\"><div class=\"wp-block-group__inner-container is-layout-constrained wp-container-core-group-is-layout-40cadcaa wp-block-group-is-layout-constrained\">\n<figure class=\"wp-block-image\"><a target=\"_blank\" href=\"https:\/\/www.t-online.de\/sport\/fussball\/wm\/id_101222058\/wm-check-erling-haaland-und-norwegen-werden-zum-geheimfavoriten.html\"><img decoding=\"async\" src=\"https:\/\/images.t-online.de\/2025\/11\/JycPI065jIXV\/185x45:1858x1045\/fit-in\/1200x0\/geheimfavorit-nach-makelloser-qualifikation-norwegen.jpg\" alt=\"WM-Check: Erling Haaland und Norwegen werden zum Geheimfavoriten\"\/><\/a><\/figure>\n\n\n\n<p><strong><a target=\"_blank\" href=\"https:\/\/www.t-online.de\/sport\/fussball\/wm\/id_101222058\/wm-check-erling-haaland-und-norwegen-werden-zum-geheimfavoriten.html\">WM-Check: Erling Haaland und Norwegen werden zum Geheimfavoriten<\/a><\/strong><\/p>\n\n\n\n<p class=\"has-medium-font-size\">27.04.2026 at 20:46<\/p>\n\n\n\n<p class=\"has-small-font-size\">Norwegen hat es endlich wieder zu einer WM geschafft. Der Jubel im Land kennt keine Grenzen \u2013 und die Hoffnungen auf ein erfolgreiches Turnier sind gro\u00df.<\/p>\n<\/div><\/div>\n\n\n\n<div class=\"wp-block-group\" style=\"margin-top:var(--wp--preset--spacing--30);margin-bottom:var(--wp--preset--spacing--30);padding-top:var(--wp--preset--spacing--30);padding-right:var(--wp--preset--spacing--30);padding-bottom:var(--wp--preset--spacing--30);padding-left:var(--wp--preset--spacing--30)\"><div class=\"wp-block-group__inner-container is-layout-constrained wp-container-core-group-is-layout-40cadcaa wp-block-group-is-layout-constrained\">\n<figure class=\"wp-block-image\"><a target=\"_blank\" href=\"https:\/\/www.t-online.de\/sport\/fussball\/bundesliga\/id_101230570\/fc-koeln-said-el-mala-transfer-von-dfb-talent-zu-brighton-wohl-geplatzt.html\"><img decoding=\"async\" src=\"https:\/\/images.t-online.de\/2026\/04\/uKyWt1IAn8H-\/510x241:3234x1819\/fit-in\/1200x0\/said-el-mala-der-koelner-weckt-begierlichkeiten.jpg\" alt=\"FC K\u00f6ln: Sa\u00efd El Mala \u2013 Transfer von DFB-Talent zu Brighton wohl geplatzt\"\/><\/a><\/figure>\n\n\n\n<p><strong><a target=\"_blank\" href=\"https:\/\/www.t-online.de\/sport\/fussball\/bundesliga\/id_101230570\/fc-koeln-said-el-mala-transfer-von-dfb-talent-zu-brighton-wohl-geplatzt.html\">FC K\u00f6ln: Sa\u00efd El Mala \u2013 Transfer von DFB-Talent zu Brighton wohl geplatzt<\/a><\/strong><\/p>\n\n\n\n<p class=\"has-medium-font-size\">27.04.2026 at 20:03<\/p>\n\n\n\n<p class=\"has-small-font-size\">Eigentlich schien alles auf einen Wechsel zum Brighton &amp; Hove Albion hinauszulaufen. Doch nun scheint die Zukunft von K\u00f6lns Jungstar Sa\u00efd El Mala wieder offen.<\/p>\n<\/div><\/div>\n\n\n\n<div class=\"wp-block-group\" style=\"margin-top:var(--wp--preset--spacing--30);margin-bottom:var(--wp--preset--spacing--30);padding-top:var(--wp--preset--spacing--30);padding-right:var(--wp--preset--spacing--30);padding-bottom:var(--wp--preset--spacing--30);padding-left:var(--wp--preset--spacing--30)\"><div class=\"wp-block-group__inner-container is-layout-constrained wp-container-core-group-is-layout-40cadcaa wp-block-group-is-layout-constrained\">\n<figure class=\"wp-block-image\"><a target=\"_blank\" href=\"https:\/\/www.t-online.de\/sport\/fussball\/bundesliga\/fc-bayern-muenchen\/id_101230496\/fc-bayern-zaragoza-kehrt-im-sommer-wohl-zurueck-as-rom-zieht-option-nicht.html\"><img decoding=\"async\" src=\"https:\/\/images.t-online.de\/2026\/04\/FoMp1xKizw6P\/1012x204:2985x1679\/fit-in\/1200x0\/28-072024-fussball-freundschaftsspiel-saison-2024-2025-1-fc-dueren-fc-bayern-muenchen-im-karl-knipprath-stadion-in-juelich-bryan-zaragoza-fc-bayern-muenchen-17-auf-dem-weg-zum-spielfeld-foto-kirchner-media-th-28-07-2024-football-friendly-match-season-2024-2025-1-fc-dueren-fc-bayern-muenchen-at-karl-knipprath-stadium-in-juelich-bryan-zaragoza-fc-bayern-muenchen-17-on-the-way-to-the-pitch-photo-kirchner-media-th-copyright-xkirchner-media-thx.jpg\" alt=\"FC Bayern: Zaragoza kehrt im Sommer wohl zur\u00fcck \u2013 AS Rom zieht Option nicht\"\/><\/a><\/figure>\n\n\n\n<p><strong><a target=\"_blank\" href=\"https:\/\/www.t-online.de\/sport\/fussball\/bundesliga\/fc-bayern-muenchen\/id_101230496\/fc-bayern-zaragoza-kehrt-im-sommer-wohl-zurueck-as-rom-zieht-option-nicht.html\">FC Bayern: Zaragoza kehrt im Sommer wohl zur\u00fcck \u2013 AS Rom zieht Option nicht<\/a><\/strong><\/p>\n\n\n\n<p class=\"has-medium-font-size\">27.04.2026 at 19:51<\/p>\n\n\n\n<p class=\"has-small-font-size\">Der Kader des FC Bayern f\u00fcr die kommende Spielzeit nimmt Formen an. Einige Abg\u00e4nge stehen bereits fest. Bei einem verliehenen Spieler gibt es nun wohl Klarheit.<\/p>\n<\/div><\/div>\n\n\n\n<div class=\"wp-block-group\" style=\"margin-top:var(--wp--preset--spacing--30);margin-bottom:var(--wp--preset--spacing--30);padding-top:var(--wp--preset--spacing--30);padding-right:var(--wp--preset--spacing--30);padding-bottom:var(--wp--preset--spacing--30);padding-left:var(--wp--preset--spacing--30)\"><div class=\"wp-block-group__inner-container is-layout-constrained wp-container-core-group-is-layout-40cadcaa wp-block-group-is-layout-constrained\">\n<figure class=\"wp-block-image\"><a target=\"_blank\" href=\"https:\/\/www.t-online.de\/sport\/fussball\/bundesliga\/id_101230412\/fc-bayern-muenchen-karl-heinz-rummenigge-verraet-plan-mit-harry-kane.html\"><img decoding=\"async\" src=\"https:\/\/images.t-online.de\/2026\/04\/7VaZbUTM4zK0\/200x45:1528x860\/fit-in\/1200x0\/fussball-maenner-dfb-pokal-bayer-leverkusen-bayern-muenchen-halbfinale-bayarena-harry-kane-bayern-muenchen-jubelt-nach-seinem-tor-zum-0-1-der-torjaeger-soll-seinen-vertrag-beim-fc-bayern-ueber-2027-hinaus-verlaengern-zu-dpa-rummenigge-nennt-zeitplan-bei-kane-und-ein-klares-ziel.jpg\" alt=\"FC Bayern M\u00fcnchen: Karl-Heinz Rummenigge verr\u00e4t Plan mit Harry Kane\"\/><\/a><\/figure>\n\n\n\n<p><strong><a target=\"_blank\" href=\"https:\/\/www.t-online.de\/sport\/fussball\/bundesliga\/id_101230412\/fc-bayern-muenchen-karl-heinz-rummenigge-verraet-plan-mit-harry-kane.html\">FC Bayern M\u00fcnchen: Karl-Heinz Rummenigge verr\u00e4t Plan mit Harry Kane<\/a><\/strong><\/p>\n\n\n\n<p class=\"has-medium-font-size\">27.04.2026 at 18:35<\/p>\n\n\n\n<p class=\"has-small-font-size\">Der 100-Millionen-Euro-Transfer von Harry Kane hat sich f\u00fcr den FC Bayern als gutes Gesch\u00e4ft erwiesen. 2027 l\u00e4uft der Vertrag des Engl\u00e4nders aus. Es soll aber nicht das Ende in M\u00fcnchen sein.<\/p>\n<\/div><\/div>\n\n\n\n<div class=\"wp-block-group\" style=\"margin-top:var(--wp--preset--spacing--30);margin-bottom:var(--wp--preset--spacing--30);padding-top:var(--wp--preset--spacing--30);padding-right:var(--wp--preset--spacing--30);padding-bottom:var(--wp--preset--spacing--30);padding-left:var(--wp--preset--spacing--30)\"><div class=\"wp-block-group__inner-container is-layout-constrained wp-container-core-group-is-layout-40cadcaa wp-block-group-is-layout-constrained\">\n<figure class=\"wp-block-image\"><a target=\"_blank\" href=\"https:\/\/www.t-online.de\/sport\/fussball\/international\/id_101230130\/-untroestlich-xavi-simons-verpasst-die-fussball-wm.html\"><img decoding=\"async\" src=\"https:\/\/images.t-online.de\/2026\/04\/BDriMSicpdu9\/0x125:2048x1152\/fit-in\/1200x0\/xavi-simons-r-faellt-fuer-die-wm-aus.jpg\" alt=\"\u00abUntr\u00f6stlich\u00bb: Xavi Simons verpasst die Fu\u00dfball-WM\"\/><\/a><\/figure>\n\n\n\n<p><strong><a target=\"_blank\" href=\"https:\/\/www.t-online.de\/sport\/fussball\/international\/id_101230130\/-untroestlich-xavi-simons-verpasst-die-fussball-wm.html\">\u00abUntr\u00f6stlich\u00bb: Xavi Simons verpasst die Fu\u00dfball-WM<\/a><\/strong><\/p>\n\n\n\n<p class=\"has-medium-font-size\">27.04.2026 at 18:10<\/p>\n\n\n\n<p class=\"has-small-font-size\">Die Niederlande m\u00fcssen bei der Weltmeisterschaft im Sommer auf ihren Offensivstar Xavi Simons verzichten.<\/p>\n<\/div><\/div>\n\n\n\n<div class=\"wp-block-group\" style=\"margin-top:var(--wp--preset--spacing--30);margin-bottom:var(--wp--preset--spacing--30);padding-top:var(--wp--preset--spacing--30);padding-right:var(--wp--preset--spacing--30);padding-bottom:var(--wp--preset--spacing--30);padding-left:var(--wp--preset--spacing--30)\"><div class=\"wp-block-group__inner-container is-layout-constrained wp-container-core-group-is-layout-40cadcaa wp-block-group-is-layout-constrained\">\n<figure class=\"wp-block-image\"><a target=\"_blank\" href=\"https:\/\/www.t-online.de\/sport\/wintersport\/id_101230294\/wintersport-deutsches-ski-ass-sebastian-holzmann-verkuendet-ruecktritt.html\"><img decoding=\"async\" src=\"https:\/\/images.t-online.de\/2026\/04\/VsCoUPjBT0Th\/570x103:3134x1763\/fit-in\/1200x0\/alpine-skiing-fis-wc-wengen-wengen-switzerland-18-jan-26-alpine-skiing-fis-world-cup-slalom-men-image-shows-sebastian-holzmann-ger-publicationxnotxinxautxsuixswe-gepaxpictures-xmathiasxmandl.jpg\" alt=\"Wintersport: Deutsches Ski-Ass Sebastian Holzmann verk\u00fcndet R\u00fccktritt\"\/><\/a><\/figure>\n\n\n\n<p><strong><a target=\"_blank\" href=\"https:\/\/www.t-online.de\/sport\/wintersport\/id_101230294\/wintersport-deutsches-ski-ass-sebastian-holzmann-verkuendet-ruecktritt.html\">Wintersport: Deutsches Ski-Ass Sebastian Holzmann verk\u00fcndet R\u00fccktritt<\/a><\/strong><\/p>\n\n\n\n<p class=\"has-medium-font-size\">27.04.2026 at 18:05<\/p>\n\n\n\n<p class=\"has-small-font-size\">Sebastian Holzmann beendet seine Karriere nach zw\u00f6lf Jahren im Weltcup. Wie es f\u00fcr ihn weitergeht, l\u00e4sst er noch offen.<\/p>\n<\/div><\/div>\n\n\n\n<div class=\"wp-block-group\" style=\"margin-top:var(--wp--preset--spacing--30);margin-bottom:var(--wp--preset--spacing--30);padding-top:var(--wp--preset--spacing--30);padding-right:var(--wp--preset--spacing--30);padding-bottom:var(--wp--preset--spacing--30);padding-left:var(--wp--preset--spacing--30)\"><div class=\"wp-block-group__inner-container is-layout-constrained wp-container-core-group-is-layout-40cadcaa wp-block-group-is-layout-constrained\">\n<figure class=\"wp-block-image\"><a target=\"_blank\" href=\"https:\/\/www.t-online.de\/sport\/formel-1\/id_101230370\/sebastian-vettel-ex-formel-1-star-beeindruckt-bei-london-marathon.html\"><img decoding=\"async\" src=\"https:\/\/images.t-online.de\/2026\/04\/RM3JB619sRnK\/190x198:3810x2143\/fit-in\/1200x0\/sebastian-vettel-er-beendet-im-jahr-2022-seine-formel-1-karriere.jpg\" alt=\"Sebastian Vettel: Ex-Formel-1-Star beeindruckt bei London-Marathon\"\/><\/a><\/figure>\n\n\n\n<p><strong><a target=\"_blank\" href=\"https:\/\/www.t-online.de\/sport\/formel-1\/id_101230370\/sebastian-vettel-ex-formel-1-star-beeindruckt-bei-london-marathon.html\">Sebastian Vettel: Ex-Formel-1-Star beeindruckt bei London-Marathon<\/a><\/strong><\/p>\n\n\n\n<p class=\"has-medium-font-size\">27.04.2026 at 18:02<\/p>\n\n\n\n<p class=\"has-small-font-size\">Nach dem Ende seiner Formel-1-Karriere sucht sich Sebastian Vettel neue Bet\u00e4tigungsfelder. Bei seinem ersten Marathon wei\u00df er gleich zu beeindrucken.<\/p>\n<\/div><\/div>\n\n\n\n<div class=\"wp-block-group\" style=\"margin-top:var(--wp--preset--spacing--30);margin-bottom:var(--wp--preset--spacing--30);padding-top:var(--wp--preset--spacing--30);padding-right:var(--wp--preset--spacing--30);padding-bottom:var(--wp--preset--spacing--30);padding-left:var(--wp--preset--spacing--30)\"><div class=\"wp-block-group__inner-container is-layout-constrained wp-container-core-group-is-layout-40cadcaa wp-block-group-is-layout-constrained\">\n<figure class=\"wp-block-image\"><a target=\"_blank\" href=\"https:\/\/www.t-online.de\/sport\/fussball\/international\/id_101230436\/-schande-brutale-torwart-attacke-empoert-spanien.html\"><img decoding=\"async\" src=\"https:\/\/images.t-online.de\/2026\/04\/LOb0jYFA9sRR\/0x107:2048x1152\/fit-in\/1200x0\/andrada-spielte-viermal-fuer-die-argentinische-nationalelf-archivbild.jpg\" alt=\"\u00abSchande\u00bb: Brutale Torwart-Attacke emp\u00f6rt Spanien\"\/><\/a><\/figure>\n\n\n\n<p><strong><a target=\"_blank\" href=\"https:\/\/www.t-online.de\/sport\/fussball\/international\/id_101230436\/-schande-brutale-torwart-attacke-empoert-spanien.html\">\u00abSchande\u00bb: Brutale Torwart-Attacke emp\u00f6rt Spanien<\/a><\/strong><\/p>\n\n\n\n<p class=\"has-medium-font-size\">27.04.2026 at 18:00<\/p>\n\n\n\n<p class=\"has-small-font-size\">Im Abstiegskampf liegen bei den Fu\u00dfball-Profis oft die Nerven blank.<\/p>\n<\/div><\/div>\n\n\n\n<div class=\"wp-block-group\" style=\"margin-top:var(--wp--preset--spacing--30);margin-bottom:var(--wp--preset--spacing--30);padding-top:var(--wp--preset--spacing--30);padding-right:var(--wp--preset--spacing--30);padding-bottom:var(--wp--preset--spacing--30);padding-left:var(--wp--preset--spacing--30)\"><div class=\"wp-block-group__inner-container is-layout-constrained wp-container-core-group-is-layout-40cadcaa wp-block-group-is-layout-constrained\">\n<figure class=\"wp-block-image\"><a target=\"_blank\" href=\"https:\/\/www.t-online.de\/sport\/fussball\/bundesliga\/id_101230374\/fc-bayern-das-sagt-karl-heinz-rummenigge-zu-spekulationen-um-thomas-mueller.html\"><img decoding=\"async\" src=\"https:\/\/images.t-online.de\/2026\/04\/y3PxyIZHQYjK\/0x83:3810x2143\/fit-in\/1200x0\/28-022026-fussball-major-league-soccer-mls-fussball-herren-usa-2026-kanada-usa-2-spieltag-vancouver-whitecaps-fc-toronto-fc-im-bc-place-stadium-vancouver-thomas-mueller-vancouver-bei-der-aufstellung-der-mannschaften-vor-dem-spiel-28-02-2026-football-major-league-soccer-mls-2026-canada-usa-matchday-2-vancouver-whitecaps-fc-toronto-fc-at-bc-place-stadium-vancouver-thomas-mueller-vancouver-at-the-team-line-up-before-the-match.jpg\" alt=\"FC Bayern: Das sagt Karl-Heinz Rummenigge zu Spekulationen um Thomas M\u00fcller\"\/><\/a><\/figure>\n\n\n\n<p><strong><a target=\"_blank\" href=\"https:\/\/www.t-online.de\/sport\/fussball\/bundesliga\/id_101230374\/fc-bayern-das-sagt-karl-heinz-rummenigge-zu-spekulationen-um-thomas-mueller.html\">FC Bayern: Das sagt Karl-Heinz Rummenigge zu Spekulationen um Thomas M\u00fcller<\/a><\/strong><\/p>\n\n\n\n<p class=\"has-medium-font-size\">27.04.2026 at 17:56<\/p>\n\n\n\n<p class=\"has-small-font-size\">Karl-Heinz Rummenigge d\u00e4mpft Erwartungen an eine baldige R\u00fcckkehr von Thomas M\u00fcller zum FC Bayern. Er hat einen klaren Ratschlag.<\/p>\n<\/div><\/div>\n\n\n\n<div class=\"wp-block-group\" style=\"margin-top:var(--wp--preset--spacing--30);margin-bottom:var(--wp--preset--spacing--30);padding-top:var(--wp--preset--spacing--30);padding-right:var(--wp--preset--spacing--30);padding-bottom:var(--wp--preset--spacing--30);padding-left:var(--wp--preset--spacing--30)\"><div class=\"wp-block-group__inner-container is-layout-constrained wp-container-core-group-is-layout-40cadcaa wp-block-group-is-layout-constrained\">\n<figure class=\"wp-block-image\"><a target=\"_blank\" href=\"https:\/\/www.t-online.de\/sport\/fussball\/bundesliga\/fc-bayern-muenchen\/id_101228728\/fc-bayern-karl-heinz-rummenigge-erklaert-michael-olise-fuer-unverkaeuflich.html\"><img decoding=\"async\" src=\"https:\/\/images.t-online.de\/2026\/04\/jCsNIN3NKln5\/0x531:3134x1763\/fit-in\/1200x0\/karl-heinz-rummenigge-der-langjaehrige-vorstandschef-des-fc-bayern-sitzt-immer-noch-im-aufsichtsrat-des-klubs.jpg\" alt=\"FC Bayern: Karl-Heinz Rummenigge erkl\u00e4rt Michael Olise f\u00fcr unverk\u00e4uflich\"\/><\/a><\/figure>\n\n\n\n<p><strong><a target=\"_blank\" href=\"https:\/\/www.t-online.de\/sport\/fussball\/bundesliga\/fc-bayern-muenchen\/id_101228728\/fc-bayern-karl-heinz-rummenigge-erklaert-michael-olise-fuer-unverkaeuflich.html\">FC Bayern: Karl-Heinz Rummenigge erkl\u00e4rt Michael Olise f\u00fcr unverk\u00e4uflich<\/a><\/strong><\/p>\n\n\n\n<p class=\"has-medium-font-size\">27.04.2026 at 16:22<\/p>\n\n\n\n<p class=\"has-small-font-size\">Im gro\u00dfen t-online-Interview gibt Karl-Heinz Rummenigge vor dem Duell des FC Bayern mit Paris Saint-Germain spannende Einblicke in die Zukunftsplanungen des Vereins. Einen Star erkl\u00e4rt er f\u00fcr unverk\u00e4uflich.<\/p>\n<\/div><\/div>\n\n\n\n<div class=\"wp-block-group\" style=\"margin-top:var(--wp--preset--spacing--30);margin-bottom:var(--wp--preset--spacing--30);padding-top:var(--wp--preset--spacing--30);padding-right:var(--wp--preset--spacing--30);padding-bottom:var(--wp--preset--spacing--30);padding-left:var(--wp--preset--spacing--30)\"><div class=\"wp-block-group__inner-container is-layout-constrained wp-container-core-group-is-layout-40cadcaa wp-block-group-is-layout-constrained\">\n<figure class=\"wp-block-image\"><a target=\"_blank\" href=\"https:\/\/www.t-online.de\/sport\/fussball\/international\/id_101230120\/wm-2026-xavi-simons-aeussert-sich-zu-wm-aus.html\"><img decoding=\"async\" src=\"https:\/\/images.t-online.de\/2026\/04\/61WSoOv7z1Hw\/1093x439:2578x1450\/fit-in\/1200x0\/football-premier-league-wolverhampton-wanderers-v-tottenham-hotspur-25th-april-2026-premier-league-wolverhampton-wanderers-v-tottenham-hotspur-xavi-simons-of-tottenham-hotspur-is-taken-away-injured-on-a-stretcher-photo-simon-stacpoole-offside-wolverhampton-uk-fussball-premier-league-wolverhampton-wanderers-v-tottenham-hotspur-25-april-2026-premier-league-wolverhampton-wanderers-v-tottenham-hotspur-xavi-simons-von-tottenham-hotspur-wird-verletzt-auf-einer-bahre-abtransportiert-foto-simon-st.jpg\" alt=\"WM 2026: Xavi Simons \u00e4u\u00dfert sich zu WM-Aus\"\/><\/a><\/figure>\n\n\n\n<p><strong><a target=\"_blank\" href=\"https:\/\/www.t-online.de\/sport\/fussball\/international\/id_101230120\/wm-2026-xavi-simons-aeussert-sich-zu-wm-aus.html\">WM 2026: Xavi Simons \u00e4u\u00dfert sich zu WM-Aus<\/a><\/strong><\/p>\n\n\n\n<p class=\"has-medium-font-size\">27.04.2026 at 15:46<\/p>\n\n\n\n<p class=\"has-small-font-size\">Xavi Simons zieht sich beim Spiel gegen Wolverhampton eine schwere Knieverletzung zu und f\u00e4llt f\u00fcr die WM aus. Der fr\u00fchere Leipzig-Profi meldet sich zu Wort.<\/p>\n<\/div><\/div>\n\n\n\n<div class=\"wp-block-group\" style=\"margin-top:var(--wp--preset--spacing--30);margin-bottom:var(--wp--preset--spacing--30);padding-top:var(--wp--preset--spacing--30);padding-right:var(--wp--preset--spacing--30);padding-bottom:var(--wp--preset--spacing--30);padding-left:var(--wp--preset--spacing--30)\"><div class=\"wp-block-group__inner-container is-layout-constrained wp-container-core-group-is-layout-40cadcaa wp-block-group-is-layout-constrained\">\n<figure class=\"wp-block-image\"><a target=\"_blank\" href=\"https:\/\/www.t-online.de\/sport\/fussball\/international\/id_101229660\/vancouver-whitecaps-klub-von-thomas-mueller-droht-umzug-fans-protestieren.html\"><img decoding=\"async\" src=\"https:\/\/images.t-online.de\/2026\/04\/y3PxyIZHQYjK\/95x98:3810x2143\/fit-in\/1200x0\/28-022026-fussball-major-league-soccer-mls-fussball-herren-usa-2026-kanada-usa-2-spieltag-vancouver-whitecaps-fc-toronto-fc-im-bc-place-stadium-vancouver-thomas-mueller-vancouver-bei-der-aufstellung-der-mannschaften-vor-dem-spiel-28-02-2026-football-major-league-soccer-mls-2026-canada-usa-matchday-2-vancouver-whitecaps-fc-toronto-fc-at-bc-place-stadium-vancouver-thomas-mueller-vancouver-at-the-team-line-up-before-the-match.jpg\" alt=\"Vancouver Whitecaps: Klub von Thomas M\u00fcller droht Umzug \u2013 Fans protestieren\"\/><\/a><\/figure>\n\n\n\n<p><strong><a target=\"_blank\" href=\"https:\/\/www.t-online.de\/sport\/fussball\/international\/id_101229660\/vancouver-whitecaps-klub-von-thomas-mueller-droht-umzug-fans-protestieren.html\">Vancouver Whitecaps: Klub von Thomas M\u00fcller droht Umzug \u2013 Fans protestieren<\/a><\/strong><\/p>\n\n\n\n<p class=\"has-medium-font-size\">27.04.2026 at 14:52<\/p>\n\n\n\n<p class=\"has-small-font-size\">Thomas M\u00fcller f\u00fchlt sich bei den Whitecaps und in Vancouver wohl. Es droht aber eine gro\u00dfe Ver\u00e4nderung, gegen die Fans nun lautstark protestieren.<\/p>\n<\/div><\/div>\n\n\n\n<div class=\"wp-block-group\" style=\"margin-top:var(--wp--preset--spacing--30);margin-bottom:var(--wp--preset--spacing--30);padding-top:var(--wp--preset--spacing--30);padding-right:var(--wp--preset--spacing--30);padding-bottom:var(--wp--preset--spacing--30);padding-left:var(--wp--preset--spacing--30)\"><div class=\"wp-block-group__inner-container is-layout-constrained wp-container-core-group-is-layout-40cadcaa wp-block-group-is-layout-constrained\">\n<figure class=\"wp-block-image\"><a target=\"_blank\" href=\"https:\/\/www.t-online.de\/sport\/mehr-sport\/leichtathletik\/id_101229870\/london-marathon-eilish-mccolgan-kommt-mit-blutueberstroemtem-fuss-ins-ziel.html\"><img decoding=\"async\" src=\"https:\/\/images.t-online.de\/2026\/04\/JWAyousuD12C\/409x358:1614x908\/fit-in\/1200x0\/record-date-not-stated-26th-april-2026-london-england-2026-london-marathon-eilish-mccolgan-of-great-britain-competes-during-the-2026-tcs-london-marathon-henningxvonxjagow.jpg\" alt=\"London Marathon: Eilish McColgan kommt mit blut\u00fcberstr\u00f6mtem Fu\u00df ins Ziel\"\/><\/a><\/figure>\n\n\n\n<p><strong><a target=\"_blank\" href=\"https:\/\/www.t-online.de\/sport\/mehr-sport\/leichtathletik\/id_101229870\/london-marathon-eilish-mccolgan-kommt-mit-blutueberstroemtem-fuss-ins-ziel.html\">London Marathon: Eilish McColgan kommt mit blut\u00fcberstr\u00f6mtem Fu\u00df ins Ziel<\/a><\/strong><\/p>\n\n\n\n<p class=\"has-medium-font-size\">27.04.2026 at 14:49<\/p>\n\n\n\n<p class=\"has-small-font-size\">Eilish McColgan beendete den London-Marathon trotz blut\u00fcberstr\u00f6mten Fu\u00dfes als beste Britin. Ob sie im Juli bei den Commonwealth Games starten kann, ist noch offen.<\/p>\n<\/div><\/div>\n\n\n\n<div class=\"wp-block-group\" style=\"margin-top:var(--wp--preset--spacing--30);margin-bottom:var(--wp--preset--spacing--30);padding-top:var(--wp--preset--spacing--30);padding-right:var(--wp--preset--spacing--30);padding-bottom:var(--wp--preset--spacing--30);padding-left:var(--wp--preset--spacing--30)\"><div class=\"wp-block-group__inner-container is-layout-constrained wp-container-core-group-is-layout-40cadcaa wp-block-group-is-layout-constrained\">\n<figure class=\"wp-block-image\"><a target=\"_blank\" href=\"https:\/\/www.t-online.de\/sport\/mehr-sport\/id_101230082\/leon-draisaitl-und-marco-sturm-vor-playoff-aus-in-der-nhl.html\"><img decoding=\"async\" src=\"https:\/\/images.t-online.de\/2026\/04\/CjPpG3kSjjgm\/0x107:2048x1152\/fit-in\/1200x0\/leon-draisaitl-verlor-mit-edmonton-zum-dritten-mal-gegen-anaheim.jpg\" alt=\"Leon Draisaitl und Marco Sturm vor Playoff-Aus in der NHL\"\/><\/a><\/figure>\n\n\n\n<p><strong><a target=\"_blank\" href=\"https:\/\/www.t-online.de\/sport\/mehr-sport\/id_101230082\/leon-draisaitl-und-marco-sturm-vor-playoff-aus-in-der-nhl.html\">Leon Draisaitl und Marco Sturm vor Playoff-Aus in der NHL<\/a><\/strong><\/p>\n\n\n\n<p class=\"has-medium-font-size\">27.04.2026 at 14:39<\/p>\n\n\n\n<p class=\"has-small-font-size\">Leon Draisaitl verliert mit Edmonton in den NHL-Playoffs zum dritten Mal gegen Anaheim und steht vor dem Aus.<\/p>\n<\/div><\/div>\n\n\n\n<div class=\"wp-block-group\" style=\"margin-top:var(--wp--preset--spacing--30);margin-bottom:var(--wp--preset--spacing--30);padding-top:var(--wp--preset--spacing--30);padding-right:var(--wp--preset--spacing--30);padding-bottom:var(--wp--preset--spacing--30);padding-left:var(--wp--preset--spacing--30)\"><div class=\"wp-block-group__inner-container is-layout-constrained wp-container-core-group-is-layout-40cadcaa wp-block-group-is-layout-constrained\">\n<figure class=\"wp-block-image\"><a target=\"_blank\" href=\"https:\/\/www.t-online.de\/sport\/fussball\/bundesliga\/id_101229818\/borussia-dortmund-bvb-fertigt-den-sc-freiburg-in-der-bundesliga-ab.html\"><img decoding=\"async\" src=\"https:\/\/images.t-online.de\/2026\/04\/8ATMFvnL5s9z\/343x80:1095x616\/fit-in\/1200x0\/deutschland-fussball-bundesliga-2025-2026-31-spieltag-bvb-borussia-dortmund-vs-sc-freiburg-signal-iduna-park-dortmund-tor-und-torjubel-zum-3-0-durch-ramy-bensebaini-ramy-bensebaini-borussia-dortmund-5-freude-emotionen-jubel-geste-gestik-emotion-waldemar-anton-borussia-dortmund-3-germany-soccer-bundesliga-2025-2026-31-matchday-bvb-borussia-dortmund-vs-sc-freiburg-signal-iduna-park-dortmund-goal-and-goal-celebration-to-3-0-by-ramy-bensebaini-ramy-bensebaini-borussia-dortmund-5-joy.jpg\" alt=\"Borussia Dortmund: BVB fertigt den SC Freiburg in der Bundesliga ab\"\/><\/a><\/figure>\n\n\n\n<p><strong><a target=\"_blank\" href=\"https:\/\/www.t-online.de\/sport\/fussball\/bundesliga\/id_101229818\/borussia-dortmund-bvb-fertigt-den-sc-freiburg-in-der-bundesliga-ab.html\">Borussia Dortmund: BVB fertigt den SC Freiburg in der Bundesliga ab<\/a><\/strong><\/p>\n\n\n\n<p class=\"has-medium-font-size\">27.04.2026 at 14:32<\/p>\n\n\n\n<p class=\"has-small-font-size\">Schon nach rund 30 Minuten hat Dortmund den Deckel auf die Partie gemacht. Freiburg kommt nicht mehr heran und muss einen R\u00fcckschlag im Europa-Rennen hinnehmen.<\/p>\n<\/div><\/div>\n\n\n\n<div class=\"wp-block-group\" style=\"margin-top:var(--wp--preset--spacing--30);margin-bottom:var(--wp--preset--spacing--30);padding-top:var(--wp--preset--spacing--30);padding-right:var(--wp--preset--spacing--30);padding-bottom:var(--wp--preset--spacing--30);padding-left:var(--wp--preset--spacing--30)\"><div class=\"wp-block-group__inner-container is-layout-constrained wp-container-core-group-is-layout-40cadcaa wp-block-group-is-layout-constrained\">\n<figure class=\"wp-block-image\"><a target=\"_blank\" href=\"https:\/\/www.t-online.de\/sport\/fussball\/dfb-pokal\/id_101229782\/dfb-pokal-ittrich-staerkt-schiedsrichter-tobias-welz-nach-kritik.html\"><img decoding=\"async\" src=\"https:\/\/images.t-online.de\/2026\/04\/pUQcxfXTa0Vd\/476x108:1980x1113\/fit-in\/1200x0\/schiedsrichter-tobias-welz-l-neben-maximilian-eggestein-die-beiden-waren-sich-uneins.jpg\" alt=\"DFB-Pokal: Ittrich st\u00e4rkt Schiedsrichter Tobias Welz nach Kritik\"\/><\/a><\/figure>\n\n\n\n<p><strong><a target=\"_blank\" href=\"https:\/\/www.t-online.de\/sport\/fussball\/dfb-pokal\/id_101229782\/dfb-pokal-ittrich-staerkt-schiedsrichter-tobias-welz-nach-kritik.html\">DFB-Pokal: Ittrich st\u00e4rkt Schiedsrichter Tobias Welz nach Kritik<\/a><\/strong><\/p>\n\n\n\n<p class=\"has-medium-font-size\">27.04.2026 at 14:31<\/p>\n\n\n\n<p class=\"has-small-font-size\">Nach dem DFB-Pokal-Halbfinale zwischen Stuttgart und Freiburg ger\u00e4t Schiedsrichter Tobias Welz in die Kritik. Ein Kollege st\u00e4rkt ihm nun den R\u00fccken.<\/p>\n<\/div><\/div>\n\n\n\n<div class=\"wp-block-group\" style=\"margin-top:var(--wp--preset--spacing--30);margin-bottom:var(--wp--preset--spacing--30);padding-top:var(--wp--preset--spacing--30);padding-right:var(--wp--preset--spacing--30);padding-bottom:var(--wp--preset--spacing--30);padding-left:var(--wp--preset--spacing--30)\"><div class=\"wp-block-group__inner-container is-layout-constrained wp-container-core-group-is-layout-40cadcaa wp-block-group-is-layout-constrained\">\n<figure class=\"wp-block-image\"><a target=\"_blank\" href=\"https:\/\/www.t-online.de\/sport\/fussball\/international\/id_101229766\/york-city-hiram-boateng-boxt-nach-aufstieg-gegen-rochdale-fan-nieder.html\"><img decoding=\"async\" src=\"https:\/\/images.t-online.de\/2026\/04\/iVrhEQgtrzLx\/383x302:2736x1539\/fit-in\/1200x0\/rochdale-v-york-city-enterprise-national-league-york-city-players-celebrate-after-scoring-to-make-it-1-1-during-the-enterprise-national-league-match-between-rochdale-and-york-city-at-spotland-stadium-in-rochdale-united-kingdom-on-april-25-2026-rochdale-greater-manchester-united-manu-kingdom-publicationxnotxinxfra-copyright-xmixnewsx-originalfilename-fletcher-rochdale260425-npwpz-jpg.jpg\" alt=\"York City: Hiram Boateng boxt nach Aufstieg gegen Rochdale Fan nieder\"\/><\/a><\/figure>\n\n\n\n<p><strong><a target=\"_blank\" href=\"https:\/\/www.t-online.de\/sport\/fussball\/international\/id_101229766\/york-city-hiram-boateng-boxt-nach-aufstieg-gegen-rochdale-fan-nieder.html\">York City: Hiram Boateng boxt nach Aufstieg gegen Rochdale Fan nieder<\/a><\/strong><\/p>\n\n\n\n<p class=\"has-medium-font-size\">27.04.2026 at 14:30<\/p>\n\n\n\n<p class=\"has-small-font-size\">York City feiert einen der turbulentesten Aufstiege in der Fu\u00dfball-Historie. Danach wird der Erfolg jedoch von einem brutalen Vorfall \u00fcberschattet.<\/p>\n<\/div><\/div>\n\n\n\n<div class=\"wp-block-group\" style=\"margin-top:var(--wp--preset--spacing--30);margin-bottom:var(--wp--preset--spacing--30);padding-top:var(--wp--preset--spacing--30);padding-right:var(--wp--preset--spacing--30);padding-bottom:var(--wp--preset--spacing--30);padding-left:var(--wp--preset--spacing--30)\"><div class=\"wp-block-group__inner-container is-layout-constrained wp-container-core-group-is-layout-40cadcaa wp-block-group-is-layout-constrained\">\n<figure class=\"wp-block-image\"><a target=\"_blank\" href=\"https:\/\/www.t-online.de\/sport\/fussball\/international\/id_101229832\/gianluigi-buffon-ex-juventus-star-spricht-ueber-depression-diagnose.html\"><img decoding=\"async\" src=\"https:\/\/images.t-online.de\/2026\/04\/0dgHkOI3P5rq\/36x0:1866x1049\/fit-in\/1200x0\/torwart-gianluigi-buffon-juventus-fussball-ec-1-herren-champions-league-2004-2005-juventus-turin-juve-vdig-einzelbild-muenchen.jpg\" alt=\"Gianluigi Buffon: Ex-Juventus-Star spricht \u00fcber Depression-Diagnose\"\/><\/a><\/figure>\n\n\n\n<p><strong><a target=\"_blank\" href=\"https:\/\/www.t-online.de\/sport\/fussball\/international\/id_101229832\/gianluigi-buffon-ex-juventus-star-spricht-ueber-depression-diagnose.html\">Gianluigi Buffon: Ex-Juventus-Star spricht \u00fcber Depression-Diagnose<\/a><\/strong><\/p>\n\n\n\n<p class=\"has-medium-font-size\">27.04.2026 at 14:27<\/p>\n\n\n\n<p class=\"has-small-font-size\">Jahrelang gilt Gianluigi Buffon als Ausnahmetorh\u00fcter. Er macht in seiner Biografie allerdings auch klar, dass er schwere Zeiten durchlebte.<\/p>\n<\/div><\/div>\n\n\n\n<div class=\"wp-block-group\" style=\"margin-top:var(--wp--preset--spacing--30);margin-bottom:var(--wp--preset--spacing--30);padding-top:var(--wp--preset--spacing--30);padding-right:var(--wp--preset--spacing--30);padding-bottom:var(--wp--preset--spacing--30);padding-left:var(--wp--preset--spacing--30)\"><div class=\"wp-block-group__inner-container is-layout-constrained wp-container-core-group-is-layout-40cadcaa wp-block-group-is-layout-constrained\">\n<figure class=\"wp-block-image\"><a target=\"_blank\" href=\"https:\/\/www.t-online.de\/sport\/mehr-sport\/id_101230044\/lakers-verlieren-klar-wembanyama-mit-gelungener-rueckkehr.html\"><img decoding=\"async\" src=\"https:\/\/images.t-online.de\/2026\/04\/ILxbG2bQFWIY\/0x85:2048x1152\/fit-in\/1200x0\/lebron-james-verlor-gegen-die-rockets-achtmal-den-ball.jpg\" alt=\"Lakers verlieren klar - Wembanyama mit gelungener R\u00fcckkehr\"\/><\/a><\/figure>\n\n\n\n<p><strong><a target=\"_blank\" href=\"https:\/\/www.t-online.de\/sport\/mehr-sport\/id_101230044\/lakers-verlieren-klar-wembanyama-mit-gelungener-rueckkehr.html\">Lakers verlieren klar &#8211; Wembanyama mit gelungener R\u00fcckkehr<\/a><\/strong><\/p>\n\n\n\n<p class=\"has-medium-font-size\">27.04.2026 at 14:19<\/p>\n\n\n\n<p class=\"has-small-font-size\">Die Los Angeles Lakers um Superstar LeBron James kassieren in den NBA-Playoffs eine deutliche Pleite in Houston.<\/p>\n<\/div><\/div>\n\n\n\n<div class=\"wp-block-group\" style=\"margin-top:var(--wp--preset--spacing--30);margin-bottom:var(--wp--preset--spacing--30);padding-top:var(--wp--preset--spacing--30);padding-right:var(--wp--preset--spacing--30);padding-bottom:var(--wp--preset--spacing--30);padding-left:var(--wp--preset--spacing--30)\"><div class=\"wp-block-group__inner-container is-layout-constrained wp-container-core-group-is-layout-40cadcaa wp-block-group-is-layout-constrained\">\n<figure class=\"wp-block-image\"><a target=\"_blank\" href=\"https:\/\/www.t-online.de\/sport\/fussball\/international\/id_101230032\/marco-reus-fuehrt-galaxy-mit-doppelpack-zum-sieg.html\"><img decoding=\"async\" src=\"https:\/\/images.t-online.de\/2026\/04\/OX579ItCqlWg\/0x107:2048x1152\/fit-in\/1200x0\/marcos-reus-erzielte-beim-sieg-seiner-galaxy-gegen-salt-lake-beide-tore-archivbild.jpg\" alt=\"Marco Reus f\u00fchrt Galaxy mit Doppelpack zum Sieg\"\/><\/a><\/figure>\n\n\n\n<p><strong><a target=\"_blank\" href=\"https:\/\/www.t-online.de\/sport\/fussball\/international\/id_101230032\/marco-reus-fuehrt-galaxy-mit-doppelpack-zum-sieg.html\">Marco Reus f\u00fchrt Galaxy mit Doppelpack zum Sieg<\/a><\/strong><\/p>\n\n\n\n<p class=\"has-medium-font-size\">27.04.2026 at 14:07<\/p>\n\n\n\n<p class=\"has-small-font-size\">Marco Reus gl\u00e4nzt in der US-Fu\u00dfballliga mit zwei Treffern.<\/p>\n<\/div><\/div>\n\n<\/div>","protected":false},"excerpt":{"rendered":"","protected":false},"author":1,"featured_media":0,"parent":0,"menu_order":0,"comment_status":"closed","ping_status":"closed","template":"","meta":{"footnotes":""},"class_list":["post-159","page","type-page","status-publish","hentry","entry"],"_links":{"self":[{"href":"https:\/\/mgreif.com\/news\/wp-json\/wp\/v2\/pages\/159","targetHints":{"allow":["GET"]}}],"collection":[{"href":"https:\/\/mgreif.com\/news\/wp-json\/wp\/v2\/pages"}],"about":[{"href":"https:\/\/mgreif.com\/news\/wp-json\/wp\/v2\/types\/page"}],"author":[{"embeddable":true,"href":"https:\/\/mgreif.com\/news\/wp-json\/wp\/v2\/users\/1"}],"replies":[{"embeddable":true,"href":"https:\/\/mgreif.com\/news\/wp-json\/wp\/v2\/comments?post=159"}],"version-history":[{"count":14,"href":"https:\/\/mgreif.com\/news\/wp-json\/wp\/v2\/pages\/159\/revisions"}],"predecessor-version":[{"id":1688,"href":"https:\/\/mgreif.com\/news\/wp-json\/wp\/v2\/pages\/159\/revisions\/1688"}],"wp:attachment":[{"href":"https:\/\/mgreif.com\/news\/wp-json\/wp\/v2\/media?parent=159"}],"curies":[{"name":"wp","href":"https:\/\/api.w.org\/{rel}","templated":true}]}}